{"id":16377,"date":"2026-03-13T14:49:13","date_gmt":"2026-03-13T14:49:13","guid":{"rendered":"https:\/\/www.visitcaerphilly.com\/?post_type=events&#038;p=16377"},"modified":"2026-03-13T14:52:29","modified_gmt":"2026-03-13T14:52:29","slug":"the-sound-of-music-youth-edition","status":"publish","type":"events","link":"https:\/\/www.visitcaerphilly.com\/cy\/digwyddiadau\/the-sound-of-music-youth-edition\/","title":{"rendered":"The Sound of Music &#8211; Youth Edition"},"content":{"rendered":"\n\n\t<div class=\"wrapper\">\n\t\t\t\t\t<div class=\" single-featured-image\">\t\n\t\t\t\t<img decoding=\"async\" src=\"https:\/\/www.visitcaerphilly.com\/wp-content\/uploads\/2026\/03\/The-Sound-of-Music-Youth-Edition-Blackwood-Miners-Institute.jpg\" alt=\"\" \/>\n\t\t\t\t<div class=\"video-tagline\">\n\t\t\t\t\t\t\t\t\t<\/div>\n\t\t\t<\/div>\n\t\t\t<\/div>\n\n\n\n\n\t<section id=\"\" class=\"block text-block\">\n\t\t<div class=\"wrapper\">\n\t\t\t<h3><a href=\"https:\/\/www.blackwoodminersinstitute.com\/cy\/whats-on\/the-sound-of-music-youth-edition\/\">Archebwch eich tocynnau yma!<\/a><\/h3>\n<p>Un o\u2019r sioeau cerdd mwyaf annwyl erioed! Yn Awstria, 1938, mae llywodraethwraig ifanc egn\u00efol yn dod \u00e2 cherddoriaeth a llawenydd yn \u00f4l i deulu toredig, dim ond i wynebu perygl a chynllwyn wrth i\u2019r Nats\u00efaid ennill p\u0175er.<\/p>\n\t\t<\/div>\n\t<\/section>\n\t\n\n<script src=\"https:\/\/maps.googleapis.com\/maps\/api\/js?key=AIzaSyCNYY6aenor9lbT84cYrEb5gzYo8p_fKiU\"><\/script>\n<script src=\"https:\/\/unpkg.com\/@googlemaps\/markerclusterer\/dist\/index.min.js\"><\/script>\n<script src=\"https:\/\/cdnjs.cloudflare.com\/ajax\/libs\/OverlappingMarkerSpiderfier\/1.0.3\/oms.min.js\"><\/script>\n\n<script type=\"text\/javascript\">\n(function($) {\n\n    \/\/ Init all maps\n    $(document).ready(function() {\n\t\t$('.acf-map').each(function(i, el) {\n\t\t\tsetTimeout(() => {\n\t\t\t\tinitMap($(el));\n\t\t\t}, i * 200); \/\/ stagger loading slightly per map\n\t\t});\n\t});\n\n    \/\/ Initialize individual map\n    function initMap($el) {\n        var $markers = $el.find('.marker');\n        var markers = [];\n\n        var mapArgs = {\n            zoom: $el.data('zoom') || 16,\n            mapTypeId: google.maps.MapTypeId.ROADMAP,\n            center: { lat: 0, lng: 0 }\n        };\n\n        var map = new google.maps.Map($el[0], mapArgs);\n\n        $markers.each(function() {\n            var marker = initMarker($(this), map);\n            markers.push(marker);\n        });\n\n        centerMap(map, markers);\n\n        \/\/ Spiderfier\n        var oms = new OverlappingMarkerSpiderfier(map, {\n            markersWontMove: true,\n            markersWontHide: true,\n            keepSpiderfied: true\n        });\n\n        markers.forEach(function(marker) {\n            oms.addMarker(marker);\n        });\n\n        \/\/ MarkerClusterer\n        new MarkerClusterer(map, markers, {\n            imagePath: 'https:\/\/developers.google.com\/maps\/documentation\/javascript\/examples\/markerclusterer\/m'\n        });\n\t\t\n\t\tgoogle.maps.event.trigger(map, 'resize');\n    }\n\n    \/\/ Create individual marker\n    function initMarker($marker, map) {\n        var lat = parseFloat($marker.data('lat'));\n        var lng = parseFloat($marker.data('lng'));\n        var latLng = { lat, lng };\n\n        var image = \"https:\/\/www.visitcaerphilly.com\/wp-content\/themes\/visitcaerphilly\/assets\/images\/map-marker-pin.png\";\n\n        var marker = new google.maps.Marker({\n            position: latLng,\n            map: map,\n            icon: image\n        });\n\n        if ($marker.html()) {\n            var infowindow = new google.maps.InfoWindow({\n                content: $marker.html()\n            });\n\n            marker.addListener('click', function() {\n                infowindow.open(map, marker);\n            });\n\n            marker.addListener('spider_click', function() {\n                infowindow.open(map, marker);\n            });\n        }\n\n        return marker;\n    }\n\n    \/\/ Center map based on markers\n    function centerMap(map, markers) {\n        var bounds = new google.maps.LatLngBounds();\n\n        markers.forEach(function(marker) {\n            bounds.extend(marker.getPosition());\n        });\n\n        if (markers.length === 1) {\n            map.setCenter(bounds.getCenter());\n            map.setZoom(map.zoom || 16);\n        } else {\n            map.fitBounds(bounds);\n        }\n    }\n\n})(jQuery);\n<\/script>\n\n\t<div class=wrapper>\n\t\t<section id=\"\" class=\"block events-block \" style=\"background-color: ;\">\n\t\t\t<div class=\"block-title\">\n\t\t\t\t<div class=\"block-title-items\">\n\t\t\t\t\t<i class=\"fa-solid fa-calendar-star\" aria-hidden=\"true\"><\/i><h2>Digwyddiadau yn Sefydliad y Glowyr, Coed Duon<\/h2>\n\t\t\t\t<\/div>\n\t\t\t\t\n\t\t\t\t<div class=\"view-toggle\">\n\t\t\t\t\t<button id=\"listViewBtn\"><i class=\"fa-solid fa-list-ul\"><\/i>Golwg rhestr<\/button>\n\t\t\t\t\t<button id=\"gridViewBtn\"><i class=\"fa-solid fa-grid\"><\/i>Golwg m\u00e2n-lun<\/button>\n\t\t\t\t\t<button id=\"mapViewBtn\"><i class=\"fa-solid fa-map-location-dot\"><\/i>Golwg map<\/button>\n\t\t\t\t<\/div>\n\t\t\t\t\n\t\t\t<\/div>\n\t\t\t\n\t\t\t<!-- List View -->\n\t\t\t<div id=\"listView\" class=\"view-mode\">\n\t\t\t\t<div class=\"featured-content-wrap\">\n\t\t\t\t\t\t\t\t\t<article class=\"archive-content-card-list\">\n\t\t\t\t\t\t\n\t\t\t\t\t\t\t<div class=\"featured-content-image-list\">\n\t\t\t\t\t\t\t\t\t\t\t\t\t\t\t\t\t<img decoding=\"async\" src=\"https:\/\/www.visitcaerphilly.com\/wp-content\/uploads\/2026\/04\/Newbridges-Got-Talent-Newbridge-Memo-1-e1777470908468.png\" alt=\"\" \/>\n\t\t\t\t\t\t\t\t\t\t\t\t\t\t\t<\/div>\n\n\t\t\t\t\t\t\t<div class=\"featured-content-content-list\">\n\t\t\t\t\t\t\t\t\n\t\t\t\t\t\t\t\t<a href=\"https:\/\/www.visitcaerphilly.com\/cy\/digwyddiadau\/newbridges-got-talent\/\"><h3>Newbridge&#8217;s Got Talent<\/h3><\/a>\n\t\t\t\t\t\t\t\t\n\t\t\t\t\t\t\t\t<div class=\"event-date-list\">\n\t\t\t\t\t\t\t\t\t1 Mai 2026\t\t\t\t\t\t\t\t<\/div>\n\t\t\t\t\t\t\t\t\n\t\t\t\t\t\t\t\t\n\t\t\t\t\t\t\t\t\t\t\t\t\t\t\t\t\t<div class=\"featured-content-location\">\n\t\t\t\t\t\t\t\t\t\t<i class=\"fa-solid fa-location-dot\" aria-hidden=\"true\"><\/i>\n\t\t\t\t\t\t\t\t\t\tNeuadd Goffa Trecelyn, Y Stryd Fawr, Trecelyn NP11 4FH\t\t\t\t\t\t\t\t\t<\/div>\n\t\t\t\t\t\t\t\t\t\t\t\t\t\t\t<\/div>\n\n\t\t\t\t\t\t\t\n\t\t\t\t\t\t\n\t\t\t\t\t<\/article>\t\n\t\t\t\t\t\t\t\t\t<article class=\"archive-content-card-list\">\n\t\t\t\t\t\t\n\t\t\t\t\t\t\t<div class=\"featured-content-image-list\">\n\t\t\t\t\t\t\t\t\t\t\t\t\t\t\t\t\t<img decoding=\"async\" src=\"https:\/\/www.visitcaerphilly.com\/wp-content\/uploads\/2025\/01\/Carpenters.png\" alt=\"\" \/>\n\t\t\t\t\t\t\t\t\t\t\t\t\t\t\t<\/div>\n\n\t\t\t\t\t\t\t<div class=\"featured-content-content-list\">\n\t\t\t\t\t\t\t\t\n\t\t\t\t\t\t\t\t<a href=\"https:\/\/www.visitcaerphilly.com\/cy\/digwyddiadau\/the-carpenters-voice-of-the-heart-yn-sefydliad-y-glowyr-coed-duon\/\"><h3>The Carpenters &#8211; Voice of the Heart<\/h3><\/a>\n\t\t\t\t\t\t\t\t\n\t\t\t\t\t\t\t\t<div class=\"event-date-list\">\n\t\t\t\t\t\t\t\t\t1 Mai 2026\t\t\t\t\t\t\t\t<\/div>\n\t\t\t\t\t\t\t\t\n\t\t\t\t\t\t\t\t\n\t\t\t\t\t\t\t\t\t\t\t\t\t\t\t\t\t<div class=\"featured-content-location\">\n\t\t\t\t\t\t\t\t\t\t<i class=\"fa-solid fa-location-dot\" aria-hidden=\"true\"><\/i>\n\t\t\t\t\t\t\t\t\t\tSefydliad y Glowyr, Coed Duon, Y Stryd Fawr, Coed Duon NP12 1BB\t\t\t\t\t\t\t\t\t<\/div>\n\t\t\t\t\t\t\t\t\t\t\t\t\t\t\t<\/div>\n\n\t\t\t\t\t\t\t\n\t\t\t\t\t\t\n\t\t\t\t\t<\/article>\t\n\t\t\t\t\t\t\t\t\t<article class=\"archive-content-card-list\">\n\t\t\t\t\t\t\n\t\t\t\t\t\t\t<div class=\"featured-content-image-list\">\n\t\t\t\t\t\t\t\t\t\t\t\t\t\t\t\t\t<img decoding=\"async\" src=\"https:\/\/www.visitcaerphilly.com\/wp-content\/uploads\/2026\/03\/Ffos-Doggy-Day-Fest-Event.png\" alt=\"\" \/>\n\t\t\t\t\t\t\t\t\t\t\t\t\t\t\t<\/div>\n\n\t\t\t\t\t\t\t<div class=\"featured-content-content-list\">\n\t\t\t\t\t\t\t\t\n\t\t\t\t\t\t\t\t<a href=\"https:\/\/www.visitcaerphilly.com\/cy\/digwyddiadau\/gwyl-gwn-undydd\/\"><h3>G\u0175yl G\u0175n Undydd<\/h3><\/a>\n\t\t\t\t\t\t\t\t\n\t\t\t\t\t\t\t\t<div class=\"event-date-list\">\n\t\t\t\t\t\t\t\t\t2 Mai 2026\t\t\t\t\t\t\t\t<\/div>\n\t\t\t\t\t\t\t\t\n\t\t\t\t\t\t\t\t\n\t\t\t\t\t\t\t\t\t\t\t\t\t\t\t\t\t<div class=\"featured-content-location\">\n\t\t\t\t\t\t\t\t\t\t<i class=\"fa-solid fa-location-dot\" aria-hidden=\"true\"><\/i>\n\t\t\t\t\t\t\t\t\t\tFfos Caerffili, Park Lane, Caerffili CF83 1FN\t\t\t\t\t\t\t\t\t<\/div>\n\t\t\t\t\t\t\t\t\t\t\t\t\t\t\t<\/div>\n\n\t\t\t\t\t\t\t\n\t\t\t\t\t\t\n\t\t\t\t\t<\/article>\t\n\t\t\t\t\t\t\t\t\t<article class=\"archive-content-card-list\">\n\t\t\t\t\t\t\n\t\t\t\t\t\t\t<div class=\"featured-content-image-list\">\n\t\t\t\t\t\t\t\t\t\t\t\t\t\t\t\t\t<img decoding=\"async\" src=\"https:\/\/www.visitcaerphilly.com\/wp-content\/uploads\/2025\/08\/Repair-Cafe-Caerphilly-Miners-Centre.jpg\" alt=\"\" \/>\n\t\t\t\t\t\t\t\t\t\t\t\t\t\t\t<\/div>\n\n\t\t\t\t\t\t\t<div class=\"featured-content-content-list\">\n\t\t\t\t\t\t\t\t\n\t\t\t\t\t\t\t\t<a href=\"https:\/\/www.visitcaerphilly.com\/cy\/digwyddiadau\/caffi-atgyweirio\/\"><h3>Caffi Atgyweirio<\/h3><\/a>\n\t\t\t\t\t\t\t\t\n\t\t\t\t\t\t\t\t<div class=\"event-date-list\">\n\t\t\t\t\t\t\t\t\t2 Mai 2026\t\t\t\t\t\t\t\t<\/div>\n\t\t\t\t\t\t\t\t\n\t\t\t\t\t\t\t\t\n\t\t\t\t\t\t\t\t\t\t\t\t\t\t\t\t\t<div class=\"featured-content-location\">\n\t\t\t\t\t\t\t\t\t\t<i class=\"fa-solid fa-location-dot\" aria-hidden=\"true\"><\/i>\n\t\t\t\t\t\t\t\t\t\tCanolfan y Glowyr, Caerffili, Watford Road CF83 1BJ\t\t\t\t\t\t\t\t\t<\/div>\n\t\t\t\t\t\t\t\t\t\t\t\t\t\t\t<\/div>\n\n\t\t\t\t\t\t\t\n\t\t\t\t\t\t\n\t\t\t\t\t<\/article>\t\n\t\t\t\t\t\t\t\t\t<article class=\"archive-content-card-list\">\n\t\t\t\t\t\t\n\t\t\t\t\t\t\t<div class=\"featured-content-image-list\">\n\t\t\t\t\t\t\t\t\t\t\t\t\t\t\t\t\t<img decoding=\"async\" src=\"https:\/\/www.visitcaerphilly.com\/wp-content\/uploads\/2026\/04\/Wicked-Watch-Along-Party-Newbridge-Memo-1.png\" alt=\"\" \/>\n\t\t\t\t\t\t\t\t\t\t\t\t\t\t\t<\/div>\n\n\t\t\t\t\t\t\t<div class=\"featured-content-content-list\">\n\t\t\t\t\t\t\t\t\n\t\t\t\t\t\t\t\t<a href=\"https:\/\/www.visitcaerphilly.com\/cy\/digwyddiadau\/wicked-sing-along-party\/\"><h3>Wicked Sing-Along Party<\/h3><\/a>\n\t\t\t\t\t\t\t\t\n\t\t\t\t\t\t\t\t<div class=\"event-date-list\">\n\t\t\t\t\t\t\t\t\t2 Mai 2026\t\t\t\t\t\t\t\t<\/div>\n\t\t\t\t\t\t\t\t\n\t\t\t\t\t\t\t\t\n\t\t\t\t\t\t\t\t\t\t\t\t\t\t\t<\/div>\n\n\t\t\t\t\t\t\t\n\t\t\t\t\t\t\n\t\t\t\t\t<\/article>\t\n\t\t\t\t\t\t\t\t\t<article class=\"archive-content-card-list\">\n\t\t\t\t\t\t\n\t\t\t\t\t\t\t<div class=\"featured-content-image-list\">\n\t\t\t\t\t\t\t\t\t\t\t\t\t\t\t\t\t<img decoding=\"async\" src=\"https:\/\/www.visitcaerphilly.com\/wp-content\/uploads\/2026\/03\/Mr-Blue-Sky-Blackwood-Miners-Institute.jpg\" alt=\"\" \/>\n\t\t\t\t\t\t\t\t\t\t\t\t\t\t\t<\/div>\n\n\t\t\t\t\t\t\t<div class=\"featured-content-content-list\">\n\t\t\t\t\t\t\t\t\n\t\t\t\t\t\t\t\t<a href=\"https:\/\/www.visitcaerphilly.com\/cy\/digwyddiadau\/mr-blue-sky\/\"><h3>Mr Blue Sky<\/h3><\/a>\n\t\t\t\t\t\t\t\t\n\t\t\t\t\t\t\t\t<div class=\"event-date-list\">\n\t\t\t\t\t\t\t\t\t2 Mai 2026\t\t\t\t\t\t\t\t<\/div>\n\t\t\t\t\t\t\t\t\n\t\t\t\t\t\t\t\t\n\t\t\t\t\t\t\t\t\t\t\t\t\t\t\t\t\t<div class=\"featured-content-location\">\n\t\t\t\t\t\t\t\t\t\t<i class=\"fa-solid fa-location-dot\" aria-hidden=\"true\"><\/i>\n\t\t\t\t\t\t\t\t\t\tSefydliad y Glowyr, Coed Duon, Y Stryd Fawr, Coed Duon NP12 1BB\t\t\t\t\t\t\t\t\t<\/div>\n\t\t\t\t\t\t\t\t\t\t\t\t\t\t\t<\/div>\n\n\t\t\t\t\t\t\t\n\t\t\t\t\t\t\n\t\t\t\t\t<\/article>\t\n\t\t\t\t\t\t\t\t\t<article class=\"archive-content-card-list\">\n\t\t\t\t\t\t\n\t\t\t\t\t\t\t<div class=\"featured-content-image-list\">\n\t\t\t\t\t\t\t\t\t\t\t\t\t\t\t\t\t<img decoding=\"async\" src=\"https:\/\/www.visitcaerphilly.com\/wp-content\/uploads\/2026\/04\/Lee-Gilberts-Lunchtime-Concert-Blackwood-Miners-Institute-e1775036403808.jpg\" alt=\"\" \/>\n\t\t\t\t\t\t\t\t\t\t\t\t\t\t\t<\/div>\n\n\t\t\t\t\t\t\t<div class=\"featured-content-content-list\">\n\t\t\t\t\t\t\t\t\n\t\t\t\t\t\t\t\t<a href=\"https:\/\/www.visitcaerphilly.com\/cy\/digwyddiadau\/lee-gilberts-lunchtime-concert\/\"><h3>Lee Gilbert&#8217;s Lunchtime Concert<\/h3><\/a>\n\t\t\t\t\t\t\t\t\n\t\t\t\t\t\t\t\t<div class=\"event-date-list\">\n\t\t\t\t\t\t\t\t\t6-7 Mai 2026\t\t\t\t\t\t\t\t<\/div>\n\t\t\t\t\t\t\t\t\n\t\t\t\t\t\t\t\t\n\t\t\t\t\t\t\t\t\t\t\t\t\t\t\t\t\t<div class=\"featured-content-location\">\n\t\t\t\t\t\t\t\t\t\t<i class=\"fa-solid fa-location-dot\" aria-hidden=\"true\"><\/i>\n\t\t\t\t\t\t\t\t\t\tSefydliad y Glowyr, Coed Duon, Y Stryd Fawr, Coed Duon NP12 1BB\t\t\t\t\t\t\t\t\t<\/div>\n\t\t\t\t\t\t\t\t\t\t\t\t\t\t\t<\/div>\n\n\t\t\t\t\t\t\t\n\t\t\t\t\t\t\n\t\t\t\t\t<\/article>\t\n\t\t\t\t\t\t\t\t\t<article class=\"archive-content-card-list\">\n\t\t\t\t\t\t\n\t\t\t\t\t\t\t<div class=\"featured-content-image-list\">\n\t\t\t\t\t\t\t\t\t\t\t\t\t\t\t\t\t<img decoding=\"async\" src=\"https:\/\/www.visitcaerphilly.com\/wp-content\/uploads\/2024\/01\/Comedy_NewWebSize-1_1.jpg\" alt=\"\" \/>\n\t\t\t\t\t\t\t\t\t\t\t\t\t\t\t<\/div>\n\n\t\t\t\t\t\t\t<div class=\"featured-content-content-list\">\n\t\t\t\t\t\t\t\t\n\t\t\t\t\t\t\t\t<a href=\"https:\/\/www.visitcaerphilly.com\/cy\/digwyddiadau\/comedy-nights-yn-sefydliad-y-glowyr-coed-duon\/\"><h3>Noson Gomedi Sefydliad y Glowyr, Coed Duon<\/h3><\/a>\n\t\t\t\t\t\t\t\t\n\t\t\t\t\t\t\t\t<div class=\"event-date-list\">\n\t\t\t\t\t\t\t\t\t8 Mai 2026\t\t\t\t\t\t\t\t<\/div>\n\t\t\t\t\t\t\t\t\n\t\t\t\t\t\t\t\t\n\t\t\t\t\t\t\t\t\t\t\t\t\t\t\t\t\t<div class=\"featured-content-location\">\n\t\t\t\t\t\t\t\t\t\t<i class=\"fa-solid fa-location-dot\" aria-hidden=\"true\"><\/i>\n\t\t\t\t\t\t\t\t\t\tSefydliad y Glowyr Coed Duon, Stryd Fawr, Coed Duon NP12 1BB\t\t\t\t\t\t\t\t\t<\/div>\n\t\t\t\t\t\t\t\t\t\t\t\t\t\t\t<\/div>\n\n\t\t\t\t\t\t\t\n\t\t\t\t\t\t\n\t\t\t\t\t<\/article>\t\n\t\t\t\t\t\t\t\t\t<article class=\"archive-content-card-list\">\n\t\t\t\t\t\t\n\t\t\t\t\t\t\t<div class=\"featured-content-image-list\">\n\t\t\t\t\t\t\t\t\t\t\t\t\t\t\t\t\t<img decoding=\"async\" src=\"https:\/\/www.visitcaerphilly.com\/wp-content\/uploads\/2026\/01\/BargoedMayFair2026_Facebook_w.jpg\" alt=\"\" \/>\n\t\t\t\t\t\t\t\t\t\t\t\t\t\t\t<\/div>\n\n\t\t\t\t\t\t\t<div class=\"featured-content-content-list\">\n\t\t\t\t\t\t\t\t\n\t\t\t\t\t\t\t\t<a href=\"https:\/\/www.visitcaerphilly.com\/cy\/digwyddiadau\/ffair-fai-bargod-2026\/\"><h3>Ffair Fai Bargod 2026<\/h3><\/a>\n\t\t\t\t\t\t\t\t\n\t\t\t\t\t\t\t\t<div class=\"event-date-list\">\n\t\t\t\t\t\t\t\t\t9 Mai 2026\t\t\t\t\t\t\t\t<\/div>\n\t\t\t\t\t\t\t\t\n\t\t\t\t\t\t\t\t\n\t\t\t\t\t\t\t\t\t\t\t\t\t\t\t\t\t<div class=\"featured-content-location\">\n\t\t\t\t\t\t\t\t\t\t<i class=\"fa-solid fa-location-dot\" aria-hidden=\"true\"><\/i>\n\t\t\t\t\t\t\t\t\t\tCanol tref Bargod CF81 8QT\t\t\t\t\t\t\t\t\t<\/div>\n\t\t\t\t\t\t\t\t\t\t\t\t\t\t\t<\/div>\n\n\t\t\t\t\t\t\t\n\t\t\t\t\t\t\n\t\t\t\t\t<\/article>\t\n\t\t\t\t\t\t\t\t\t<article class=\"archive-content-card-list\">\n\t\t\t\t\t\t\n\t\t\t\t\t\t\t<div class=\"featured-content-image-list\">\n\t\t\t\t\t\t\t\t\t\t\t\t\t\t\t\t\t<img decoding=\"async\" src=\"https:\/\/www.visitcaerphilly.com\/wp-content\/uploads\/2025\/10\/Pit-Party.jpg\" alt=\"\" \/>\n\t\t\t\t\t\t\t\t\t\t\t\t\t\t\t<\/div>\n\n\t\t\t\t\t\t\t<div class=\"featured-content-content-list\">\n\t\t\t\t\t\t\t\t\n\t\t\t\t\t\t\t\t<a href=\"https:\/\/www.visitcaerphilly.com\/cy\/digwyddiadau\/pit-party\/\"><h3>Pit Party<\/h3><\/a>\n\t\t\t\t\t\t\t\t\n\t\t\t\t\t\t\t\t<div class=\"event-date-list\">\n\t\t\t\t\t\t\t\t\t9 Mai 2026\t\t\t\t\t\t\t\t<\/div>\n\t\t\t\t\t\t\t\t\n\t\t\t\t\t\t\t\t\n\t\t\t\t\t\t\t\t\t\t\t\t\t\t\t\t\t<div class=\"featured-content-location\">\n\t\t\t\t\t\t\t\t\t\t<i class=\"fa-solid fa-location-dot\" aria-hidden=\"true\"><\/i>\n\t\t\t\t\t\t\t\t\t\tSefydliad y Glowyr, Coed Duon, Y Stryd Fawr NP12 1BB\t\t\t\t\t\t\t\t\t<\/div>\n\t\t\t\t\t\t\t\t\t\t\t\t\t\t\t<\/div>\n\n\t\t\t\t\t\t\t\n\t\t\t\t\t\t\n\t\t\t\t\t<\/article>\t\n\t\t\t\t\t\t\t\t\t<article class=\"archive-content-card-list\">\n\t\t\t\t\t\t\n\t\t\t\t\t\t\t<div class=\"featured-content-image-list\">\n\t\t\t\t\t\t\t\t\t\t\t\t\t\t\t\t\t<img decoding=\"async\" src=\"https:\/\/www.visitcaerphilly.com\/wp-content\/uploads\/2023\/02\/Caerphilly-10k-scaled.png\" alt=\"\" \/>\n\t\t\t\t\t\t\t\t\t\t\t\t\t\t\t<\/div>\n\n\t\t\t\t\t\t\t<div class=\"featured-content-content-list\">\n\t\t\t\t\t\t\t\t\n\t\t\t\t\t\t\t\t<a href=\"https:\/\/www.visitcaerphilly.com\/cy\/digwyddiadau\/rasys-10-cilomedr-a-2-gilomedr-caerffili-bryn-meadows-2026\/\"><h3>Rasys 10 cilomedr a 2 gilomedr Caerffili Bryn Meadows 2026<\/h3><\/a>\n\t\t\t\t\t\t\t\t\n\t\t\t\t\t\t\t\t<div class=\"event-date-list\">\n\t\t\t\t\t\t\t\t\t10 Mai 2026\t\t\t\t\t\t\t\t<\/div>\n\t\t\t\t\t\t\t\t\n\t\t\t\t\t\t\t\t\n\t\t\t\t\t\t\t\t\t\t\t\t\t\t\t\t\t<div class=\"featured-content-location\">\n\t\t\t\t\t\t\t\t\t\t<i class=\"fa-solid fa-location-dot\" aria-hidden=\"true\"><\/i>\n\t\t\t\t\t\t\t\t\t\tCaerffili CF83 1AB\t\t\t\t\t\t\t\t\t<\/div>\n\t\t\t\t\t\t\t\t\t\t\t\t\t\t\t<\/div>\n\n\t\t\t\t\t\t\t\n\t\t\t\t\t\t\n\t\t\t\t\t<\/article>\t\n\t\t\t\t\t\t\t\t\t<article class=\"archive-content-card-list\">\n\t\t\t\t\t\t\n\t\t\t\t\t\t\t<div class=\"featured-content-image-list\">\n\t\t\t\t\t\t\t\t\t\t\t\t\t\t\t\t\t<img decoding=\"async\" src=\"https:\/\/www.visitcaerphilly.com\/wp-content\/uploads\/2025\/06\/497728788_1273477368112487_3910382210510216904_n.jpg\" alt=\"\" \/>\n\t\t\t\t\t\t\t\t\t\t\t\t\t\t\t<\/div>\n\n\t\t\t\t\t\t\t<div class=\"featured-content-content-list\">\n\t\t\t\t\t\t\t\t\n\t\t\t\t\t\t\t\t<a href=\"https:\/\/www.visitcaerphilly.com\/cy\/digwyddiadau\/one-foot-in-the-groove\/\"><h3>One Foot in the Groove<\/h3><\/a>\n\t\t\t\t\t\t\t\t\n\t\t\t\t\t\t\t\t<div class=\"event-date-list\">\n\t\t\t\t\t\t\t\t\t15 Mai 2026\t\t\t\t\t\t\t\t<\/div>\n\t\t\t\t\t\t\t\t\n\t\t\t\t\t\t\t\t\n\t\t\t\t\t\t\t\t\t\t\t\t\t\t\t\t\t<div class=\"featured-content-location\">\n\t\t\t\t\t\t\t\t\t\t<i class=\"fa-solid fa-location-dot\" aria-hidden=\"true\"><\/i>\n\t\t\t\t\t\t\t\t\t\tSefydliad y Glowyr, Coed Duon, Y Stryd Fawr, Coed Duon NP12 1BB\t\t\t\t\t\t\t\t\t<\/div>\n\t\t\t\t\t\t\t\t\t\t\t\t\t\t\t<\/div>\n\n\t\t\t\t\t\t\t\n\t\t\t\t\t\t\n\t\t\t\t\t<\/article>\t\n\t\t\t\t\t\t\t\t\t<article class=\"archive-content-card-list\">\n\t\t\t\t\t\t\n\t\t\t\t\t\t\t<div class=\"featured-content-image-list\">\n\t\t\t\t\t\t\t\t\t\t\t\t\t\t\t\t\t<img decoding=\"async\" src=\"https:\/\/www.visitcaerphilly.com\/wp-content\/uploads\/2026\/03\/Craig-Revel-Horwood-Blackwood-Miners-Institute.jpg\" alt=\"\" \/>\n\t\t\t\t\t\t\t\t\t\t\t\t\t\t\t<\/div>\n\n\t\t\t\t\t\t\t<div class=\"featured-content-content-list\">\n\t\t\t\t\t\t\t\t\n\t\t\t\t\t\t\t\t<a href=\"https:\/\/www.visitcaerphilly.com\/cy\/digwyddiadau\/craig-revel-horwood-revelations\/\"><h3>Craig Revel Horwood: Revelations<\/h3><\/a>\n\t\t\t\t\t\t\t\t\n\t\t\t\t\t\t\t\t<div class=\"event-date-list\">\n\t\t\t\t\t\t\t\t\t16 Mai 2026\t\t\t\t\t\t\t\t<\/div>\n\t\t\t\t\t\t\t\t\n\t\t\t\t\t\t\t\t\n\t\t\t\t\t\t\t\t\t\t\t\t\t\t\t\t\t<div class=\"featured-content-location\">\n\t\t\t\t\t\t\t\t\t\t<i class=\"fa-solid fa-location-dot\" aria-hidden=\"true\"><\/i>\n\t\t\t\t\t\t\t\t\t\tSefydliad y Glowyr, Coed Duon, Y Stryd Fawr, Coed Duon NP12 1BB\t\t\t\t\t\t\t\t\t<\/div>\n\t\t\t\t\t\t\t\t\t\t\t\t\t\t\t<\/div>\n\n\t\t\t\t\t\t\t\n\t\t\t\t\t\t\n\t\t\t\t\t<\/article>\t\n\t\t\t\t\t\t\t\t\t<article class=\"archive-content-card-list\">\n\t\t\t\t\t\t\n\t\t\t\t\t\t\t<div class=\"featured-content-image-list\">\n\t\t\t\t\t\t\t\t\t\t\t\t\t\t\t\t\t<img decoding=\"async\" src=\"https:\/\/www.visitcaerphilly.com\/wp-content\/uploads\/2026\/04\/arts-council-image.png\" alt=\"\" \/>\n\t\t\t\t\t\t\t\t\t\t\t\t\t\t\t<\/div>\n\n\t\t\t\t\t\t\t<div class=\"featured-content-content-list\">\n\t\t\t\t\t\t\t\t\n\t\t\t\t\t\t\t\t<a href=\"https:\/\/www.visitcaerphilly.com\/cy\/digwyddiadau\/showgirls-sharks\/\"><h3>Showgirls &amp; Sharks<\/h3><\/a>\n\t\t\t\t\t\t\t\t\n\t\t\t\t\t\t\t\t<div class=\"event-date-list\">\n\t\t\t\t\t\t\t\t\t22 Mai 2026\t\t\t\t\t\t\t\t<\/div>\n\t\t\t\t\t\t\t\t\n\t\t\t\t\t\t\t\t\n\t\t\t\t\t\t\t\t\t\t\t\t\t\t\t\t\t<div class=\"featured-content-location\">\n\t\t\t\t\t\t\t\t\t\t<i class=\"fa-solid fa-location-dot\" aria-hidden=\"true\"><\/i>\n\t\t\t\t\t\t\t\t\t\tSefydliad y Glowyr, Coed Duon, Y Stryd Fawr, Coed Duon NP12 1BB\t\t\t\t\t\t\t\t\t<\/div>\n\t\t\t\t\t\t\t\t\t\t\t\t\t\t\t<\/div>\n\n\t\t\t\t\t\t\t\n\t\t\t\t\t\t\n\t\t\t\t\t<\/article>\t\n\t\t\t\t\t\t\t\t\t<article class=\"archive-content-card-list\">\n\t\t\t\t\t\t\n\t\t\t\t\t\t\t<div class=\"featured-content-image-list\">\n\t\t\t\t\t\t\t\t\t\t\t\t\t\t\t\t\t<img decoding=\"async\" src=\"https:\/\/www.visitcaerphilly.com\/wp-content\/uploads\/2025\/07\/Ffos-Caerffili-Caerphilly-Cider-Festival.jpg\" alt=\"\" \/>\n\t\t\t\t\t\t\t\t\t\t\t\t\t\t\t<\/div>\n\n\t\t\t\t\t\t\t<div class=\"featured-content-content-list\">\n\t\t\t\t\t\t\t\t\n\t\t\t\t\t\t\t\t<a href=\"https:\/\/www.visitcaerphilly.com\/cy\/digwyddiadau\/gwyl-seidr-caerffili\/\"><h3>G\u0175yl Seidr Caerffili<\/h3><\/a>\n\t\t\t\t\t\t\t\t\n\t\t\t\t\t\t\t\t<div class=\"event-date-list\">\n\t\t\t\t\t\t\t\t\t23-25 Mai 2026\t\t\t\t\t\t\t\t<\/div>\n\t\t\t\t\t\t\t\t\n\t\t\t\t\t\t\t\t\n\t\t\t\t\t\t\t\t\t\t\t\t\t\t\t\t\t<div class=\"featured-content-location\">\n\t\t\t\t\t\t\t\t\t\t<i class=\"fa-solid fa-location-dot\" aria-hidden=\"true\"><\/i>\n\t\t\t\t\t\t\t\t\t\tFfos Caerffili, Park Lane, Caerffili CF83 1FN\t\t\t\t\t\t\t\t\t<\/div>\n\t\t\t\t\t\t\t\t\t\t\t\t\t\t\t<\/div>\n\n\t\t\t\t\t\t\t\n\t\t\t\t\t\t\n\t\t\t\t\t<\/article>\t\n\t\t\t\t\t\t\t\t\t<article class=\"archive-content-card-list\">\n\t\t\t\t\t\t\n\t\t\t\t\t\t\t<div class=\"featured-content-image-list\">\n\t\t\t\t\t\t\t\t\t\t\t\t\t\t\t\t\t<img decoding=\"async\" src=\"https:\/\/www.visitcaerphilly.com\/wp-content\/uploads\/2024\/10\/BMIFolkNight-e1729250039601.png\" alt=\"\" \/>\n\t\t\t\t\t\t\t\t\t\t\t\t\t\t\t<\/div>\n\n\t\t\t\t\t\t\t<div class=\"featured-content-content-list\">\n\t\t\t\t\t\t\t\t\n\t\t\t\t\t\t\t\t<a href=\"https:\/\/www.visitcaerphilly.com\/cy\/digwyddiadau\/noson-werin-yn-sefydliad-y-glowyr-coed-duon\/\"><h3>Noson Werin<\/h3><\/a>\n\t\t\t\t\t\t\t\t\n\t\t\t\t\t\t\t\t<div class=\"event-date-list\">\n\t\t\t\t\t\t\t\t\t27 Mai 2026\t\t\t\t\t\t\t\t<\/div>\n\t\t\t\t\t\t\t\t\n\t\t\t\t\t\t\t\t\n\t\t\t\t\t\t\t\t\t\t\t\t\t\t\t\t\t<div class=\"featured-content-location\">\n\t\t\t\t\t\t\t\t\t\t<i class=\"fa-solid fa-location-dot\" aria-hidden=\"true\"><\/i>\n\t\t\t\t\t\t\t\t\t\tSefydliad y Glowyr, Coed Duon, Y Stryd Fawr, Coed Duon NP12 1BB\t\t\t\t\t\t\t\t\t<\/div>\n\t\t\t\t\t\t\t\t\t\t\t\t\t\t\t<\/div>\n\n\t\t\t\t\t\t\t\n\t\t\t\t\t\t\n\t\t\t\t\t<\/article>\t\n\t\t\t\t\t\t\t\t\t<article class=\"archive-content-card-list\">\n\t\t\t\t\t\t\n\t\t\t\t\t\t\t<div class=\"featured-content-image-list\">\n\t\t\t\t\t\t\t\t\t\t\t\t\t\t\t\t\t<img decoding=\"async\" src=\"https:\/\/www.visitcaerphilly.com\/wp-content\/uploads\/2025\/01\/welsh-wrestling.png\" alt=\"\" \/>\n\t\t\t\t\t\t\t\t\t\t\t\t\t\t\t<\/div>\n\n\t\t\t\t\t\t\t<div class=\"featured-content-content-list\">\n\t\t\t\t\t\t\t\t\n\t\t\t\t\t\t\t\t<a href=\"https:\/\/www.blackwoodminersinstitute.com\/cy\/whats-on\/welsh-wrestling\/\"><h3>Welsh Wrestling<\/h3><\/a>\n\t\t\t\t\t\t\t\t\n\t\t\t\t\t\t\t\t<div class=\"event-date-list\">\n\t\t\t\t\t\t\t\t\t29 Mai 2026\t\t\t\t\t\t\t\t<\/div>\n\t\t\t\t\t\t\t\t\n\t\t\t\t\t\t\t\t\n\t\t\t\t\t\t\t\t\t\t\t\t\t\t\t\t\t<div class=\"featured-content-location\">\n\t\t\t\t\t\t\t\t\t\t<i class=\"fa-solid fa-location-dot\" aria-hidden=\"true\"><\/i>\n\t\t\t\t\t\t\t\t\t\tSefydliad y Glowyr, Coed Duon, Stryd Fawr, Coed Duon NP12 1BB\t\t\t\t\t\t\t\t\t<\/div>\n\t\t\t\t\t\t\t\t\t\t\t\t\t\t\t<\/div>\n\n\t\t\t\t\t\t\t\n\t\t\t\t\t\t\n\t\t\t\t\t<\/article>\t\n\t\t\t\t\t\t\t\t\t<article class=\"archive-content-card-list\">\n\t\t\t\t\t\t\n\t\t\t\t\t\t\t<div class=\"featured-content-image-list\">\n\t\t\t\t\t\t\t\t\t\t\t\t\t\t\t\t\t<img decoding=\"async\" src=\"https:\/\/www.visitcaerphilly.com\/wp-content\/uploads\/2025\/07\/Ffos-Quiz-Night-Socials-BLUE.jpg\" alt=\"\" \/>\n\t\t\t\t\t\t\t\t\t\t\t\t\t\t\t<\/div>\n\n\t\t\t\t\t\t\t<div class=\"featured-content-content-list\">\n\t\t\t\t\t\t\t\t\n\t\t\t\t\t\t\t\t<a href=\"https:\/\/www.visitcaerphilly.com\/cy\/digwyddiadau\/cwis-tafarn\/\"><h3>Noson Gwis Ffos Caerffili<\/h3><\/a>\n\t\t\t\t\t\t\t\t\n\t\t\t\t\t\t\t\t<div class=\"event-date-list\">\n\t\t\t\t\t\t\t\t\t29 Mai 2026\t\t\t\t\t\t\t\t<\/div>\n\t\t\t\t\t\t\t\t\n\t\t\t\t\t\t\t\t\n\t\t\t\t\t\t\t\t\t\t\t\t\t\t\t\t\t<div class=\"featured-content-location\">\n\t\t\t\t\t\t\t\t\t\t<i class=\"fa-solid fa-location-dot\" aria-hidden=\"true\"><\/i>\n\t\t\t\t\t\t\t\t\t\tFfos Caerffili, Park Lane, Caerffili CF83 1FN\t\t\t\t\t\t\t\t\t<\/div>\n\t\t\t\t\t\t\t\t\t\t\t\t\t\t\t<\/div>\n\n\t\t\t\t\t\t\t\n\t\t\t\t\t\t\n\t\t\t\t\t<\/article>\t\n\t\t\t\t\t\t\t\t\t<article class=\"archive-content-card-list\">\n\t\t\t\t\t\t\n\t\t\t\t\t\t\t<div class=\"featured-content-image-list\">\n\t\t\t\t\t\t\t\t\t\t\t\t\t\t\t\t\t<img decoding=\"async\" src=\"https:\/\/www.visitcaerphilly.com\/wp-content\/uploads\/2019\/08\/Castle-Court-Shopping-Centre.jpg\" alt=\"\" \/>\n\t\t\t\t\t\t\t\t\t\t\t\t\t\t\t<\/div>\n\n\t\t\t\t\t\t\t<div class=\"featured-content-content-list\">\n\t\t\t\t\t\t\t\t\n\t\t\t\t\t\t\t\t<a href=\"https:\/\/www.visitcaerphilly.com\/cy\/digwyddiadau\/castle-court-and-craft-food-market\/\"><h3>Lle&#8217;r Farchnad Caerffili<\/h3><\/a>\n\t\t\t\t\t\t\t\t\n\t\t\t\t\t\t\t\t<div class=\"event-date-list\">\n\t\t\t\t\t\t\t\t\t30 Mai &#8211; 12 Rhagfyr 2026\t\t\t\t\t\t\t\t<\/div>\n\t\t\t\t\t\t\t\t\n\t\t\t\t\t\t\t\t\n\t\t\t\t\t\t\t\t\t\t\t\t\t\t\t\t\t<div class=\"featured-content-location\">\n\t\t\t\t\t\t\t\t\t\t<i class=\"fa-solid fa-location-dot\" aria-hidden=\"true\"><\/i>\n\t\t\t\t\t\t\t\t\t\tMorrisons, Caerffili CF83 1XP\t\t\t\t\t\t\t\t\t<\/div>\n\t\t\t\t\t\t\t\t\t\t\t\t\t\t\t<\/div>\n\n\t\t\t\t\t\t\t\n\t\t\t\t\t\t\n\t\t\t\t\t<\/article>\t\n\t\t\t\t\t\t\t\t\t<article class=\"archive-content-card-list\">\n\t\t\t\t\t\t\n\t\t\t\t\t\t\t<div class=\"featured-content-image-list\">\n\t\t\t\t\t\t\t\t\t\t\t\t\t\t\t\t\t<img decoding=\"async\" src=\"https:\/\/www.visitcaerphilly.com\/wp-content\/uploads\/2026\/04\/90s-Live-Blackwood-Miners-Institute.jpg\" alt=\"\" \/>\n\t\t\t\t\t\t\t\t\t\t\t\t\t\t\t<\/div>\n\n\t\t\t\t\t\t\t<div class=\"featured-content-content-list\">\n\t\t\t\t\t\t\t\t\n\t\t\t\t\t\t\t\t<a href=\"https:\/\/www.visitcaerphilly.com\/cy\/digwyddiadau\/90s-live\/\"><h3>90s Live<\/h3><\/a>\n\t\t\t\t\t\t\t\t\n\t\t\t\t\t\t\t\t<div class=\"event-date-list\">\n\t\t\t\t\t\t\t\t\t30 Mai 2026\t\t\t\t\t\t\t\t<\/div>\n\t\t\t\t\t\t\t\t\n\t\t\t\t\t\t\t\t\n\t\t\t\t\t\t\t\t\t\t\t\t\t\t\t\t\t<div class=\"featured-content-location\">\n\t\t\t\t\t\t\t\t\t\t<i class=\"fa-solid fa-location-dot\" aria-hidden=\"true\"><\/i>\n\t\t\t\t\t\t\t\t\t\tSefydliad y Glowyr, Coed Duon, Y Stryd Fawr, Coed Duon NP12 1BB\t\t\t\t\t\t\t\t\t<\/div>\n\t\t\t\t\t\t\t\t\t\t\t\t\t\t\t<\/div>\n\n\t\t\t\t\t\t\t\n\t\t\t\t\t\t\n\t\t\t\t\t<\/article>\t\n\t\t\t\t\t\t\t\t\t<article class=\"archive-content-card-list\">\n\t\t\t\t\t\t\n\t\t\t\t\t\t\t<div class=\"featured-content-image-list\">\n\t\t\t\t\t\t\t\t\t\t\t\t\t\t\t\t\t<img decoding=\"async\" src=\"https:\/\/www.visitcaerphilly.com\/wp-content\/uploads\/2026\/04\/Meet-Fred-Blackwood-Miners-Institute.jpg\" alt=\"\" \/>\n\t\t\t\t\t\t\t\t\t\t\t\t\t\t\t<\/div>\n\n\t\t\t\t\t\t\t<div class=\"featured-content-content-list\">\n\t\t\t\t\t\t\t\t\n\t\t\t\t\t\t\t\t<a href=\"https:\/\/www.visitcaerphilly.com\/cy\/digwyddiadau\/meet-fred\/\"><h3>Meet Fred<\/h3><\/a>\n\t\t\t\t\t\t\t\t\n\t\t\t\t\t\t\t\t<div class=\"event-date-list\">\n\t\t\t\t\t\t\t\t\t1 Mehefin 2026\t\t\t\t\t\t\t\t<\/div>\n\t\t\t\t\t\t\t\t\n\t\t\t\t\t\t\t\t\n\t\t\t\t\t\t\t\t\t\t\t\t\t\t\t\t\t<div class=\"featured-content-location\">\n\t\t\t\t\t\t\t\t\t\t<i class=\"fa-solid fa-location-dot\" aria-hidden=\"true\"><\/i>\n\t\t\t\t\t\t\t\t\t\tSefydliad y Glowyr, Coed Duon, Y Stryd Fawr, Coed Duon NP12 1BB\t\t\t\t\t\t\t\t\t<\/div>\n\t\t\t\t\t\t\t\t\t\t\t\t\t\t\t<\/div>\n\n\t\t\t\t\t\t\t\n\t\t\t\t\t\t\n\t\t\t\t\t<\/article>\t\n\t\t\t\t\t\t\t\t\t<article class=\"archive-content-card-list\">\n\t\t\t\t\t\t\n\t\t\t\t\t\t\t<div class=\"featured-content-image-list\">\n\t\t\t\t\t\t\t\t\t\t\t\t\t\t\t\t\t<img decoding=\"async\" src=\"https:\/\/www.visitcaerphilly.com\/wp-content\/uploads\/2026\/04\/Pianoforte-Blackwood-Miners-Institute.jpg\" alt=\"\" \/>\n\t\t\t\t\t\t\t\t\t\t\t\t\t\t\t<\/div>\n\n\t\t\t\t\t\t\t<div class=\"featured-content-content-list\">\n\t\t\t\t\t\t\t\t\n\t\t\t\t\t\t\t\t<a href=\"https:\/\/www.visitcaerphilly.com\/cy\/digwyddiadau\/pianoforte\/\"><h3>Pianoforte<\/h3><\/a>\n\t\t\t\t\t\t\t\t\n\t\t\t\t\t\t\t\t<div class=\"event-date-list\">\n\t\t\t\t\t\t\t\t\t3 Mehefin 2026\t\t\t\t\t\t\t\t<\/div>\n\t\t\t\t\t\t\t\t\n\t\t\t\t\t\t\t\t\n\t\t\t\t\t\t\t\t\t\t\t\t\t\t\t\t\t<div class=\"featured-content-location\">\n\t\t\t\t\t\t\t\t\t\t<i class=\"fa-solid fa-location-dot\" aria-hidden=\"true\"><\/i>\n\t\t\t\t\t\t\t\t\t\tSefydliad y Glowyr, Coed Duon, Y Stryd Fawr, Coed Duon NP12 1BB\t\t\t\t\t\t\t\t\t<\/div>\n\t\t\t\t\t\t\t\t\t\t\t\t\t\t\t<\/div>\n\n\t\t\t\t\t\t\t\n\t\t\t\t\t\t\n\t\t\t\t\t<\/article>\t\n\t\t\t\t\t\t\t\t\t<article class=\"archive-content-card-list\">\n\t\t\t\t\t\t\n\t\t\t\t\t\t\t<div class=\"featured-content-image-list\">\n\t\t\t\t\t\t\t\t\t\t\t\t\t\t\t\t\t<img decoding=\"async\" src=\"https:\/\/www.visitcaerphilly.com\/wp-content\/uploads\/2025\/03\/451630845_1022766559850237_6119575335978486520_n.jpg\" alt=\"\" \/>\n\t\t\t\t\t\t\t\t\t\t\t\t\t\t\t<\/div>\n\n\t\t\t\t\t\t\t<div class=\"featured-content-content-list\">\n\t\t\t\t\t\t\t\t\n\t\t\t\t\t\t\t\t<a href=\"https:\/\/www.visitcaerphilly.com\/cy\/digwyddiadau\/emilio-santoro-as-elvis-yn-sefydliad-y-glowyr-coed-duon\/\"><h3>Emilio Santoro as Elvis<\/h3><\/a>\n\t\t\t\t\t\t\t\t\n\t\t\t\t\t\t\t\t<div class=\"event-date-list\">\n\t\t\t\t\t\t\t\t\t5-6 Mehefin 2026\t\t\t\t\t\t\t\t<\/div>\n\t\t\t\t\t\t\t\t\n\t\t\t\t\t\t\t\t\n\t\t\t\t\t\t\t\t\t\t\t\t\t\t\t\t\t<div class=\"featured-content-location\">\n\t\t\t\t\t\t\t\t\t\t<i class=\"fa-solid fa-location-dot\" aria-hidden=\"true\"><\/i>\n\t\t\t\t\t\t\t\t\t\tSefydliad y Glowyr, Coed Duon, Y Stryd Fawr, Coed Duon NP12 1BB\t\t\t\t\t\t\t\t\t<\/div>\n\t\t\t\t\t\t\t\t\t\t\t\t\t\t\t<\/div>\n\n\t\t\t\t\t\t\t\n\t\t\t\t\t\t\n\t\t\t\t\t<\/article>\t\n\t\t\t\t\t\t\t\t\t<article class=\"archive-content-card-list\">\n\t\t\t\t\t\t\n\t\t\t\t\t\t\t<div class=\"featured-content-image-list\">\n\t\t\t\t\t\t\t\t\t\t\t\t\t\t\t\t\t<img decoding=\"async\" src=\"https:\/\/www.visitcaerphilly.com\/wp-content\/uploads\/2026\/01\/Risca-Beach-FEASTival-scaled.jpg\" alt=\"\" \/>\n\t\t\t\t\t\t\t\t\t\t\t\t\t\t\t<\/div>\n\n\t\t\t\t\t\t\t<div class=\"featured-content-content-list\">\n\t\t\t\t\t\t\t\t\n\t\t\t\t\t\t\t\t<a href=\"https:\/\/www.visitcaerphilly.com\/cy\/digwyddiadau\/gwyl-fwyd-traeth-rhisga\/\"><h3>G\u0175yl Fwyd Traeth Rhisga<\/h3><\/a>\n\t\t\t\t\t\t\t\t\n\t\t\t\t\t\t\t\t<div class=\"event-date-list\">\n\t\t\t\t\t\t\t\t\t6-7 Mehefin 2026\t\t\t\t\t\t\t\t<\/div>\n\t\t\t\t\t\t\t\t\n\t\t\t\t\t\t\t\t\n\t\t\t\t\t\t\t\t\t\t\t\t\t\t\t\t\t<div class=\"featured-content-location\">\n\t\t\t\t\t\t\t\t\t\t<i class=\"fa-solid fa-location-dot\" aria-hidden=\"true\"><\/i>\n\t\t\t\t\t\t\t\t\t\tParc Tredegar, canol tref Rhisga NP11 6BW\t\t\t\t\t\t\t\t\t<\/div>\n\t\t\t\t\t\t\t\t\t\t\t\t\t\t\t<\/div>\n\n\t\t\t\t\t\t\t\n\t\t\t\t\t\t\n\t\t\t\t\t<\/article>\t\n\t\t\t\t\t\t\t\t\t<article class=\"archive-content-card-list\">\n\t\t\t\t\t\t\n\t\t\t\t\t\t\t<div class=\"featured-content-image-list\">\n\t\t\t\t\t\t\t\t\t\t\t\t\t\t\t\t\t<img decoding=\"async\" src=\"https:\/\/www.visitcaerphilly.com\/wp-content\/uploads\/2026\/04\/White-Lies-Blackwood-Miners-Institute.jpg\" alt=\"\" \/>\n\t\t\t\t\t\t\t\t\t\t\t\t\t\t\t<\/div>\n\n\t\t\t\t\t\t\t<div class=\"featured-content-content-list\">\n\t\t\t\t\t\t\t\t\n\t\t\t\t\t\t\t\t<a href=\"https:\/\/www.visitcaerphilly.com\/cy\/digwyddiadau\/white-lies\/\"><h3>White Lies<\/h3><\/a>\n\t\t\t\t\t\t\t\t\n\t\t\t\t\t\t\t\t<div class=\"event-date-list\">\n\t\t\t\t\t\t\t\t\t11 Mehefin 2026\t\t\t\t\t\t\t\t<\/div>\n\t\t\t\t\t\t\t\t\n\t\t\t\t\t\t\t\t\n\t\t\t\t\t\t\t\t\t\t\t\t\t\t\t\t\t<div class=\"featured-content-location\">\n\t\t\t\t\t\t\t\t\t\t<i class=\"fa-solid fa-location-dot\" aria-hidden=\"true\"><\/i>\n\t\t\t\t\t\t\t\t\t\tSefydliad y Glowyr, Coed Duon, Y Stryd Fawr, Coed Duon NP12 1BB\t\t\t\t\t\t\t\t\t<\/div>\n\t\t\t\t\t\t\t\t\t\t\t\t\t\t\t<\/div>\n\n\t\t\t\t\t\t\t\n\t\t\t\t\t\t\n\t\t\t\t\t<\/article>\t\n\t\t\t\t\t\t\t\t\t<article class=\"archive-content-card-list\">\n\t\t\t\t\t\t\n\t\t\t\t\t\t\t<div class=\"featured-content-image-list\">\n\t\t\t\t\t\t\t\t\t\t\t\t\t\t\t\t\t<img decoding=\"async\" src=\"https:\/\/www.visitcaerphilly.com\/wp-content\/uploads\/2025\/06\/CAERPHILLY-CASTLE-FRONT-VIEW-FROM-VISITOR-CENTRE-INSIDE-\u00aeCrown-copyright-2015-Cadw.jpg\" alt=\"\" \/>\n\t\t\t\t\t\t\t\t\t\t\t\t\t\t\t<\/div>\n\n\t\t\t\t\t\t\t<div class=\"featured-content-content-list\">\n\t\t\t\t\t\t\t\t\n\t\t\t\t\t\t\t\t<a href=\"https:\/\/www.visitcaerphilly.com\/cy\/digwyddiadau\/diwrnod-ir-brenin-ar-sul-y-tadau\/\"><h3>Diwrnod i&#8217;r Brenin ar Sul y Tadau<\/h3><\/a>\n\t\t\t\t\t\t\t\t\n\t\t\t\t\t\t\t\t<div class=\"event-date-list\">\n\t\t\t\t\t\t\t\t\t21 Mehefin 2026\t\t\t\t\t\t\t\t<\/div>\n\t\t\t\t\t\t\t\t\n\t\t\t\t\t\t\t\t\n\t\t\t\t\t\t\t\t\t\t\t\t\t\t\t\t\t<div class=\"featured-content-location\">\n\t\t\t\t\t\t\t\t\t\t<i class=\"fa-solid fa-location-dot\" aria-hidden=\"true\"><\/i>\n\t\t\t\t\t\t\t\t\t\tCastell Caerffili, Castle Street, Caerffili CF83 1JD\t\t\t\t\t\t\t\t\t<\/div>\n\t\t\t\t\t\t\t\t\t\t\t\t\t\t\t<\/div>\n\n\t\t\t\t\t\t\t\n\t\t\t\t\t\t\n\t\t\t\t\t<\/article>\t\n\t\t\t\t\t\t\t\t\t<article class=\"archive-content-card-list\">\n\t\t\t\t\t\t\n\t\t\t\t\t\t\t<div class=\"featured-content-image-list\">\n\t\t\t\t\t\t\t\t\t\t\t\t\t\t\t\t\t<img decoding=\"async\" src=\"https:\/\/www.visitcaerphilly.com\/wp-content\/uploads\/2024\/03\/492801145_1257985702994987_6892394057613430297_n.jpg\" alt=\"\" \/>\n\t\t\t\t\t\t\t\t\t\t\t\t\t\t\t<\/div>\n\n\t\t\t\t\t\t\t<div class=\"featured-content-content-list\">\n\t\t\t\t\t\t\t\t\n\t\t\t\t\t\t\t\t<a href=\"https:\/\/www.visitcaerphilly.com\/cy\/digwyddiadau\/lipstick-on-your-collar-yn-sefydliad-y-glowyr-coed-duon\/\"><h3>Lipstick on Your Collar<\/h3><\/a>\n\t\t\t\t\t\t\t\t\n\t\t\t\t\t\t\t\t<div class=\"event-date-list\">\n\t\t\t\t\t\t\t\t\t27 Mehefin 2026\t\t\t\t\t\t\t\t<\/div>\n\t\t\t\t\t\t\t\t\n\t\t\t\t\t\t\t\t\n\t\t\t\t\t\t\t\t\t\t\t\t\t\t\t\t\t<div class=\"featured-content-location\">\n\t\t\t\t\t\t\t\t\t\t<i class=\"fa-solid fa-location-dot\" aria-hidden=\"true\"><\/i>\n\t\t\t\t\t\t\t\t\t\tSefydliad y Glowyr Coed Duon, Stryd Fawr, Coed Duon NP12 1BB\t\t\t\t\t\t\t\t\t<\/div>\n\t\t\t\t\t\t\t\t\t\t\t\t\t\t\t<\/div>\n\n\t\t\t\t\t\t\t\n\t\t\t\t\t\t\n\t\t\t\t\t<\/article>\t\n\t\t\t\t\t\t\t\t\t<article class=\"archive-content-card-list\">\n\t\t\t\t\t\t\n\t\t\t\t\t\t\t<div class=\"featured-content-image-list\">\n\t\t\t\t\t\t\t\t\t\t\t\t\t\t\t\t\t<img decoding=\"async\" src=\"https:\/\/www.visitcaerphilly.com\/wp-content\/uploads\/2024\/09\/Pride-Caerffili-scaled.jpg\" alt=\"\" \/>\n\t\t\t\t\t\t\t\t\t\t\t\t\t\t\t<\/div>\n\n\t\t\t\t\t\t\t<div class=\"featured-content-content-list\">\n\t\t\t\t\t\t\t\t\n\t\t\t\t\t\t\t\t<a href=\"https:\/\/www.visitcaerphilly.com\/cy\/digwyddiadau\/pride-caerffili-2026\/\"><h3>Pride Caerffili 2026<\/h3><\/a>\n\t\t\t\t\t\t\t\t\n\t\t\t\t\t\t\t\t<div class=\"event-date-list\">\n\t\t\t\t\t\t\t\t\t4 Gorffennaf 2026\t\t\t\t\t\t\t\t<\/div>\n\t\t\t\t\t\t\t\t\n\t\t\t\t\t\t\t\t\n\t\t\t\t\t\t\t\t\t\t\t\t\t\t\t\t\t<div class=\"featured-content-location\">\n\t\t\t\t\t\t\t\t\t\t<i class=\"fa-solid fa-location-dot\" aria-hidden=\"true\"><\/i>\n\t\t\t\t\t\t\t\t\t\tCanol tref Caerffili CF83 1JL\t\t\t\t\t\t\t\t\t<\/div>\n\t\t\t\t\t\t\t\t\t\t\t\t\t\t\t<\/div>\n\n\t\t\t\t\t\t\t\n\t\t\t\t\t\t\n\t\t\t\t\t<\/article>\t\n\t\t\t\t\t\t\t\t\t<article class=\"archive-content-card-list\">\n\t\t\t\t\t\t\n\t\t\t\t\t\t\t<div class=\"featured-content-image-list\">\n\t\t\t\t\t\t\t\t\t\t\t\t\t\t\t\t\t<img decoding=\"async\" src=\"https:\/\/www.visitcaerphilly.com\/wp-content\/uploads\/2024\/09\/Bargoed-Summer-Music-Festival-scaled.png\" alt=\"\" \/>\n\t\t\t\t\t\t\t\t\t\t\t\t\t\t\t<\/div>\n\n\t\t\t\t\t\t\t<div class=\"featured-content-content-list\">\n\t\t\t\t\t\t\t\t\n\t\t\t\t\t\t\t\t<a href=\"https:\/\/www.visitcaerphilly.com\/cy\/digwyddiadau\/gwyl-gerddoriaeth-yr-haf-bargod-2026\/\"><h3>G\u0175yl Gerddoriaeth yr Haf Bargod 2026<\/h3><\/a>\n\t\t\t\t\t\t\t\t\n\t\t\t\t\t\t\t\t<div class=\"event-date-list\">\n\t\t\t\t\t\t\t\t\t11 Gorffennaf 2026\t\t\t\t\t\t\t\t<\/div>\n\t\t\t\t\t\t\t\t\n\t\t\t\t\t\t\t\t\n\t\t\t\t\t\t\t\t\t\t\t\t\t\t\t\t\t<div class=\"featured-content-location\">\n\t\t\t\t\t\t\t\t\t\t<i class=\"fa-solid fa-location-dot\" aria-hidden=\"true\"><\/i>\n\t\t\t\t\t\t\t\t\t\tCanol tref Bargod CF81 8QT\t\t\t\t\t\t\t\t\t<\/div>\n\t\t\t\t\t\t\t\t\t\t\t\t\t\t\t<\/div>\n\n\t\t\t\t\t\t\t\n\t\t\t\t\t\t\n\t\t\t\t\t<\/article>\t\n\t\t\t\t\t\t\t\t\t<article class=\"archive-content-card-list\">\n\t\t\t\t\t\t\n\t\t\t\t\t\t\t<div class=\"featured-content-image-list\">\n\t\t\t\t\t\t\t\t\t\t\t\t\t\t\t\t\t<img decoding=\"async\" src=\"https:\/\/www.visitcaerphilly.com\/wp-content\/uploads\/2024\/09\/Blackwood-Beach-Party-scaled.png\" alt=\"\" \/>\n\t\t\t\t\t\t\t\t\t\t\t\t\t\t\t<\/div>\n\n\t\t\t\t\t\t\t<div class=\"featured-content-content-list\">\n\t\t\t\t\t\t\t\t\n\t\t\t\t\t\t\t\t<a href=\"https:\/\/www.visitcaerphilly.com\/cy\/digwyddiadau\/parti-traeth-coed-duon-2026\/\"><h3>Parti Traeth Coed Duon 2026<\/h3><\/a>\n\t\t\t\t\t\t\t\t\n\t\t\t\t\t\t\t\t<div class=\"event-date-list\">\n\t\t\t\t\t\t\t\t\t18 Gorffennaf 2026\t\t\t\t\t\t\t\t<\/div>\n\t\t\t\t\t\t\t\t\n\t\t\t\t\t\t\t\t\n\t\t\t\t\t\t\t\t\t\t\t\t\t\t\t\t\t<div class=\"featured-content-location\">\n\t\t\t\t\t\t\t\t\t\t<i class=\"fa-solid fa-location-dot\" aria-hidden=\"true\"><\/i>\n\t\t\t\t\t\t\t\t\t\tCanol tref Coed Duon NP12 1AB\t\t\t\t\t\t\t\t\t<\/div>\n\t\t\t\t\t\t\t\t\t\t\t\t\t\t\t<\/div>\n\n\t\t\t\t\t\t\t\n\t\t\t\t\t\t\n\t\t\t\t\t<\/article>\t\n\t\t\t\t\t\t\t\t\t<article class=\"archive-content-card-list\">\n\t\t\t\t\t\t\n\t\t\t\t\t\t\t<div class=\"featured-content-image-list\">\n\t\t\t\t\t\t\t\t\t\t\t\t\t\t\t\t\t<img decoding=\"async\" src=\"https:\/\/www.visitcaerphilly.com\/wp-content\/uploads\/2023\/05\/Caerphilly-Cheese-Festival-scaled.png\" alt=\"\" \/>\n\t\t\t\t\t\t\t\t\t\t\t\t\t\t\t<\/div>\n\n\t\t\t\t\t\t\t<div class=\"featured-content-content-list\">\n\t\t\t\t\t\t\t\t\n\t\t\t\t\t\t\t\t<a href=\"https:\/\/www.visitcaerphilly.com\/cy\/digwyddiadau\/gwyl-caws-caerffili-2026\/\"><h3>G\u0175yl Caws Caerffili 2026<\/h3><\/a>\n\t\t\t\t\t\t\t\t\n\t\t\t\t\t\t\t\t<div class=\"event-date-list\">\n\t\t\t\t\t\t\t\t\t29-30 Awst 2026\t\t\t\t\t\t\t\t<\/div>\n\t\t\t\t\t\t\t\t\n\t\t\t\t\t\t\t\t\n\t\t\t\t\t\t\t\t\t\t\t\t\t\t\t\t\t<div class=\"featured-content-location\">\n\t\t\t\t\t\t\t\t\t\t<i class=\"fa-solid fa-location-dot\" aria-hidden=\"true\"><\/i>\n\t\t\t\t\t\t\t\t\t\tCanol tref Caerffili CF83 1JL\t\t\t\t\t\t\t\t\t<\/div>\n\t\t\t\t\t\t\t\t\t\t\t\t\t\t\t<\/div>\n\n\t\t\t\t\t\t\t\n\t\t\t\t\t\t\n\t\t\t\t\t<\/article>\t\n\t\t\t\t\t\t\t\t\t<article class=\"archive-content-card-list\">\n\t\t\t\t\t\t\n\t\t\t\t\t\t\t<div class=\"featured-content-image-list\">\n\t\t\t\t\t\t\t\t\t\t\t\t\t\t\t\t\t<img decoding=\"async\" src=\"https:\/\/www.visitcaerphilly.com\/wp-content\/uploads\/2025\/07\/503840094_1291023143024576_1129900751327141175_n.jpg\" alt=\"\" \/>\n\t\t\t\t\t\t\t\t\t\t\t\t\t\t\t<\/div>\n\n\t\t\t\t\t\t\t<div class=\"featured-content-content-list\">\n\t\t\t\t\t\t\t\t\n\t\t\t\t\t\t\t\t<a href=\"https:\/\/www.visitcaerphilly.com\/cy\/digwyddiadau\/thank-abba-for-the-music\/\"><h3>Thank ABBA for the Music<\/h3><\/a>\n\t\t\t\t\t\t\t\t\n\t\t\t\t\t\t\t\t<div class=\"event-date-list\">\n\t\t\t\t\t\t\t\t\t24 Hydref 2026\t\t\t\t\t\t\t\t<\/div>\n\t\t\t\t\t\t\t\t\n\t\t\t\t\t\t\t\t\n\t\t\t\t\t\t\t\t\t\t\t\t\t\t\t\t\t<div class=\"featured-content-location\">\n\t\t\t\t\t\t\t\t\t\t<i class=\"fa-solid fa-location-dot\" aria-hidden=\"true\"><\/i>\n\t\t\t\t\t\t\t\t\t\tSefydliad y Glowyr, Coed Duon, Stryd Fawr, NP12 1BB\t\t\t\t\t\t\t\t\t<\/div>\n\t\t\t\t\t\t\t\t\t\t\t\t\t\t\t<\/div>\n\n\t\t\t\t\t\t\t\n\t\t\t\t\t\t\n\t\t\t\t\t<\/article>\t\n\t\t\t\t\t\t\t\t\t<article class=\"archive-content-card-list\">\n\t\t\t\t\t\t\n\t\t\t\t\t\t\t<div class=\"featured-content-image-list\">\n\t\t\t\t\t\t\t\t\t\t\t\t\t\t\t\t\t<img decoding=\"async\" src=\"https:\/\/www.visitcaerphilly.com\/wp-content\/uploads\/2023\/06\/Bargoed-Winter-Fair-1.jpg\" alt=\"\" \/>\n\t\t\t\t\t\t\t\t\t\t\t\t\t\t\t<\/div>\n\n\t\t\t\t\t\t\t<div class=\"featured-content-content-list\">\n\t\t\t\t\t\t\t\t\n\t\t\t\t\t\t\t\t<a href=\"https:\/\/www.visitcaerphilly.com\/cy\/digwyddiadau\/ffair-y-gaeaf-bargod-2026\/\"><h3>Ffair y Gaeaf, Bargod 2026<\/h3><\/a>\n\t\t\t\t\t\t\t\t\n\t\t\t\t\t\t\t\t<div class=\"event-date-list\">\n\t\t\t\t\t\t\t\t\t14 Tachwedd 2026\t\t\t\t\t\t\t\t<\/div>\n\t\t\t\t\t\t\t\t\n\t\t\t\t\t\t\t\t\n\t\t\t\t\t\t\t\t\t\t\t\t\t\t\t\t\t<div class=\"featured-content-location\">\n\t\t\t\t\t\t\t\t\t\t<i class=\"fa-solid fa-location-dot\" aria-hidden=\"true\"><\/i>\n\t\t\t\t\t\t\t\t\t\tCanol tref Bargod CF81 8QT\t\t\t\t\t\t\t\t\t<\/div>\n\t\t\t\t\t\t\t\t\t\t\t\t\t\t\t<\/div>\n\n\t\t\t\t\t\t\t\n\t\t\t\t\t\t\n\t\t\t\t\t<\/article>\t\n\t\t\t\t\t\t\t\t\t<article class=\"archive-content-card-list\">\n\t\t\t\t\t\t\n\t\t\t\t\t\t\t<div class=\"featured-content-image-list\">\n\t\t\t\t\t\t\t\t\t\t\t\t\t\t\t\t\t<img decoding=\"async\" src=\"https:\/\/www.visitcaerphilly.com\/wp-content\/uploads\/2024\/09\/Mini-Festive-Fair.jpg\" alt=\"\" \/>\n\t\t\t\t\t\t\t\t\t\t\t\t\t\t\t<\/div>\n\n\t\t\t\t\t\t\t<div class=\"featured-content-content-list\">\n\t\t\t\t\t\t\t\t\n\t\t\t\t\t\t\t\t<a href=\"https:\/\/www.visitcaerphilly.com\/cy\/digwyddiadau\/ffair-nadolig-fach-caerffili-2026-syn-cynnwys-cynnau-goleuadau-nadolig-caerffili-gorymdaith-llusernau-afon-y-goleuni-ac-arddangosfa-tan-gwyllt\/\"><h3>Ffair Nadolig Fach Caerffili 2026 (sy\u2019n cynnwys Cynnau Goleuadau Nadolig Caerffili, Gorymdaith Llusernau Afon y Goleuni ac Arddangosfa T\u00e2n Gwyllt)<\/h3><\/a>\n\t\t\t\t\t\t\t\t\n\t\t\t\t\t\t\t\t<div class=\"event-date-list\">\n\t\t\t\t\t\t\t\t\t20 Tachwedd 2026\t\t\t\t\t\t\t\t<\/div>\n\t\t\t\t\t\t\t\t\n\t\t\t\t\t\t\t\t\n\t\t\t\t\t\t\t\t\t\t\t\t\t\t\t\t\t<div class=\"featured-content-location\">\n\t\t\t\t\t\t\t\t\t\t<i class=\"fa-solid fa-location-dot\" aria-hidden=\"true\"><\/i>\n\t\t\t\t\t\t\t\t\t\tCanol tref Caerffili CF83 1JL\t\t\t\t\t\t\t\t\t<\/div>\n\t\t\t\t\t\t\t\t\t\t\t\t\t\t\t<\/div>\n\n\t\t\t\t\t\t\t\n\t\t\t\t\t\t\n\t\t\t\t\t<\/article>\t\n\t\t\t\t\t\t\t\t\t<article class=\"archive-content-card-list\">\n\t\t\t\t\t\t\n\t\t\t\t\t\t\t<div class=\"featured-content-image-list\">\n\t\t\t\t\t\t\t\t\t\t\t\t\t\t\t\t\t<img decoding=\"async\" src=\"https:\/\/www.visitcaerphilly.com\/wp-content\/uploads\/2024\/09\/Caerphilly-Christmas-Market.jpg\" alt=\"\" \/>\n\t\t\t\t\t\t\t\t\t\t\t\t\t\t\t<\/div>\n\n\t\t\t\t\t\t\t<div class=\"featured-content-content-list\">\n\t\t\t\t\t\t\t\t\n\t\t\t\t\t\t\t\t<a href=\"https:\/\/www.visitcaerphilly.com\/cy\/digwyddiadau\/marchnad-nadolig-caerffili-2026\/\"><h3>Marchnad Nadolig Caerffili 2026<\/h3><\/a>\n\t\t\t\t\t\t\t\t\n\t\t\t\t\t\t\t\t<div class=\"event-date-list\">\n\t\t\t\t\t\t\t\t\t21 Tachwedd 2026\t\t\t\t\t\t\t\t<\/div>\n\t\t\t\t\t\t\t\t\n\t\t\t\t\t\t\t\t\n\t\t\t\t\t\t\t\t\t\t\t\t\t\t\t\t\t<div class=\"featured-content-location\">\n\t\t\t\t\t\t\t\t\t\t<i class=\"fa-solid fa-location-dot\" aria-hidden=\"true\"><\/i>\n\t\t\t\t\t\t\t\t\t\tCanol tref Caerffili CF83 1JL\t\t\t\t\t\t\t\t\t<\/div>\n\t\t\t\t\t\t\t\t\t\t\t\t\t\t\t<\/div>\n\n\t\t\t\t\t\t\t\n\t\t\t\t\t\t\n\t\t\t\t\t<\/article>\t\n\t\t\t\t\t\t\t\t\t<article class=\"archive-content-card-list\">\n\t\t\t\t\t\t\n\t\t\t\t\t\t\t<div class=\"featured-content-image-list\">\n\t\t\t\t\t\t\t\t\t\t\t\t\t\t\t\t\t<img decoding=\"async\" src=\"https:\/\/www.visitcaerphilly.com\/wp-content\/uploads\/2025\/06\/498178170_1274236084703282_9221311571512543171_n.jpg\" alt=\"\" \/>\n\t\t\t\t\t\t\t\t\t\t\t\t\t\t\t<\/div>\n\n\t\t\t\t\t\t\t<div class=\"featured-content-content-list\">\n\t\t\t\t\t\t\t\t\n\t\t\t\t\t\t\t\t<a href=\"https:\/\/www.visitcaerphilly.com\/cy\/digwyddiadau\/the-take-that-experience\/\"><h3>The Take That Experience<\/h3><\/a>\n\t\t\t\t\t\t\t\t\n\t\t\t\t\t\t\t\t<div class=\"event-date-list\">\n\t\t\t\t\t\t\t\t\t21 Tachwedd 2026\t\t\t\t\t\t\t\t<\/div>\n\t\t\t\t\t\t\t\t\n\t\t\t\t\t\t\t\t\n\t\t\t\t\t\t\t\t\t\t\t\t\t\t\t\t\t<div class=\"featured-content-location\">\n\t\t\t\t\t\t\t\t\t\t<i class=\"fa-solid fa-location-dot\" aria-hidden=\"true\"><\/i>\n\t\t\t\t\t\t\t\t\t\tSefydliad y Glowyr, Coed Duon, Stryd Fawr, Coed Duon NP12 1BB\t\t\t\t\t\t\t\t\t<\/div>\n\t\t\t\t\t\t\t\t\t\t\t\t\t\t\t<\/div>\n\n\t\t\t\t\t\t\t\n\t\t\t\t\t\t\n\t\t\t\t\t<\/article>\t\n\t\t\t\t\t\t\t\t\t<article class=\"archive-content-card-list\">\n\t\t\t\t\t\t\n\t\t\t\t\t\t\t<div class=\"featured-content-image-list\">\n\t\t\t\t\t\t\t\t\t\t\t\t\t\t\t\t\t<img decoding=\"async\" src=\"https:\/\/www.visitcaerphilly.com\/wp-content\/uploads\/2023\/02\/Blackwood-Winter-Fair-scaled.png\" alt=\"\" \/>\n\t\t\t\t\t\t\t\t\t\t\t\t\t\t\t<\/div>\n\n\t\t\t\t\t\t\t<div class=\"featured-content-content-list\">\n\t\t\t\t\t\t\t\t\n\t\t\t\t\t\t\t\t<a href=\"https:\/\/www.visitcaerphilly.com\/cy\/digwyddiadau\/marchnad-nadolig-coed-duon-2026\/\"><h3>Marchnad Nadolig Coed Duon 2026<\/h3><\/a>\n\t\t\t\t\t\t\t\t\n\t\t\t\t\t\t\t\t<div class=\"event-date-list\">\n\t\t\t\t\t\t\t\t\t28 Tachwedd 2026\t\t\t\t\t\t\t\t<\/div>\n\t\t\t\t\t\t\t\t\n\t\t\t\t\t\t\t\t\n\t\t\t\t\t\t\t\t\t\t\t\t\t\t\t\t\t<div class=\"featured-content-location\">\n\t\t\t\t\t\t\t\t\t\t<i class=\"fa-solid fa-location-dot\" aria-hidden=\"true\"><\/i>\n\t\t\t\t\t\t\t\t\t\tCanol tref Coed Duon NP12 1AB\t\t\t\t\t\t\t\t\t<\/div>\n\t\t\t\t\t\t\t\t\t\t\t\t\t\t\t<\/div>\n\n\t\t\t\t\t\t\t\n\t\t\t\t\t\t\n\t\t\t\t\t<\/article>\t\n\t\t\t\t\t\t\t\t\t<article class=\"archive-content-card-list\">\n\t\t\t\t\t\t\n\t\t\t\t\t\t\t<div class=\"featured-content-image-list\">\n\t\t\t\t\t\t\t\t\t\t\t\t\t\t\t\t\t<img decoding=\"async\" src=\"https:\/\/www.visitcaerphilly.com\/wp-content\/uploads\/2023\/06\/Ystrad-Mynach-Winter-Fair-scaled.png\" alt=\"\" \/>\n\t\t\t\t\t\t\t\t\t\t\t\t\t\t\t<\/div>\n\n\t\t\t\t\t\t\t<div class=\"featured-content-content-list\">\n\t\t\t\t\t\t\t\t\n\t\t\t\t\t\t\t\t<a href=\"https:\/\/www.visitcaerphilly.com\/cy\/digwyddiadau\/ffair-y-gaeaf-ystrad-mynach-2026\/\"><h3>Marchnad Nadolig Ystrad Mynach 2026<\/h3><\/a>\n\t\t\t\t\t\t\t\t\n\t\t\t\t\t\t\t\t<div class=\"event-date-list\">\n\t\t\t\t\t\t\t\t\t5 Rhagfyr 2026\t\t\t\t\t\t\t\t<\/div>\n\t\t\t\t\t\t\t\t\n\t\t\t\t\t\t\t\t\n\t\t\t\t\t\t\t\t\t\t\t\t\t\t\t\t\t<div class=\"featured-content-location\">\n\t\t\t\t\t\t\t\t\t\t<i class=\"fa-solid fa-location-dot\" aria-hidden=\"true\"><\/i>\n\t\t\t\t\t\t\t\t\t\tCanol tref Ystrad Mynach CF82 7AB\t\t\t\t\t\t\t\t\t<\/div>\n\t\t\t\t\t\t\t\t\t\t\t\t\t\t\t<\/div>\n\n\t\t\t\t\t\t\t\n\t\t\t\t\t\t\n\t\t\t\t\t<\/article>\t\n\t\t\t\t\t\t\t\t<\/div>\n\t\t\t<\/div>\n\n\t\t\t\n\t\t\t<!-- Grid View -->\n\t\t\t<div id=\"gridView\" class=\"view-mode\" style=\"display: none;\">\n\t\t\t  <div class=\"featured-content-wrap\">\n\t\t\t\t\t\t\t\t\t<article class=\"archive-content-card\">\n\t\t\t\t\t\t<a href=\"https:\/\/www.visitcaerphilly.com\/cy\/digwyddiadau\/newbridges-got-talent\/\">\n\t\t\t\t\t\t\t<div class=\"featured-content-image\">\n\t\t\t\t\t\t\t\t\t\t\t\t\t\t\t\t\t<img decoding=\"async\" src=\"https:\/\/www.visitcaerphilly.com\/wp-content\/uploads\/2026\/04\/Newbridges-Got-Talent-Newbridge-Memo-1-e1777470908468.png\" alt=\"\" \/>\n\t\t\t\t\t\t\t\t\t\t\t\t\t\t\t<\/div>\n\n\t\t\t\t\t\t\t<div class=\"post-feed-feature-overlay\"><\/div>\n\n\t\t\t\t\t\t\t<div class=\"featured-content-content\">\n\n\t\t\t\t\t\t\t\t<h3>Newbridge&#8217;s Got Talent<\/h3>\n\t\t\t\t\t\t\t\t\n\t\t\t\t\t\t\t\t\t\t\t\t\t\t\t\t\t<div class=\"featured-content-location\">\n\t\t\t\t\t\t\t\t\t\t<i class=\"fa-solid fa-location-dot\" aria-hidden=\"true\"><\/i>\n\t\t\t\t\t\t\t\t\t\tNeuadd Goffa Trecelyn, Y Stryd Fawr, Trecelyn NP11 4FH\t\t\t\t\t\t\t\t\t<\/div>\n\t\t\t\t\t\t\t\t\t\t\t\t\t\t\t<\/div>\n\n\t\t\t\t\t\t\t<div class=\"event-date\">\n\t\t\t\t\t\t\t\t1 Mai 2026\t\t\t\t\t\t\t<\/div>\n\t\t\t\t\t\t<\/a>\n\t\t\t\t\t<\/article>\t\n\t\t\t\t\t\t\t\t\t<article class=\"archive-content-card\">\n\t\t\t\t\t\t<a href=\"https:\/\/www.visitcaerphilly.com\/cy\/digwyddiadau\/the-carpenters-voice-of-the-heart-yn-sefydliad-y-glowyr-coed-duon\/\">\n\t\t\t\t\t\t\t<div class=\"featured-content-image\">\n\t\t\t\t\t\t\t\t\t\t\t\t\t\t\t\t\t<img decoding=\"async\" src=\"https:\/\/www.visitcaerphilly.com\/wp-content\/uploads\/2025\/01\/Carpenters.png\" alt=\"\" \/>\n\t\t\t\t\t\t\t\t\t\t\t\t\t\t\t<\/div>\n\n\t\t\t\t\t\t\t<div class=\"post-feed-feature-overlay\"><\/div>\n\n\t\t\t\t\t\t\t<div class=\"featured-content-content\">\n\n\t\t\t\t\t\t\t\t<h3>The Carpenters &#8211; Voice of the Heart<\/h3>\n\t\t\t\t\t\t\t\t\n\t\t\t\t\t\t\t\t\t\t\t\t\t\t\t\t\t<div class=\"featured-content-location\">\n\t\t\t\t\t\t\t\t\t\t<i class=\"fa-solid fa-location-dot\" aria-hidden=\"true\"><\/i>\n\t\t\t\t\t\t\t\t\t\tSefydliad y Glowyr, Coed Duon, Y Stryd Fawr, Coed Duon NP12 1BB\t\t\t\t\t\t\t\t\t<\/div>\n\t\t\t\t\t\t\t\t\t\t\t\t\t\t\t<\/div>\n\n\t\t\t\t\t\t\t<div class=\"event-date\">\n\t\t\t\t\t\t\t\t1 Mai 2026\t\t\t\t\t\t\t<\/div>\n\t\t\t\t\t\t<\/a>\n\t\t\t\t\t<\/article>\t\n\t\t\t\t\t\t\t\t\t<article class=\"archive-content-card\">\n\t\t\t\t\t\t<a href=\"https:\/\/www.visitcaerphilly.com\/cy\/digwyddiadau\/gwyl-gwn-undydd\/\">\n\t\t\t\t\t\t\t<div class=\"featured-content-image\">\n\t\t\t\t\t\t\t\t\t\t\t\t\t\t\t\t\t<img decoding=\"async\" src=\"https:\/\/www.visitcaerphilly.com\/wp-content\/uploads\/2026\/03\/Ffos-Doggy-Day-Fest-Event.png\" alt=\"\" \/>\n\t\t\t\t\t\t\t\t\t\t\t\t\t\t\t<\/div>\n\n\t\t\t\t\t\t\t<div class=\"post-feed-feature-overlay\"><\/div>\n\n\t\t\t\t\t\t\t<div class=\"featured-content-content\">\n\n\t\t\t\t\t\t\t\t<h3>G\u0175yl G\u0175n Undydd<\/h3>\n\t\t\t\t\t\t\t\t\n\t\t\t\t\t\t\t\t\t\t\t\t\t\t\t\t\t<div class=\"featured-content-location\">\n\t\t\t\t\t\t\t\t\t\t<i class=\"fa-solid fa-location-dot\" aria-hidden=\"true\"><\/i>\n\t\t\t\t\t\t\t\t\t\tFfos Caerffili, Park Lane, Caerffili CF83 1FN\t\t\t\t\t\t\t\t\t<\/div>\n\t\t\t\t\t\t\t\t\t\t\t\t\t\t\t<\/div>\n\n\t\t\t\t\t\t\t<div class=\"event-date\">\n\t\t\t\t\t\t\t\t2 Mai 2026\t\t\t\t\t\t\t<\/div>\n\t\t\t\t\t\t<\/a>\n\t\t\t\t\t<\/article>\t\n\t\t\t\t\t\t\t\t\t<article class=\"archive-content-card\">\n\t\t\t\t\t\t<a href=\"https:\/\/www.visitcaerphilly.com\/cy\/digwyddiadau\/caffi-atgyweirio\/\">\n\t\t\t\t\t\t\t<div class=\"featured-content-image\">\n\t\t\t\t\t\t\t\t\t\t\t\t\t\t\t\t\t<img decoding=\"async\" src=\"https:\/\/www.visitcaerphilly.com\/wp-content\/uploads\/2025\/08\/Repair-Cafe-Caerphilly-Miners-Centre.jpg\" alt=\"\" \/>\n\t\t\t\t\t\t\t\t\t\t\t\t\t\t\t<\/div>\n\n\t\t\t\t\t\t\t<div class=\"post-feed-feature-overlay\"><\/div>\n\n\t\t\t\t\t\t\t<div class=\"featured-content-content\">\n\n\t\t\t\t\t\t\t\t<h3>Caffi Atgyweirio<\/h3>\n\t\t\t\t\t\t\t\t\n\t\t\t\t\t\t\t\t\t\t\t\t\t\t\t\t\t<div class=\"featured-content-location\">\n\t\t\t\t\t\t\t\t\t\t<i class=\"fa-solid fa-location-dot\" aria-hidden=\"true\"><\/i>\n\t\t\t\t\t\t\t\t\t\tCanolfan y Glowyr, Caerffili, Watford Road CF83 1BJ\t\t\t\t\t\t\t\t\t<\/div>\n\t\t\t\t\t\t\t\t\t\t\t\t\t\t\t<\/div>\n\n\t\t\t\t\t\t\t<div class=\"event-date\">\n\t\t\t\t\t\t\t\t2 Mai 2026\t\t\t\t\t\t\t<\/div>\n\t\t\t\t\t\t<\/a>\n\t\t\t\t\t<\/article>\t\n\t\t\t\t\t\t\t\t\t<article class=\"archive-content-card\">\n\t\t\t\t\t\t<a href=\"https:\/\/www.visitcaerphilly.com\/cy\/digwyddiadau\/wicked-sing-along-party\/\">\n\t\t\t\t\t\t\t<div class=\"featured-content-image\">\n\t\t\t\t\t\t\t\t\t\t\t\t\t\t\t\t\t<img decoding=\"async\" src=\"https:\/\/www.visitcaerphilly.com\/wp-content\/uploads\/2026\/04\/Wicked-Watch-Along-Party-Newbridge-Memo-1.png\" alt=\"\" \/>\n\t\t\t\t\t\t\t\t\t\t\t\t\t\t\t<\/div>\n\n\t\t\t\t\t\t\t<div class=\"post-feed-feature-overlay\"><\/div>\n\n\t\t\t\t\t\t\t<div class=\"featured-content-content\">\n\n\t\t\t\t\t\t\t\t<h3>Wicked Sing-Along Party<\/h3>\n\t\t\t\t\t\t\t\t\n\t\t\t\t\t\t\t\t\t\t\t\t\t\t\t<\/div>\n\n\t\t\t\t\t\t\t<div class=\"event-date\">\n\t\t\t\t\t\t\t\t2 Mai 2026\t\t\t\t\t\t\t<\/div>\n\t\t\t\t\t\t<\/a>\n\t\t\t\t\t<\/article>\t\n\t\t\t\t\t\t\t\t\t<article class=\"archive-content-card\">\n\t\t\t\t\t\t<a href=\"https:\/\/www.visitcaerphilly.com\/cy\/digwyddiadau\/mr-blue-sky\/\">\n\t\t\t\t\t\t\t<div class=\"featured-content-image\">\n\t\t\t\t\t\t\t\t\t\t\t\t\t\t\t\t\t<img decoding=\"async\" src=\"https:\/\/www.visitcaerphilly.com\/wp-content\/uploads\/2026\/03\/Mr-Blue-Sky-Blackwood-Miners-Institute.jpg\" alt=\"\" \/>\n\t\t\t\t\t\t\t\t\t\t\t\t\t\t\t<\/div>\n\n\t\t\t\t\t\t\t<div class=\"post-feed-feature-overlay\"><\/div>\n\n\t\t\t\t\t\t\t<div class=\"featured-content-content\">\n\n\t\t\t\t\t\t\t\t<h3>Mr Blue Sky<\/h3>\n\t\t\t\t\t\t\t\t\n\t\t\t\t\t\t\t\t\t\t\t\t\t\t\t\t\t<div class=\"featured-content-location\">\n\t\t\t\t\t\t\t\t\t\t<i class=\"fa-solid fa-location-dot\" aria-hidden=\"true\"><\/i>\n\t\t\t\t\t\t\t\t\t\tSefydliad y Glowyr, Coed Duon, Y Stryd Fawr, Coed Duon NP12 1BB\t\t\t\t\t\t\t\t\t<\/div>\n\t\t\t\t\t\t\t\t\t\t\t\t\t\t\t<\/div>\n\n\t\t\t\t\t\t\t<div class=\"event-date\">\n\t\t\t\t\t\t\t\t2 Mai 2026\t\t\t\t\t\t\t<\/div>\n\t\t\t\t\t\t<\/a>\n\t\t\t\t\t<\/article>\t\n\t\t\t\t\t\t\t\t\t<article class=\"archive-content-card\">\n\t\t\t\t\t\t<a href=\"https:\/\/www.visitcaerphilly.com\/cy\/digwyddiadau\/lee-gilberts-lunchtime-concert\/\">\n\t\t\t\t\t\t\t<div class=\"featured-content-image\">\n\t\t\t\t\t\t\t\t\t\t\t\t\t\t\t\t\t<img decoding=\"async\" src=\"https:\/\/www.visitcaerphilly.com\/wp-content\/uploads\/2026\/04\/Lee-Gilberts-Lunchtime-Concert-Blackwood-Miners-Institute-e1775036403808.jpg\" alt=\"\" \/>\n\t\t\t\t\t\t\t\t\t\t\t\t\t\t\t<\/div>\n\n\t\t\t\t\t\t\t<div class=\"post-feed-feature-overlay\"><\/div>\n\n\t\t\t\t\t\t\t<div class=\"featured-content-content\">\n\n\t\t\t\t\t\t\t\t<h3>Lee Gilbert&#8217;s Lunchtime Concert<\/h3>\n\t\t\t\t\t\t\t\t\n\t\t\t\t\t\t\t\t\t\t\t\t\t\t\t\t\t<div class=\"featured-content-location\">\n\t\t\t\t\t\t\t\t\t\t<i class=\"fa-solid fa-location-dot\" aria-hidden=\"true\"><\/i>\n\t\t\t\t\t\t\t\t\t\tSefydliad y Glowyr, Coed Duon, Y Stryd Fawr, Coed Duon NP12 1BB\t\t\t\t\t\t\t\t\t<\/div>\n\t\t\t\t\t\t\t\t\t\t\t\t\t\t\t<\/div>\n\n\t\t\t\t\t\t\t<div class=\"event-date\">\n\t\t\t\t\t\t\t\t6-7 Mai 2026\t\t\t\t\t\t\t<\/div>\n\t\t\t\t\t\t<\/a>\n\t\t\t\t\t<\/article>\t\n\t\t\t\t\t\t\t\t\t<article class=\"archive-content-card\">\n\t\t\t\t\t\t<a href=\"https:\/\/www.visitcaerphilly.com\/cy\/digwyddiadau\/comedy-nights-yn-sefydliad-y-glowyr-coed-duon\/\">\n\t\t\t\t\t\t\t<div class=\"featured-content-image\">\n\t\t\t\t\t\t\t\t\t\t\t\t\t\t\t\t\t<img decoding=\"async\" src=\"https:\/\/www.visitcaerphilly.com\/wp-content\/uploads\/2024\/01\/Comedy_NewWebSize-1_1.jpg\" alt=\"\" \/>\n\t\t\t\t\t\t\t\t\t\t\t\t\t\t\t<\/div>\n\n\t\t\t\t\t\t\t<div class=\"post-feed-feature-overlay\"><\/div>\n\n\t\t\t\t\t\t\t<div class=\"featured-content-content\">\n\n\t\t\t\t\t\t\t\t<h3>Noson Gomedi Sefydliad y Glowyr, Coed Duon<\/h3>\n\t\t\t\t\t\t\t\t\n\t\t\t\t\t\t\t\t\t\t\t\t\t\t\t\t\t<div class=\"featured-content-location\">\n\t\t\t\t\t\t\t\t\t\t<i class=\"fa-solid fa-location-dot\" aria-hidden=\"true\"><\/i>\n\t\t\t\t\t\t\t\t\t\tSefydliad y Glowyr Coed Duon, Stryd Fawr, Coed Duon NP12 1BB\t\t\t\t\t\t\t\t\t<\/div>\n\t\t\t\t\t\t\t\t\t\t\t\t\t\t\t<\/div>\n\n\t\t\t\t\t\t\t<div class=\"event-date\">\n\t\t\t\t\t\t\t\t8 Mai 2026\t\t\t\t\t\t\t<\/div>\n\t\t\t\t\t\t<\/a>\n\t\t\t\t\t<\/article>\t\n\t\t\t\t\t\t\t\t\t<article class=\"archive-content-card\">\n\t\t\t\t\t\t<a href=\"https:\/\/www.visitcaerphilly.com\/cy\/digwyddiadau\/ffair-fai-bargod-2026\/\">\n\t\t\t\t\t\t\t<div class=\"featured-content-image\">\n\t\t\t\t\t\t\t\t\t\t\t\t\t\t\t\t\t<img decoding=\"async\" src=\"https:\/\/www.visitcaerphilly.com\/wp-content\/uploads\/2026\/01\/BargoedMayFair2026_Facebook_w.jpg\" alt=\"\" \/>\n\t\t\t\t\t\t\t\t\t\t\t\t\t\t\t<\/div>\n\n\t\t\t\t\t\t\t<div class=\"post-feed-feature-overlay\"><\/div>\n\n\t\t\t\t\t\t\t<div class=\"featured-content-content\">\n\n\t\t\t\t\t\t\t\t<h3>Ffair Fai Bargod 2026<\/h3>\n\t\t\t\t\t\t\t\t\n\t\t\t\t\t\t\t\t\t\t\t\t\t\t\t\t\t<div class=\"featured-content-location\">\n\t\t\t\t\t\t\t\t\t\t<i class=\"fa-solid fa-location-dot\" aria-hidden=\"true\"><\/i>\n\t\t\t\t\t\t\t\t\t\tCanol tref Bargod CF81 8QT\t\t\t\t\t\t\t\t\t<\/div>\n\t\t\t\t\t\t\t\t\t\t\t\t\t\t\t<\/div>\n\n\t\t\t\t\t\t\t<div class=\"event-date\">\n\t\t\t\t\t\t\t\t9 Mai 2026\t\t\t\t\t\t\t<\/div>\n\t\t\t\t\t\t<\/a>\n\t\t\t\t\t<\/article>\t\n\t\t\t\t\t\t\t\t\t<article class=\"archive-content-card\">\n\t\t\t\t\t\t<a href=\"https:\/\/www.visitcaerphilly.com\/cy\/digwyddiadau\/pit-party\/\">\n\t\t\t\t\t\t\t<div class=\"featured-content-image\">\n\t\t\t\t\t\t\t\t\t\t\t\t\t\t\t\t\t<img decoding=\"async\" src=\"https:\/\/www.visitcaerphilly.com\/wp-content\/uploads\/2025\/10\/Pit-Party.jpg\" alt=\"\" \/>\n\t\t\t\t\t\t\t\t\t\t\t\t\t\t\t<\/div>\n\n\t\t\t\t\t\t\t<div class=\"post-feed-feature-overlay\"><\/div>\n\n\t\t\t\t\t\t\t<div class=\"featured-content-content\">\n\n\t\t\t\t\t\t\t\t<h3>Pit Party<\/h3>\n\t\t\t\t\t\t\t\t\n\t\t\t\t\t\t\t\t\t\t\t\t\t\t\t\t\t<div class=\"featured-content-location\">\n\t\t\t\t\t\t\t\t\t\t<i class=\"fa-solid fa-location-dot\" aria-hidden=\"true\"><\/i>\n\t\t\t\t\t\t\t\t\t\tSefydliad y Glowyr, Coed Duon, Y Stryd Fawr NP12 1BB\t\t\t\t\t\t\t\t\t<\/div>\n\t\t\t\t\t\t\t\t\t\t\t\t\t\t\t<\/div>\n\n\t\t\t\t\t\t\t<div class=\"event-date\">\n\t\t\t\t\t\t\t\t9 Mai 2026\t\t\t\t\t\t\t<\/div>\n\t\t\t\t\t\t<\/a>\n\t\t\t\t\t<\/article>\t\n\t\t\t\t\t\t\t\t\t<article class=\"archive-content-card\">\n\t\t\t\t\t\t<a href=\"https:\/\/www.visitcaerphilly.com\/cy\/digwyddiadau\/rasys-10-cilomedr-a-2-gilomedr-caerffili-bryn-meadows-2026\/\">\n\t\t\t\t\t\t\t<div class=\"featured-content-image\">\n\t\t\t\t\t\t\t\t\t\t\t\t\t\t\t\t\t<img decoding=\"async\" src=\"https:\/\/www.visitcaerphilly.com\/wp-content\/uploads\/2023\/02\/Caerphilly-10k-scaled.png\" alt=\"\" \/>\n\t\t\t\t\t\t\t\t\t\t\t\t\t\t\t<\/div>\n\n\t\t\t\t\t\t\t<div class=\"post-feed-feature-overlay\"><\/div>\n\n\t\t\t\t\t\t\t<div class=\"featured-content-content\">\n\n\t\t\t\t\t\t\t\t<h3>Rasys 10 cilomedr a 2 gilomedr Caerffili Bryn Meadows 2026<\/h3>\n\t\t\t\t\t\t\t\t\n\t\t\t\t\t\t\t\t\t\t\t\t\t\t\t\t\t<div class=\"featured-content-location\">\n\t\t\t\t\t\t\t\t\t\t<i class=\"fa-solid fa-location-dot\" aria-hidden=\"true\"><\/i>\n\t\t\t\t\t\t\t\t\t\tCaerffili CF83 1AB\t\t\t\t\t\t\t\t\t<\/div>\n\t\t\t\t\t\t\t\t\t\t\t\t\t\t\t<\/div>\n\n\t\t\t\t\t\t\t<div class=\"event-date\">\n\t\t\t\t\t\t\t\t10 Mai 2026\t\t\t\t\t\t\t<\/div>\n\t\t\t\t\t\t<\/a>\n\t\t\t\t\t<\/article>\t\n\t\t\t\t\t\t\t\t\t<article class=\"archive-content-card\">\n\t\t\t\t\t\t<a href=\"https:\/\/www.visitcaerphilly.com\/cy\/digwyddiadau\/one-foot-in-the-groove\/\">\n\t\t\t\t\t\t\t<div class=\"featured-content-image\">\n\t\t\t\t\t\t\t\t\t\t\t\t\t\t\t\t\t<img decoding=\"async\" src=\"https:\/\/www.visitcaerphilly.com\/wp-content\/uploads\/2025\/06\/497728788_1273477368112487_3910382210510216904_n.jpg\" alt=\"\" \/>\n\t\t\t\t\t\t\t\t\t\t\t\t\t\t\t<\/div>\n\n\t\t\t\t\t\t\t<div class=\"post-feed-feature-overlay\"><\/div>\n\n\t\t\t\t\t\t\t<div class=\"featured-content-content\">\n\n\t\t\t\t\t\t\t\t<h3>One Foot in the Groove<\/h3>\n\t\t\t\t\t\t\t\t\n\t\t\t\t\t\t\t\t\t\t\t\t\t\t\t\t\t<div class=\"featured-content-location\">\n\t\t\t\t\t\t\t\t\t\t<i class=\"fa-solid fa-location-dot\" aria-hidden=\"true\"><\/i>\n\t\t\t\t\t\t\t\t\t\tSefydliad y Glowyr, Coed Duon, Y Stryd Fawr, Coed Duon NP12 1BB\t\t\t\t\t\t\t\t\t<\/div>\n\t\t\t\t\t\t\t\t\t\t\t\t\t\t\t<\/div>\n\n\t\t\t\t\t\t\t<div class=\"event-date\">\n\t\t\t\t\t\t\t\t15 Mai 2026\t\t\t\t\t\t\t<\/div>\n\t\t\t\t\t\t<\/a>\n\t\t\t\t\t<\/article>\t\n\t\t\t\t\t\t\t\t\t<article class=\"archive-content-card\">\n\t\t\t\t\t\t<a href=\"https:\/\/www.visitcaerphilly.com\/cy\/digwyddiadau\/craig-revel-horwood-revelations\/\">\n\t\t\t\t\t\t\t<div class=\"featured-content-image\">\n\t\t\t\t\t\t\t\t\t\t\t\t\t\t\t\t\t<img decoding=\"async\" src=\"https:\/\/www.visitcaerphilly.com\/wp-content\/uploads\/2026\/03\/Craig-Revel-Horwood-Blackwood-Miners-Institute.jpg\" alt=\"\" \/>\n\t\t\t\t\t\t\t\t\t\t\t\t\t\t\t<\/div>\n\n\t\t\t\t\t\t\t<div class=\"post-feed-feature-overlay\"><\/div>\n\n\t\t\t\t\t\t\t<div class=\"featured-content-content\">\n\n\t\t\t\t\t\t\t\t<h3>Craig Revel Horwood: Revelations<\/h3>\n\t\t\t\t\t\t\t\t\n\t\t\t\t\t\t\t\t\t\t\t\t\t\t\t\t\t<div class=\"featured-content-location\">\n\t\t\t\t\t\t\t\t\t\t<i class=\"fa-solid fa-location-dot\" aria-hidden=\"true\"><\/i>\n\t\t\t\t\t\t\t\t\t\tSefydliad y Glowyr, Coed Duon, Y Stryd Fawr, Coed Duon NP12 1BB\t\t\t\t\t\t\t\t\t<\/div>\n\t\t\t\t\t\t\t\t\t\t\t\t\t\t\t<\/div>\n\n\t\t\t\t\t\t\t<div class=\"event-date\">\n\t\t\t\t\t\t\t\t16 Mai 2026\t\t\t\t\t\t\t<\/div>\n\t\t\t\t\t\t<\/a>\n\t\t\t\t\t<\/article>\t\n\t\t\t\t\t\t\t\t\t<article class=\"archive-content-card\">\n\t\t\t\t\t\t<a href=\"https:\/\/www.visitcaerphilly.com\/cy\/digwyddiadau\/showgirls-sharks\/\">\n\t\t\t\t\t\t\t<div class=\"featured-content-image\">\n\t\t\t\t\t\t\t\t\t\t\t\t\t\t\t\t\t<img decoding=\"async\" src=\"https:\/\/www.visitcaerphilly.com\/wp-content\/uploads\/2026\/04\/arts-council-image.png\" alt=\"\" \/>\n\t\t\t\t\t\t\t\t\t\t\t\t\t\t\t<\/div>\n\n\t\t\t\t\t\t\t<div class=\"post-feed-feature-overlay\"><\/div>\n\n\t\t\t\t\t\t\t<div class=\"featured-content-content\">\n\n\t\t\t\t\t\t\t\t<h3>Showgirls &amp; Sharks<\/h3>\n\t\t\t\t\t\t\t\t\n\t\t\t\t\t\t\t\t\t\t\t\t\t\t\t\t\t<div class=\"featured-content-location\">\n\t\t\t\t\t\t\t\t\t\t<i class=\"fa-solid fa-location-dot\" aria-hidden=\"true\"><\/i>\n\t\t\t\t\t\t\t\t\t\tSefydliad y Glowyr, Coed Duon, Y Stryd Fawr, Coed Duon NP12 1BB\t\t\t\t\t\t\t\t\t<\/div>\n\t\t\t\t\t\t\t\t\t\t\t\t\t\t\t<\/div>\n\n\t\t\t\t\t\t\t<div class=\"event-date\">\n\t\t\t\t\t\t\t\t22 Mai 2026\t\t\t\t\t\t\t<\/div>\n\t\t\t\t\t\t<\/a>\n\t\t\t\t\t<\/article>\t\n\t\t\t\t\t\t\t\t\t<article class=\"archive-content-card\">\n\t\t\t\t\t\t<a href=\"https:\/\/www.visitcaerphilly.com\/cy\/digwyddiadau\/gwyl-seidr-caerffili\/\">\n\t\t\t\t\t\t\t<div class=\"featured-content-image\">\n\t\t\t\t\t\t\t\t\t\t\t\t\t\t\t\t\t<img decoding=\"async\" src=\"https:\/\/www.visitcaerphilly.com\/wp-content\/uploads\/2025\/07\/Ffos-Caerffili-Caerphilly-Cider-Festival.jpg\" alt=\"\" \/>\n\t\t\t\t\t\t\t\t\t\t\t\t\t\t\t<\/div>\n\n\t\t\t\t\t\t\t<div class=\"post-feed-feature-overlay\"><\/div>\n\n\t\t\t\t\t\t\t<div class=\"featured-content-content\">\n\n\t\t\t\t\t\t\t\t<h3>G\u0175yl Seidr Caerffili<\/h3>\n\t\t\t\t\t\t\t\t\n\t\t\t\t\t\t\t\t\t\t\t\t\t\t\t\t\t<div class=\"featured-content-location\">\n\t\t\t\t\t\t\t\t\t\t<i class=\"fa-solid fa-location-dot\" aria-hidden=\"true\"><\/i>\n\t\t\t\t\t\t\t\t\t\tFfos Caerffili, Park Lane, Caerffili CF83 1FN\t\t\t\t\t\t\t\t\t<\/div>\n\t\t\t\t\t\t\t\t\t\t\t\t\t\t\t<\/div>\n\n\t\t\t\t\t\t\t<div class=\"event-date\">\n\t\t\t\t\t\t\t\t23-25 Mai 2026\t\t\t\t\t\t\t<\/div>\n\t\t\t\t\t\t<\/a>\n\t\t\t\t\t<\/article>\t\n\t\t\t\t\t\t\t\t\t<article class=\"archive-content-card\">\n\t\t\t\t\t\t<a href=\"https:\/\/www.visitcaerphilly.com\/cy\/digwyddiadau\/noson-werin-yn-sefydliad-y-glowyr-coed-duon\/\">\n\t\t\t\t\t\t\t<div class=\"featured-content-image\">\n\t\t\t\t\t\t\t\t\t\t\t\t\t\t\t\t\t<img decoding=\"async\" src=\"https:\/\/www.visitcaerphilly.com\/wp-content\/uploads\/2024\/10\/BMIFolkNight-e1729250039601.png\" alt=\"\" \/>\n\t\t\t\t\t\t\t\t\t\t\t\t\t\t\t<\/div>\n\n\t\t\t\t\t\t\t<div class=\"post-feed-feature-overlay\"><\/div>\n\n\t\t\t\t\t\t\t<div class=\"featured-content-content\">\n\n\t\t\t\t\t\t\t\t<h3>Noson Werin<\/h3>\n\t\t\t\t\t\t\t\t\n\t\t\t\t\t\t\t\t\t\t\t\t\t\t\t\t\t<div class=\"featured-content-location\">\n\t\t\t\t\t\t\t\t\t\t<i class=\"fa-solid fa-location-dot\" aria-hidden=\"true\"><\/i>\n\t\t\t\t\t\t\t\t\t\tSefydliad y Glowyr, Coed Duon, Y Stryd Fawr, Coed Duon NP12 1BB\t\t\t\t\t\t\t\t\t<\/div>\n\t\t\t\t\t\t\t\t\t\t\t\t\t\t\t<\/div>\n\n\t\t\t\t\t\t\t<div class=\"event-date\">\n\t\t\t\t\t\t\t\t27 Mai 2026\t\t\t\t\t\t\t<\/div>\n\t\t\t\t\t\t<\/a>\n\t\t\t\t\t<\/article>\t\n\t\t\t\t\t\t\t\t\t<article class=\"archive-content-card\">\n\t\t\t\t\t\t<a href=\"https:\/\/www.blackwoodminersinstitute.com\/cy\/whats-on\/welsh-wrestling\/\">\n\t\t\t\t\t\t\t<div class=\"featured-content-image\">\n\t\t\t\t\t\t\t\t\t\t\t\t\t\t\t\t\t<img decoding=\"async\" src=\"https:\/\/www.visitcaerphilly.com\/wp-content\/uploads\/2025\/01\/welsh-wrestling.png\" alt=\"\" \/>\n\t\t\t\t\t\t\t\t\t\t\t\t\t\t\t<\/div>\n\n\t\t\t\t\t\t\t<div class=\"post-feed-feature-overlay\"><\/div>\n\n\t\t\t\t\t\t\t<div class=\"featured-content-content\">\n\n\t\t\t\t\t\t\t\t<h3>Welsh Wrestling<\/h3>\n\t\t\t\t\t\t\t\t\n\t\t\t\t\t\t\t\t\t\t\t\t\t\t\t\t\t<div class=\"featured-content-location\">\n\t\t\t\t\t\t\t\t\t\t<i class=\"fa-solid fa-location-dot\" aria-hidden=\"true\"><\/i>\n\t\t\t\t\t\t\t\t\t\tSefydliad y Glowyr, Coed Duon, Stryd Fawr, Coed Duon NP12 1BB\t\t\t\t\t\t\t\t\t<\/div>\n\t\t\t\t\t\t\t\t\t\t\t\t\t\t\t<\/div>\n\n\t\t\t\t\t\t\t<div class=\"event-date\">\n\t\t\t\t\t\t\t\t29 Mai 2026\t\t\t\t\t\t\t<\/div>\n\t\t\t\t\t\t<\/a>\n\t\t\t\t\t<\/article>\t\n\t\t\t\t\t\t\t\t\t<article class=\"archive-content-card\">\n\t\t\t\t\t\t<a href=\"https:\/\/www.visitcaerphilly.com\/cy\/digwyddiadau\/cwis-tafarn\/\">\n\t\t\t\t\t\t\t<div class=\"featured-content-image\">\n\t\t\t\t\t\t\t\t\t\t\t\t\t\t\t\t\t<img decoding=\"async\" src=\"https:\/\/www.visitcaerphilly.com\/wp-content\/uploads\/2025\/07\/Ffos-Quiz-Night-Socials-BLUE.jpg\" alt=\"\" \/>\n\t\t\t\t\t\t\t\t\t\t\t\t\t\t\t<\/div>\n\n\t\t\t\t\t\t\t<div class=\"post-feed-feature-overlay\"><\/div>\n\n\t\t\t\t\t\t\t<div class=\"featured-content-content\">\n\n\t\t\t\t\t\t\t\t<h3>Noson Gwis Ffos Caerffili<\/h3>\n\t\t\t\t\t\t\t\t\n\t\t\t\t\t\t\t\t\t\t\t\t\t\t\t\t\t<div class=\"featured-content-location\">\n\t\t\t\t\t\t\t\t\t\t<i class=\"fa-solid fa-location-dot\" aria-hidden=\"true\"><\/i>\n\t\t\t\t\t\t\t\t\t\tFfos Caerffili, Park Lane, Caerffili CF83 1FN\t\t\t\t\t\t\t\t\t<\/div>\n\t\t\t\t\t\t\t\t\t\t\t\t\t\t\t<\/div>\n\n\t\t\t\t\t\t\t<div class=\"event-date\">\n\t\t\t\t\t\t\t\t29 Mai 2026\t\t\t\t\t\t\t<\/div>\n\t\t\t\t\t\t<\/a>\n\t\t\t\t\t<\/article>\t\n\t\t\t\t\t\t\t\t\t<article class=\"archive-content-card\">\n\t\t\t\t\t\t<a href=\"https:\/\/www.visitcaerphilly.com\/cy\/digwyddiadau\/castle-court-and-craft-food-market\/\">\n\t\t\t\t\t\t\t<div class=\"featured-content-image\">\n\t\t\t\t\t\t\t\t\t\t\t\t\t\t\t\t\t<img decoding=\"async\" src=\"https:\/\/www.visitcaerphilly.com\/wp-content\/uploads\/2019\/08\/Castle-Court-Shopping-Centre.jpg\" alt=\"\" \/>\n\t\t\t\t\t\t\t\t\t\t\t\t\t\t\t<\/div>\n\n\t\t\t\t\t\t\t<div class=\"post-feed-feature-overlay\"><\/div>\n\n\t\t\t\t\t\t\t<div class=\"featured-content-content\">\n\n\t\t\t\t\t\t\t\t<h3>Lle&#8217;r Farchnad Caerffili<\/h3>\n\t\t\t\t\t\t\t\t\n\t\t\t\t\t\t\t\t\t\t\t\t\t\t\t\t\t<div class=\"featured-content-location\">\n\t\t\t\t\t\t\t\t\t\t<i class=\"fa-solid fa-location-dot\" aria-hidden=\"true\"><\/i>\n\t\t\t\t\t\t\t\t\t\tMorrisons, Caerffili CF83 1XP\t\t\t\t\t\t\t\t\t<\/div>\n\t\t\t\t\t\t\t\t\t\t\t\t\t\t\t<\/div>\n\n\t\t\t\t\t\t\t<div class=\"event-date\">\n\t\t\t\t\t\t\t\t30 Mai 2026 &#8211; 12 Rhagfyr 2026\t\t\t\t\t\t\t<\/div>\n\t\t\t\t\t\t<\/a>\n\t\t\t\t\t<\/article>\t\n\t\t\t\t\t\t\t\t\t<article class=\"archive-content-card\">\n\t\t\t\t\t\t<a href=\"https:\/\/www.visitcaerphilly.com\/cy\/digwyddiadau\/90s-live\/\">\n\t\t\t\t\t\t\t<div class=\"featured-content-image\">\n\t\t\t\t\t\t\t\t\t\t\t\t\t\t\t\t\t<img decoding=\"async\" src=\"https:\/\/www.visitcaerphilly.com\/wp-content\/uploads\/2026\/04\/90s-Live-Blackwood-Miners-Institute.jpg\" alt=\"\" \/>\n\t\t\t\t\t\t\t\t\t\t\t\t\t\t\t<\/div>\n\n\t\t\t\t\t\t\t<div class=\"post-feed-feature-overlay\"><\/div>\n\n\t\t\t\t\t\t\t<div class=\"featured-content-content\">\n\n\t\t\t\t\t\t\t\t<h3>90s Live<\/h3>\n\t\t\t\t\t\t\t\t\n\t\t\t\t\t\t\t\t\t\t\t\t\t\t\t\t\t<div class=\"featured-content-location\">\n\t\t\t\t\t\t\t\t\t\t<i class=\"fa-solid fa-location-dot\" aria-hidden=\"true\"><\/i>\n\t\t\t\t\t\t\t\t\t\tSefydliad y Glowyr, Coed Duon, Y Stryd Fawr, Coed Duon NP12 1BB\t\t\t\t\t\t\t\t\t<\/div>\n\t\t\t\t\t\t\t\t\t\t\t\t\t\t\t<\/div>\n\n\t\t\t\t\t\t\t<div class=\"event-date\">\n\t\t\t\t\t\t\t\t30 Mai 2026\t\t\t\t\t\t\t<\/div>\n\t\t\t\t\t\t<\/a>\n\t\t\t\t\t<\/article>\t\n\t\t\t\t\t\t\t\t\t<article class=\"archive-content-card\">\n\t\t\t\t\t\t<a href=\"https:\/\/www.visitcaerphilly.com\/cy\/digwyddiadau\/meet-fred\/\">\n\t\t\t\t\t\t\t<div class=\"featured-content-image\">\n\t\t\t\t\t\t\t\t\t\t\t\t\t\t\t\t\t<img decoding=\"async\" src=\"https:\/\/www.visitcaerphilly.com\/wp-content\/uploads\/2026\/04\/Meet-Fred-Blackwood-Miners-Institute.jpg\" alt=\"\" \/>\n\t\t\t\t\t\t\t\t\t\t\t\t\t\t\t<\/div>\n\n\t\t\t\t\t\t\t<div class=\"post-feed-feature-overlay\"><\/div>\n\n\t\t\t\t\t\t\t<div class=\"featured-content-content\">\n\n\t\t\t\t\t\t\t\t<h3>Meet Fred<\/h3>\n\t\t\t\t\t\t\t\t\n\t\t\t\t\t\t\t\t\t\t\t\t\t\t\t\t\t<div class=\"featured-content-location\">\n\t\t\t\t\t\t\t\t\t\t<i class=\"fa-solid fa-location-dot\" aria-hidden=\"true\"><\/i>\n\t\t\t\t\t\t\t\t\t\tSefydliad y Glowyr, Coed Duon, Y Stryd Fawr, Coed Duon NP12 1BB\t\t\t\t\t\t\t\t\t<\/div>\n\t\t\t\t\t\t\t\t\t\t\t\t\t\t\t<\/div>\n\n\t\t\t\t\t\t\t<div class=\"event-date\">\n\t\t\t\t\t\t\t\t1 Mehefin 2026\t\t\t\t\t\t\t<\/div>\n\t\t\t\t\t\t<\/a>\n\t\t\t\t\t<\/article>\t\n\t\t\t\t\t\t\t\t\t<article class=\"archive-content-card\">\n\t\t\t\t\t\t<a href=\"https:\/\/www.visitcaerphilly.com\/cy\/digwyddiadau\/pianoforte\/\">\n\t\t\t\t\t\t\t<div class=\"featured-content-image\">\n\t\t\t\t\t\t\t\t\t\t\t\t\t\t\t\t\t<img decoding=\"async\" src=\"https:\/\/www.visitcaerphilly.com\/wp-content\/uploads\/2026\/04\/Pianoforte-Blackwood-Miners-Institute.jpg\" alt=\"\" \/>\n\t\t\t\t\t\t\t\t\t\t\t\t\t\t\t<\/div>\n\n\t\t\t\t\t\t\t<div class=\"post-feed-feature-overlay\"><\/div>\n\n\t\t\t\t\t\t\t<div class=\"featured-content-content\">\n\n\t\t\t\t\t\t\t\t<h3>Pianoforte<\/h3>\n\t\t\t\t\t\t\t\t\n\t\t\t\t\t\t\t\t\t\t\t\t\t\t\t\t\t<div class=\"featured-content-location\">\n\t\t\t\t\t\t\t\t\t\t<i class=\"fa-solid fa-location-dot\" aria-hidden=\"true\"><\/i>\n\t\t\t\t\t\t\t\t\t\tSefydliad y Glowyr, Coed Duon, Y Stryd Fawr, Coed Duon NP12 1BB\t\t\t\t\t\t\t\t\t<\/div>\n\t\t\t\t\t\t\t\t\t\t\t\t\t\t\t<\/div>\n\n\t\t\t\t\t\t\t<div class=\"event-date\">\n\t\t\t\t\t\t\t\t3 Mehefin 2026\t\t\t\t\t\t\t<\/div>\n\t\t\t\t\t\t<\/a>\n\t\t\t\t\t<\/article>\t\n\t\t\t\t\t\t\t\t\t<article class=\"archive-content-card\">\n\t\t\t\t\t\t<a href=\"https:\/\/www.visitcaerphilly.com\/cy\/digwyddiadau\/emilio-santoro-as-elvis-yn-sefydliad-y-glowyr-coed-duon\/\">\n\t\t\t\t\t\t\t<div class=\"featured-content-image\">\n\t\t\t\t\t\t\t\t\t\t\t\t\t\t\t\t\t<img decoding=\"async\" src=\"https:\/\/www.visitcaerphilly.com\/wp-content\/uploads\/2025\/03\/451630845_1022766559850237_6119575335978486520_n.jpg\" alt=\"\" \/>\n\t\t\t\t\t\t\t\t\t\t\t\t\t\t\t<\/div>\n\n\t\t\t\t\t\t\t<div class=\"post-feed-feature-overlay\"><\/div>\n\n\t\t\t\t\t\t\t<div class=\"featured-content-content\">\n\n\t\t\t\t\t\t\t\t<h3>Emilio Santoro as Elvis<\/h3>\n\t\t\t\t\t\t\t\t\n\t\t\t\t\t\t\t\t\t\t\t\t\t\t\t\t\t<div class=\"featured-content-location\">\n\t\t\t\t\t\t\t\t\t\t<i class=\"fa-solid fa-location-dot\" aria-hidden=\"true\"><\/i>\n\t\t\t\t\t\t\t\t\t\tSefydliad y Glowyr, Coed Duon, Y Stryd Fawr, Coed Duon NP12 1BB\t\t\t\t\t\t\t\t\t<\/div>\n\t\t\t\t\t\t\t\t\t\t\t\t\t\t\t<\/div>\n\n\t\t\t\t\t\t\t<div class=\"event-date\">\n\t\t\t\t\t\t\t\t5-6 Mehefin 2026\t\t\t\t\t\t\t<\/div>\n\t\t\t\t\t\t<\/a>\n\t\t\t\t\t<\/article>\t\n\t\t\t\t\t\t\t\t\t<article class=\"archive-content-card\">\n\t\t\t\t\t\t<a href=\"https:\/\/www.visitcaerphilly.com\/cy\/digwyddiadau\/gwyl-fwyd-traeth-rhisga\/\">\n\t\t\t\t\t\t\t<div class=\"featured-content-image\">\n\t\t\t\t\t\t\t\t\t\t\t\t\t\t\t\t\t<img decoding=\"async\" src=\"https:\/\/www.visitcaerphilly.com\/wp-content\/uploads\/2026\/01\/Risca-Beach-FEASTival-scaled.jpg\" alt=\"\" \/>\n\t\t\t\t\t\t\t\t\t\t\t\t\t\t\t<\/div>\n\n\t\t\t\t\t\t\t<div class=\"post-feed-feature-overlay\"><\/div>\n\n\t\t\t\t\t\t\t<div class=\"featured-content-content\">\n\n\t\t\t\t\t\t\t\t<h3>G\u0175yl Fwyd Traeth Rhisga<\/h3>\n\t\t\t\t\t\t\t\t\n\t\t\t\t\t\t\t\t\t\t\t\t\t\t\t\t\t<div class=\"featured-content-location\">\n\t\t\t\t\t\t\t\t\t\t<i class=\"fa-solid fa-location-dot\" aria-hidden=\"true\"><\/i>\n\t\t\t\t\t\t\t\t\t\tParc Tredegar, canol tref Rhisga NP11 6BW\t\t\t\t\t\t\t\t\t<\/div>\n\t\t\t\t\t\t\t\t\t\t\t\t\t\t\t<\/div>\n\n\t\t\t\t\t\t\t<div class=\"event-date\">\n\t\t\t\t\t\t\t\t6-7 Mehefin 2026\t\t\t\t\t\t\t<\/div>\n\t\t\t\t\t\t<\/a>\n\t\t\t\t\t<\/article>\t\n\t\t\t\t\t\t\t\t\t<article class=\"archive-content-card\">\n\t\t\t\t\t\t<a href=\"https:\/\/www.visitcaerphilly.com\/cy\/digwyddiadau\/white-lies\/\">\n\t\t\t\t\t\t\t<div class=\"featured-content-image\">\n\t\t\t\t\t\t\t\t\t\t\t\t\t\t\t\t\t<img decoding=\"async\" src=\"https:\/\/www.visitcaerphilly.com\/wp-content\/uploads\/2026\/04\/White-Lies-Blackwood-Miners-Institute.jpg\" alt=\"\" \/>\n\t\t\t\t\t\t\t\t\t\t\t\t\t\t\t<\/div>\n\n\t\t\t\t\t\t\t<div class=\"post-feed-feature-overlay\"><\/div>\n\n\t\t\t\t\t\t\t<div class=\"featured-content-content\">\n\n\t\t\t\t\t\t\t\t<h3>White Lies<\/h3>\n\t\t\t\t\t\t\t\t\n\t\t\t\t\t\t\t\t\t\t\t\t\t\t\t\t\t<div class=\"featured-content-location\">\n\t\t\t\t\t\t\t\t\t\t<i class=\"fa-solid fa-location-dot\" aria-hidden=\"true\"><\/i>\n\t\t\t\t\t\t\t\t\t\tSefydliad y Glowyr, Coed Duon, Y Stryd Fawr, Coed Duon NP12 1BB\t\t\t\t\t\t\t\t\t<\/div>\n\t\t\t\t\t\t\t\t\t\t\t\t\t\t\t<\/div>\n\n\t\t\t\t\t\t\t<div class=\"event-date\">\n\t\t\t\t\t\t\t\t11 Mehefin 2026\t\t\t\t\t\t\t<\/div>\n\t\t\t\t\t\t<\/a>\n\t\t\t\t\t<\/article>\t\n\t\t\t\t\t\t\t\t\t<article class=\"archive-content-card\">\n\t\t\t\t\t\t<a href=\"https:\/\/www.visitcaerphilly.com\/cy\/digwyddiadau\/diwrnod-ir-brenin-ar-sul-y-tadau\/\">\n\t\t\t\t\t\t\t<div class=\"featured-content-image\">\n\t\t\t\t\t\t\t\t\t\t\t\t\t\t\t\t\t<img decoding=\"async\" src=\"https:\/\/www.visitcaerphilly.com\/wp-content\/uploads\/2025\/06\/CAERPHILLY-CASTLE-FRONT-VIEW-FROM-VISITOR-CENTRE-INSIDE-\u00aeCrown-copyright-2015-Cadw.jpg\" alt=\"\" \/>\n\t\t\t\t\t\t\t\t\t\t\t\t\t\t\t<\/div>\n\n\t\t\t\t\t\t\t<div class=\"post-feed-feature-overlay\"><\/div>\n\n\t\t\t\t\t\t\t<div class=\"featured-content-content\">\n\n\t\t\t\t\t\t\t\t<h3>Diwrnod i&#8217;r Brenin ar Sul y Tadau<\/h3>\n\t\t\t\t\t\t\t\t\n\t\t\t\t\t\t\t\t\t\t\t\t\t\t\t\t\t<div class=\"featured-content-location\">\n\t\t\t\t\t\t\t\t\t\t<i class=\"fa-solid fa-location-dot\" aria-hidden=\"true\"><\/i>\n\t\t\t\t\t\t\t\t\t\tCastell Caerffili, Castle Street, Caerffili CF83 1JD\t\t\t\t\t\t\t\t\t<\/div>\n\t\t\t\t\t\t\t\t\t\t\t\t\t\t\t<\/div>\n\n\t\t\t\t\t\t\t<div class=\"event-date\">\n\t\t\t\t\t\t\t\t21 Mehefin 2026\t\t\t\t\t\t\t<\/div>\n\t\t\t\t\t\t<\/a>\n\t\t\t\t\t<\/article>\t\n\t\t\t\t\t\t\t\t\t<article class=\"archive-content-card\">\n\t\t\t\t\t\t<a href=\"https:\/\/www.visitcaerphilly.com\/cy\/digwyddiadau\/lipstick-on-your-collar-yn-sefydliad-y-glowyr-coed-duon\/\">\n\t\t\t\t\t\t\t<div class=\"featured-content-image\">\n\t\t\t\t\t\t\t\t\t\t\t\t\t\t\t\t\t<img decoding=\"async\" src=\"https:\/\/www.visitcaerphilly.com\/wp-content\/uploads\/2024\/03\/492801145_1257985702994987_6892394057613430297_n.jpg\" alt=\"\" \/>\n\t\t\t\t\t\t\t\t\t\t\t\t\t\t\t<\/div>\n\n\t\t\t\t\t\t\t<div class=\"post-feed-feature-overlay\"><\/div>\n\n\t\t\t\t\t\t\t<div class=\"featured-content-content\">\n\n\t\t\t\t\t\t\t\t<h3>Lipstick on Your Collar<\/h3>\n\t\t\t\t\t\t\t\t\n\t\t\t\t\t\t\t\t\t\t\t\t\t\t\t\t\t<div class=\"featured-content-location\">\n\t\t\t\t\t\t\t\t\t\t<i class=\"fa-solid fa-location-dot\" aria-hidden=\"true\"><\/i>\n\t\t\t\t\t\t\t\t\t\tSefydliad y Glowyr Coed Duon, Stryd Fawr, Coed Duon NP12 1BB\t\t\t\t\t\t\t\t\t<\/div>\n\t\t\t\t\t\t\t\t\t\t\t\t\t\t\t<\/div>\n\n\t\t\t\t\t\t\t<div class=\"event-date\">\n\t\t\t\t\t\t\t\t27 Mehefin 2026\t\t\t\t\t\t\t<\/div>\n\t\t\t\t\t\t<\/a>\n\t\t\t\t\t<\/article>\t\n\t\t\t\t\t\t\t\t\t<article class=\"archive-content-card\">\n\t\t\t\t\t\t<a href=\"https:\/\/www.visitcaerphilly.com\/cy\/digwyddiadau\/pride-caerffili-2026\/\">\n\t\t\t\t\t\t\t<div class=\"featured-content-image\">\n\t\t\t\t\t\t\t\t\t\t\t\t\t\t\t\t\t<img decoding=\"async\" src=\"https:\/\/www.visitcaerphilly.com\/wp-content\/uploads\/2024\/09\/Pride-Caerffili-scaled.jpg\" alt=\"\" \/>\n\t\t\t\t\t\t\t\t\t\t\t\t\t\t\t<\/div>\n\n\t\t\t\t\t\t\t<div class=\"post-feed-feature-overlay\"><\/div>\n\n\t\t\t\t\t\t\t<div class=\"featured-content-content\">\n\n\t\t\t\t\t\t\t\t<h3>Pride Caerffili 2026<\/h3>\n\t\t\t\t\t\t\t\t\n\t\t\t\t\t\t\t\t\t\t\t\t\t\t\t\t\t<div class=\"featured-content-location\">\n\t\t\t\t\t\t\t\t\t\t<i class=\"fa-solid fa-location-dot\" aria-hidden=\"true\"><\/i>\n\t\t\t\t\t\t\t\t\t\tCanol tref Caerffili CF83 1JL\t\t\t\t\t\t\t\t\t<\/div>\n\t\t\t\t\t\t\t\t\t\t\t\t\t\t\t<\/div>\n\n\t\t\t\t\t\t\t<div class=\"event-date\">\n\t\t\t\t\t\t\t\t4 Gorffennaf 2026\t\t\t\t\t\t\t<\/div>\n\t\t\t\t\t\t<\/a>\n\t\t\t\t\t<\/article>\t\n\t\t\t\t\t\t\t\t\t<article class=\"archive-content-card\">\n\t\t\t\t\t\t<a href=\"https:\/\/www.visitcaerphilly.com\/cy\/digwyddiadau\/gwyl-gerddoriaeth-yr-haf-bargod-2026\/\">\n\t\t\t\t\t\t\t<div class=\"featured-content-image\">\n\t\t\t\t\t\t\t\t\t\t\t\t\t\t\t\t\t<img decoding=\"async\" src=\"https:\/\/www.visitcaerphilly.com\/wp-content\/uploads\/2024\/09\/Bargoed-Summer-Music-Festival-scaled.png\" alt=\"\" \/>\n\t\t\t\t\t\t\t\t\t\t\t\t\t\t\t<\/div>\n\n\t\t\t\t\t\t\t<div class=\"post-feed-feature-overlay\"><\/div>\n\n\t\t\t\t\t\t\t<div class=\"featured-content-content\">\n\n\t\t\t\t\t\t\t\t<h3>G\u0175yl Gerddoriaeth yr Haf Bargod 2026<\/h3>\n\t\t\t\t\t\t\t\t\n\t\t\t\t\t\t\t\t\t\t\t\t\t\t\t\t\t<div class=\"featured-content-location\">\n\t\t\t\t\t\t\t\t\t\t<i class=\"fa-solid fa-location-dot\" aria-hidden=\"true\"><\/i>\n\t\t\t\t\t\t\t\t\t\tCanol tref Bargod CF81 8QT\t\t\t\t\t\t\t\t\t<\/div>\n\t\t\t\t\t\t\t\t\t\t\t\t\t\t\t<\/div>\n\n\t\t\t\t\t\t\t<div class=\"event-date\">\n\t\t\t\t\t\t\t\t11 Gorffennaf 2026\t\t\t\t\t\t\t<\/div>\n\t\t\t\t\t\t<\/a>\n\t\t\t\t\t<\/article>\t\n\t\t\t\t\t\t\t\t\t<article class=\"archive-content-card\">\n\t\t\t\t\t\t<a href=\"https:\/\/www.visitcaerphilly.com\/cy\/digwyddiadau\/parti-traeth-coed-duon-2026\/\">\n\t\t\t\t\t\t\t<div class=\"featured-content-image\">\n\t\t\t\t\t\t\t\t\t\t\t\t\t\t\t\t\t<img decoding=\"async\" src=\"https:\/\/www.visitcaerphilly.com\/wp-content\/uploads\/2024\/09\/Blackwood-Beach-Party-scaled.png\" alt=\"\" \/>\n\t\t\t\t\t\t\t\t\t\t\t\t\t\t\t<\/div>\n\n\t\t\t\t\t\t\t<div class=\"post-feed-feature-overlay\"><\/div>\n\n\t\t\t\t\t\t\t<div class=\"featured-content-content\">\n\n\t\t\t\t\t\t\t\t<h3>Parti Traeth Coed Duon 2026<\/h3>\n\t\t\t\t\t\t\t\t\n\t\t\t\t\t\t\t\t\t\t\t\t\t\t\t\t\t<div class=\"featured-content-location\">\n\t\t\t\t\t\t\t\t\t\t<i class=\"fa-solid fa-location-dot\" aria-hidden=\"true\"><\/i>\n\t\t\t\t\t\t\t\t\t\tCanol tref Coed Duon NP12 1AB\t\t\t\t\t\t\t\t\t<\/div>\n\t\t\t\t\t\t\t\t\t\t\t\t\t\t\t<\/div>\n\n\t\t\t\t\t\t\t<div class=\"event-date\">\n\t\t\t\t\t\t\t\t18 Gorffennaf 2026\t\t\t\t\t\t\t<\/div>\n\t\t\t\t\t\t<\/a>\n\t\t\t\t\t<\/article>\t\n\t\t\t\t\t\t\t\t\t<article class=\"archive-content-card\">\n\t\t\t\t\t\t<a href=\"https:\/\/www.visitcaerphilly.com\/cy\/digwyddiadau\/gwyl-caws-caerffili-2026\/\">\n\t\t\t\t\t\t\t<div class=\"featured-content-image\">\n\t\t\t\t\t\t\t\t\t\t\t\t\t\t\t\t\t<img decoding=\"async\" src=\"https:\/\/www.visitcaerphilly.com\/wp-content\/uploads\/2023\/05\/Caerphilly-Cheese-Festival-scaled.png\" alt=\"\" \/>\n\t\t\t\t\t\t\t\t\t\t\t\t\t\t\t<\/div>\n\n\t\t\t\t\t\t\t<div class=\"post-feed-feature-overlay\"><\/div>\n\n\t\t\t\t\t\t\t<div class=\"featured-content-content\">\n\n\t\t\t\t\t\t\t\t<h3>G\u0175yl Caws Caerffili 2026<\/h3>\n\t\t\t\t\t\t\t\t\n\t\t\t\t\t\t\t\t\t\t\t\t\t\t\t\t\t<div class=\"featured-content-location\">\n\t\t\t\t\t\t\t\t\t\t<i class=\"fa-solid fa-location-dot\" aria-hidden=\"true\"><\/i>\n\t\t\t\t\t\t\t\t\t\tCanol tref Caerffili CF83 1JL\t\t\t\t\t\t\t\t\t<\/div>\n\t\t\t\t\t\t\t\t\t\t\t\t\t\t\t<\/div>\n\n\t\t\t\t\t\t\t<div class=\"event-date\">\n\t\t\t\t\t\t\t\t29-30 Awst 2026\t\t\t\t\t\t\t<\/div>\n\t\t\t\t\t\t<\/a>\n\t\t\t\t\t<\/article>\t\n\t\t\t\t\t\t\t\t\t<article class=\"archive-content-card\">\n\t\t\t\t\t\t<a href=\"https:\/\/www.visitcaerphilly.com\/cy\/digwyddiadau\/thank-abba-for-the-music\/\">\n\t\t\t\t\t\t\t<div class=\"featured-content-image\">\n\t\t\t\t\t\t\t\t\t\t\t\t\t\t\t\t\t<img decoding=\"async\" src=\"https:\/\/www.visitcaerphilly.com\/wp-content\/uploads\/2025\/07\/503840094_1291023143024576_1129900751327141175_n.jpg\" alt=\"\" \/>\n\t\t\t\t\t\t\t\t\t\t\t\t\t\t\t<\/div>\n\n\t\t\t\t\t\t\t<div class=\"post-feed-feature-overlay\"><\/div>\n\n\t\t\t\t\t\t\t<div class=\"featured-content-content\">\n\n\t\t\t\t\t\t\t\t<h3>Thank ABBA for the Music<\/h3>\n\t\t\t\t\t\t\t\t\n\t\t\t\t\t\t\t\t\t\t\t\t\t\t\t\t\t<div class=\"featured-content-location\">\n\t\t\t\t\t\t\t\t\t\t<i class=\"fa-solid fa-location-dot\" aria-hidden=\"true\"><\/i>\n\t\t\t\t\t\t\t\t\t\tSefydliad y Glowyr, Coed Duon, Stryd Fawr, NP12 1BB\t\t\t\t\t\t\t\t\t<\/div>\n\t\t\t\t\t\t\t\t\t\t\t\t\t\t\t<\/div>\n\n\t\t\t\t\t\t\t<div class=\"event-date\">\n\t\t\t\t\t\t\t\t24 Hydref 2026\t\t\t\t\t\t\t<\/div>\n\t\t\t\t\t\t<\/a>\n\t\t\t\t\t<\/article>\t\n\t\t\t\t\t\t\t\t\t<article class=\"archive-content-card\">\n\t\t\t\t\t\t<a href=\"https:\/\/www.visitcaerphilly.com\/cy\/digwyddiadau\/ffair-y-gaeaf-bargod-2026\/\">\n\t\t\t\t\t\t\t<div class=\"featured-content-image\">\n\t\t\t\t\t\t\t\t\t\t\t\t\t\t\t\t\t<img decoding=\"async\" src=\"https:\/\/www.visitcaerphilly.com\/wp-content\/uploads\/2023\/06\/Bargoed-Winter-Fair-1.jpg\" alt=\"\" \/>\n\t\t\t\t\t\t\t\t\t\t\t\t\t\t\t<\/div>\n\n\t\t\t\t\t\t\t<div class=\"post-feed-feature-overlay\"><\/div>\n\n\t\t\t\t\t\t\t<div class=\"featured-content-content\">\n\n\t\t\t\t\t\t\t\t<h3>Ffair y Gaeaf, Bargod 2026<\/h3>\n\t\t\t\t\t\t\t\t\n\t\t\t\t\t\t\t\t\t\t\t\t\t\t\t\t\t<div class=\"featured-content-location\">\n\t\t\t\t\t\t\t\t\t\t<i class=\"fa-solid fa-location-dot\" aria-hidden=\"true\"><\/i>\n\t\t\t\t\t\t\t\t\t\tCanol tref Bargod CF81 8QT\t\t\t\t\t\t\t\t\t<\/div>\n\t\t\t\t\t\t\t\t\t\t\t\t\t\t\t<\/div>\n\n\t\t\t\t\t\t\t<div class=\"event-date\">\n\t\t\t\t\t\t\t\t14 Tachwedd 2026\t\t\t\t\t\t\t<\/div>\n\t\t\t\t\t\t<\/a>\n\t\t\t\t\t<\/article>\t\n\t\t\t\t\t\t\t\t\t<article class=\"archive-content-card\">\n\t\t\t\t\t\t<a href=\"https:\/\/www.visitcaerphilly.com\/cy\/digwyddiadau\/ffair-nadolig-fach-caerffili-2026-syn-cynnwys-cynnau-goleuadau-nadolig-caerffili-gorymdaith-llusernau-afon-y-goleuni-ac-arddangosfa-tan-gwyllt\/\">\n\t\t\t\t\t\t\t<div class=\"featured-content-image\">\n\t\t\t\t\t\t\t\t\t\t\t\t\t\t\t\t\t<img decoding=\"async\" src=\"https:\/\/www.visitcaerphilly.com\/wp-content\/uploads\/2024\/09\/Mini-Festive-Fair.jpg\" alt=\"\" \/>\n\t\t\t\t\t\t\t\t\t\t\t\t\t\t\t<\/div>\n\n\t\t\t\t\t\t\t<div class=\"post-feed-feature-overlay\"><\/div>\n\n\t\t\t\t\t\t\t<div class=\"featured-content-content\">\n\n\t\t\t\t\t\t\t\t<h3>Ffair Nadolig Fach Caerffili 2026 (sy\u2019n cynnwys Cynnau Goleuadau Nadolig Caerffili, Gorymdaith Llusernau Afon y Goleuni ac Arddangosfa T\u00e2n Gwyllt)<\/h3>\n\t\t\t\t\t\t\t\t\n\t\t\t\t\t\t\t\t\t\t\t\t\t\t\t\t\t<div class=\"featured-content-location\">\n\t\t\t\t\t\t\t\t\t\t<i class=\"fa-solid fa-location-dot\" aria-hidden=\"true\"><\/i>\n\t\t\t\t\t\t\t\t\t\tCanol tref Caerffili CF83 1JL\t\t\t\t\t\t\t\t\t<\/div>\n\t\t\t\t\t\t\t\t\t\t\t\t\t\t\t<\/div>\n\n\t\t\t\t\t\t\t<div class=\"event-date\">\n\t\t\t\t\t\t\t\t20 Tachwedd 2026\t\t\t\t\t\t\t<\/div>\n\t\t\t\t\t\t<\/a>\n\t\t\t\t\t<\/article>\t\n\t\t\t\t\t\t\t\t\t<article class=\"archive-content-card\">\n\t\t\t\t\t\t<a href=\"https:\/\/www.visitcaerphilly.com\/cy\/digwyddiadau\/marchnad-nadolig-caerffili-2026\/\">\n\t\t\t\t\t\t\t<div class=\"featured-content-image\">\n\t\t\t\t\t\t\t\t\t\t\t\t\t\t\t\t\t<img decoding=\"async\" src=\"https:\/\/www.visitcaerphilly.com\/wp-content\/uploads\/2024\/09\/Caerphilly-Christmas-Market.jpg\" alt=\"\" \/>\n\t\t\t\t\t\t\t\t\t\t\t\t\t\t\t<\/div>\n\n\t\t\t\t\t\t\t<div class=\"post-feed-feature-overlay\"><\/div>\n\n\t\t\t\t\t\t\t<div class=\"featured-content-content\">\n\n\t\t\t\t\t\t\t\t<h3>Marchnad Nadolig Caerffili 2026<\/h3>\n\t\t\t\t\t\t\t\t\n\t\t\t\t\t\t\t\t\t\t\t\t\t\t\t\t\t<div class=\"featured-content-location\">\n\t\t\t\t\t\t\t\t\t\t<i class=\"fa-solid fa-location-dot\" aria-hidden=\"true\"><\/i>\n\t\t\t\t\t\t\t\t\t\tCanol tref Caerffili CF83 1JL\t\t\t\t\t\t\t\t\t<\/div>\n\t\t\t\t\t\t\t\t\t\t\t\t\t\t\t<\/div>\n\n\t\t\t\t\t\t\t<div class=\"event-date\">\n\t\t\t\t\t\t\t\t21 Tachwedd 2026\t\t\t\t\t\t\t<\/div>\n\t\t\t\t\t\t<\/a>\n\t\t\t\t\t<\/article>\t\n\t\t\t\t\t\t\t\t\t<article class=\"archive-content-card\">\n\t\t\t\t\t\t<a href=\"https:\/\/www.visitcaerphilly.com\/cy\/digwyddiadau\/the-take-that-experience\/\">\n\t\t\t\t\t\t\t<div class=\"featured-content-image\">\n\t\t\t\t\t\t\t\t\t\t\t\t\t\t\t\t\t<img decoding=\"async\" src=\"https:\/\/www.visitcaerphilly.com\/wp-content\/uploads\/2025\/06\/498178170_1274236084703282_9221311571512543171_n.jpg\" alt=\"\" \/>\n\t\t\t\t\t\t\t\t\t\t\t\t\t\t\t<\/div>\n\n\t\t\t\t\t\t\t<div class=\"post-feed-feature-overlay\"><\/div>\n\n\t\t\t\t\t\t\t<div class=\"featured-content-content\">\n\n\t\t\t\t\t\t\t\t<h3>The Take That Experience<\/h3>\n\t\t\t\t\t\t\t\t\n\t\t\t\t\t\t\t\t\t\t\t\t\t\t\t\t\t<div class=\"featured-content-location\">\n\t\t\t\t\t\t\t\t\t\t<i class=\"fa-solid fa-location-dot\" aria-hidden=\"true\"><\/i>\n\t\t\t\t\t\t\t\t\t\tSefydliad y Glowyr, Coed Duon, Stryd Fawr, Coed Duon NP12 1BB\t\t\t\t\t\t\t\t\t<\/div>\n\t\t\t\t\t\t\t\t\t\t\t\t\t\t\t<\/div>\n\n\t\t\t\t\t\t\t<div class=\"event-date\">\n\t\t\t\t\t\t\t\t21 Tachwedd 2026\t\t\t\t\t\t\t<\/div>\n\t\t\t\t\t\t<\/a>\n\t\t\t\t\t<\/article>\t\n\t\t\t\t\t\t\t\t\t<article class=\"archive-content-card\">\n\t\t\t\t\t\t<a href=\"https:\/\/www.visitcaerphilly.com\/cy\/digwyddiadau\/marchnad-nadolig-coed-duon-2026\/\">\n\t\t\t\t\t\t\t<div class=\"featured-content-image\">\n\t\t\t\t\t\t\t\t\t\t\t\t\t\t\t\t\t<img decoding=\"async\" src=\"https:\/\/www.visitcaerphilly.com\/wp-content\/uploads\/2023\/02\/Blackwood-Winter-Fair-scaled.png\" alt=\"\" \/>\n\t\t\t\t\t\t\t\t\t\t\t\t\t\t\t<\/div>\n\n\t\t\t\t\t\t\t<div class=\"post-feed-feature-overlay\"><\/div>\n\n\t\t\t\t\t\t\t<div class=\"featured-content-content\">\n\n\t\t\t\t\t\t\t\t<h3>Marchnad Nadolig Coed Duon 2026<\/h3>\n\t\t\t\t\t\t\t\t\n\t\t\t\t\t\t\t\t\t\t\t\t\t\t\t\t\t<div class=\"featured-content-location\">\n\t\t\t\t\t\t\t\t\t\t<i class=\"fa-solid fa-location-dot\" aria-hidden=\"true\"><\/i>\n\t\t\t\t\t\t\t\t\t\tCanol tref Coed Duon NP12 1AB\t\t\t\t\t\t\t\t\t<\/div>\n\t\t\t\t\t\t\t\t\t\t\t\t\t\t\t<\/div>\n\n\t\t\t\t\t\t\t<div class=\"event-date\">\n\t\t\t\t\t\t\t\t28 Tachwedd 2026\t\t\t\t\t\t\t<\/div>\n\t\t\t\t\t\t<\/a>\n\t\t\t\t\t<\/article>\t\n\t\t\t\t\t\t\t\t\t<article class=\"archive-content-card\">\n\t\t\t\t\t\t<a href=\"https:\/\/www.visitcaerphilly.com\/cy\/digwyddiadau\/ffair-y-gaeaf-ystrad-mynach-2026\/\">\n\t\t\t\t\t\t\t<div class=\"featured-content-image\">\n\t\t\t\t\t\t\t\t\t\t\t\t\t\t\t\t\t<img decoding=\"async\" src=\"https:\/\/www.visitcaerphilly.com\/wp-content\/uploads\/2023\/06\/Ystrad-Mynach-Winter-Fair-scaled.png\" alt=\"\" \/>\n\t\t\t\t\t\t\t\t\t\t\t\t\t\t\t<\/div>\n\n\t\t\t\t\t\t\t<div class=\"post-feed-feature-overlay\"><\/div>\n\n\t\t\t\t\t\t\t<div class=\"featured-content-content\">\n\n\t\t\t\t\t\t\t\t<h3>Marchnad Nadolig Ystrad Mynach 2026<\/h3>\n\t\t\t\t\t\t\t\t\n\t\t\t\t\t\t\t\t\t\t\t\t\t\t\t\t\t<div class=\"featured-content-location\">\n\t\t\t\t\t\t\t\t\t\t<i class=\"fa-solid fa-location-dot\" aria-hidden=\"true\"><\/i>\n\t\t\t\t\t\t\t\t\t\tCanol tref Ystrad Mynach CF82 7AB\t\t\t\t\t\t\t\t\t<\/div>\n\t\t\t\t\t\t\t\t\t\t\t\t\t\t\t<\/div>\n\n\t\t\t\t\t\t\t<div class=\"event-date\">\n\t\t\t\t\t\t\t\t5 Rhagfyr 2026\t\t\t\t\t\t\t<\/div>\n\t\t\t\t\t\t<\/a>\n\t\t\t\t\t<\/article>\t\n\t\t\t\t\t\t\t\t<\/div>\n\t\t\t<\/div>\n\n\t\t\t\n\t\t\t<!-- Map View -->\n\t\t\t<div id=\"mapView\" class=\"view-mode\" style=\"display: none;\">\t\n\t\t\t\t<div class=\"container\">\n\t\t\t\t\t<div class=\"map-block-wrap\">\n\t\t\t\t\t\t<div class=\"acf-map\" data-zoom=\"16\">\n\t\t\t\t\t\t\n\t\t\t\t\t\t\t\t\t\t\t\t\t\t\t\t\t<div class=\"marker\" data-lat=\"51.6641243288\" data-lng=\"-3.14712703228\">\n\t\t\t\t\t\t\t\t\t\t<div class=\"map-content-wrap\">\n\n\t\t\t\t\t\t\t\t\t\t\t\t<div class=\"map-single-title\">Newbridge&#8217;s Got Talent<\/div>\n\t\t\t\t\t\t\t\t\t\t\t\t<div class=\"map-single-contacts\">\n\t\t\t\t\t\t\t\t\t\t\t\t\t<span><i class=\"fa-solid fa-location-dot\"><\/i>&nbsp;&nbsp;Neuadd Goffa Trecelyn, Y Stryd Fawr, Trecelyn NP11 4FH<\/span>\t\t\t\t\t\t\t\t\t\t\t\t\t<span><i class=\"fa-solid fa-phone\"><\/i>&nbsp;&nbsp;01495 243252<\/span>\t\t\t\t\t\t\t\t\t\t\t\t\t\t\t\t\t\t\t\t\t\t\t\t\t\t<span><i class=\"fa-solid fa-envelope\"><\/i>&nbsp;&nbsp;<a href=\"mailto:&#101;n&#113;&#117;&#105;&#114;ie&#115;&#064;n&#101;&#119;br&#105;&#100;&#103;em&#101;&#109;o.c&#111;&#046;&#117;&#107;\">enquiries&#064;&#110;ew&#098;r&#105;&#100;g&#101;&#109;em&#111;&#046;&#099;o.&#117;k<\/a><\/span>\t\t\t\t\t\t\t\t\t\t\t\t\t<span><i class=\"fa-solid fa-laptop\"><\/i>&nbsp;&nbsp;<a href=\"https:\/\/www.newbridgememo.co.uk\/\" target=\"_blank\">Ewch i&#8217;r wefan<\/a><\/span>\t\t\t\t\t\t\t\t\t\t\t\t<\/div>\n\n\t\t\t\t\t\t\t\t\t\t\t<a href=\"https:\/\/www.visitcaerphilly.com\/cy\/digwyddiadau\/newbridges-got-talent\/\">Mwy am Newbridge&#8217;s Got Talent ><\/a>\n\t\t\t\t\t\t\t\t\t\t<\/div>\n\t\t\t\t\t\t\t\t\t<\/div>\n\t\t\t\t\t\t\t\t\t\t\t\t\t\t\t\n\t\t\t\t\t\t\t\t\t\t\t\t\t\t\t\t\t<div class=\"marker\" data-lat=\"51.6694944166\" data-lng=\"-3.19564819336\">\n\t\t\t\t\t\t\t\t\t\t<div class=\"map-content-wrap\">\n\n\t\t\t\t\t\t\t\t\t\t\t\t<div class=\"map-single-title\">The Carpenters &#8211; Voice of the Heart<\/div>\n\t\t\t\t\t\t\t\t\t\t\t\t<div class=\"map-single-contacts\">\n\t\t\t\t\t\t\t\t\t\t\t\t\t<span><i class=\"fa-solid fa-location-dot\"><\/i>&nbsp;&nbsp;Sefydliad y Glowyr, Coed Duon, Y Stryd Fawr, Coed Duon NP12 1BB<\/span>\t\t\t\t\t\t\t\t\t\t\t\t\t<span><i class=\"fa-solid fa-phone\"><\/i>&nbsp;&nbsp;01495 227206<\/span>\t\t\t\t\t\t\t\t\t\t\t\t\t\t\t\t\t\t\t\t\t\t\t\t\t\t<span><i class=\"fa-solid fa-envelope\"><\/i>&nbsp;&nbsp;<a href=\"mailto:B&#077;&#073;&#064;&#099;a&#101;&#114;&#112;&#104;ill&#121;&#046;go&#118;&#046;u&#107;\">&#066;MI&#064;ca&#101;rph&#105;&#108;l&#121;.&#103;&#111;&#118;.u&#107;<\/a><\/span>\t\t\t\t\t\t\t\t\t\t\t\t\t<span><i class=\"fa-solid fa-laptop\"><\/i>&nbsp;&nbsp;<a href=\"https:\/\/www.blackwoodminersinstitute.com\/\" target=\"_blank\">Ewch i&#8217;r wefan<\/a><\/span>\t\t\t\t\t\t\t\t\t\t\t\t<\/div>\n\n\t\t\t\t\t\t\t\t\t\t\t<a href=\"https:\/\/www.visitcaerphilly.com\/cy\/digwyddiadau\/the-carpenters-voice-of-the-heart-yn-sefydliad-y-glowyr-coed-duon\/\">Mwy am The Carpenters &#8211; Voice of the Heart ><\/a>\n\t\t\t\t\t\t\t\t\t\t<\/div>\n\t\t\t\t\t\t\t\t\t<\/div>\n\t\t\t\t\t\t\t\t\t\t\t\t\t\t\t\n\t\t\t\t\t\t\t\t\t\t\t\t\t\t\t\t\t<div class=\"marker\" data-lat=\"51.5743991021\" data-lng=\"-3.2203245163\">\n\t\t\t\t\t\t\t\t\t\t<div class=\"map-content-wrap\">\n\n\t\t\t\t\t\t\t\t\t\t\t\t<div class=\"map-single-title\">G\u0175yl G\u0175n Undydd<\/div>\n\t\t\t\t\t\t\t\t\t\t\t\t<div class=\"map-single-contacts\">\n\t\t\t\t\t\t\t\t\t\t\t\t\t<span><i class=\"fa-solid fa-location-dot\"><\/i>&nbsp;&nbsp;Ffos Caerffili, Park Lane, Caerffili CF83 1FN<\/span>\t\t\t\t\t\t\t\t\t\t\t\t\t\t\t\t\t\t\t\t\t\t\t\t\t\t\t\t\t\t\t\t\t\t\t\t\t\t\t<span><i class=\"fa-solid fa-envelope\"><\/i>&nbsp;&nbsp;<a href=\"mailto:he&#108;lo&#064;ffo&#115;&#099;a&#101;rf&#102;&#105;l&#105;.co&#109;\">&#104;&#101;&#108;lo&#064;&#102;f&#111;&#115;ca&#101;&#114;ff&#105;l&#105;&#046;com<\/a><\/span>\t\t\t\t\t\t\t\t\t\t\t\t\t<span><i class=\"fa-solid fa-laptop\"><\/i>&nbsp;&nbsp;<a href=\"https:\/\/ffoscaerffili.co.uk\/\" target=\"_blank\">Ewch i&#8217;r wefan<\/a><\/span>\t\t\t\t\t\t\t\t\t\t\t\t<\/div>\n\n\t\t\t\t\t\t\t\t\t\t\t<a href=\"https:\/\/www.visitcaerphilly.com\/cy\/digwyddiadau\/gwyl-gwn-undydd\/\">Mwy am G\u0175yl G\u0175n Undydd ><\/a>\n\t\t\t\t\t\t\t\t\t\t<\/div>\n\t\t\t\t\t\t\t\t\t<\/div>\n\t\t\t\t\t\t\t\t\t\t\t\t\t\t\t\n\t\t\t\t\t\t\t\t\t\t\t\t\t\t\t\t\t<div class=\"marker\" data-lat=\"51.569414537\" data-lng=\"-3.23146104813\">\n\t\t\t\t\t\t\t\t\t\t<div class=\"map-content-wrap\">\n\n\t\t\t\t\t\t\t\t\t\t\t\t<div class=\"map-single-title\">Caffi Atgyweirio<\/div>\n\t\t\t\t\t\t\t\t\t\t\t\t<div class=\"map-single-contacts\">\n\t\t\t\t\t\t\t\t\t\t\t\t\t<span><i class=\"fa-solid fa-location-dot\"><\/i>&nbsp;&nbsp;Canolfan y Glowyr, Caerffili, Watford Road CF83 1BJ<\/span>\t\t\t\t\t\t\t\t\t\t\t\t\t<span><i class=\"fa-solid fa-phone\"><\/i>&nbsp;&nbsp;029 2167 4242<\/span>\t\t\t\t\t\t\t\t\t\t\t\t\t\t\t\t\t\t\t\t\t\t\t\t\t\t<span><i class=\"fa-solid fa-envelope\"><\/i>&nbsp;&nbsp;<a href=\"mailto:e&#118;e&#110;&#116;&#115;&#064;c&#097;erp&#104;i&#108;&#108;&#121;&#109;&#105;&#110;er&#115;&#099;e&#110;tr&#101;.&#111;rg.uk\">&#101;v&#101;&#110;&#116;&#115;&#064;&#099;&#097;&#101;&#114;&#112;&#104;&#105;&#108;&#108;&#121;&#109;in&#101;r&#115;c&#101;n&#116;re.org.uk<\/a><\/span>\t\t\t\t\t\t\t\t\t\t\t\t\t<span><i class=\"fa-solid fa-laptop\"><\/i>&nbsp;&nbsp;<a href=\"https:\/\/www.caerphillyminerscentre.co.uk\/\" target=\"_blank\">Ewch i&#8217;r wefan<\/a><\/span>\t\t\t\t\t\t\t\t\t\t\t\t<\/div>\n\n\t\t\t\t\t\t\t\t\t\t\t<a href=\"https:\/\/www.visitcaerphilly.com\/cy\/digwyddiadau\/caffi-atgyweirio\/\">Mwy am Caffi Atgyweirio ><\/a>\n\t\t\t\t\t\t\t\t\t\t<\/div>\n\t\t\t\t\t\t\t\t\t<\/div>\n\t\t\t\t\t\t\t\t\t\t\t\t\t\t\t\n\t\t\t\t\t\t\t\t\t\t\t\t\t\t\t\n\t\t\t\t\t\t\t\t\t\t\t\t\t\t\t\t\t<div class=\"marker\" data-lat=\"51.6694944166\" data-lng=\"-3.19564819336\">\n\t\t\t\t\t\t\t\t\t\t<div class=\"map-content-wrap\">\n\n\t\t\t\t\t\t\t\t\t\t\t\t<div class=\"map-single-title\">Mr Blue Sky<\/div>\n\t\t\t\t\t\t\t\t\t\t\t\t<div class=\"map-single-contacts\">\n\t\t\t\t\t\t\t\t\t\t\t\t\t<span><i class=\"fa-solid fa-location-dot\"><\/i>&nbsp;&nbsp;Sefydliad y Glowyr, Coed Duon, Y Stryd Fawr, Coed Duon NP12 1BB<\/span>\t\t\t\t\t\t\t\t\t\t\t\t\t<span><i class=\"fa-solid fa-phone\"><\/i>&nbsp;&nbsp;01495 227206<\/span>\t\t\t\t\t\t\t\t\t\t\t\t\t\t\t\t\t\t\t\t\t\t\t\t\t\t<span><i class=\"fa-solid fa-envelope\"><\/i>&nbsp;&nbsp;<a href=\"mailto:&#066;&#077;&#073;&#064;c&#097;er&#112;&#104;illy&#046;g&#111;&#118;.&#117;&#107;\">&#066;M&#073;&#064;ca&#101;rp&#104;i&#108;l&#121;.g&#111;v.&#117;&#107;<\/a><\/span>\t\t\t\t\t\t\t\t\t\t\t\t\t<span><i class=\"fa-solid fa-laptop\"><\/i>&nbsp;&nbsp;<a href=\"https:\/\/www.blackwoodminersinstitute.com\/\" target=\"_blank\">Ewch i&#8217;r wefan<\/a><\/span>\t\t\t\t\t\t\t\t\t\t\t\t<\/div>\n\n\t\t\t\t\t\t\t\t\t\t\t<a href=\"https:\/\/www.visitcaerphilly.com\/cy\/digwyddiadau\/mr-blue-sky\/\">Mwy am Mr Blue Sky ><\/a>\n\t\t\t\t\t\t\t\t\t\t<\/div>\n\t\t\t\t\t\t\t\t\t<\/div>\n\t\t\t\t\t\t\t\t\t\t\t\t\t\t\t\n\t\t\t\t\t\t\t\t\t\t\t\t\t\t\t\t\t<div class=\"marker\" data-lat=\"51.6694944166\" data-lng=\"-3.19564819336\">\n\t\t\t\t\t\t\t\t\t\t<div class=\"map-content-wrap\">\n\n\t\t\t\t\t\t\t\t\t\t\t\t<div class=\"map-single-title\">Lee Gilbert&#8217;s Lunchtime Concert<\/div>\n\t\t\t\t\t\t\t\t\t\t\t\t<div class=\"map-single-contacts\">\n\t\t\t\t\t\t\t\t\t\t\t\t\t<span><i class=\"fa-solid fa-location-dot\"><\/i>&nbsp;&nbsp;Sefydliad y Glowyr, Coed Duon, Y Stryd Fawr, Coed Duon NP12 1BB<\/span>\t\t\t\t\t\t\t\t\t\t\t\t\t<span><i class=\"fa-solid fa-phone\"><\/i>&nbsp;&nbsp;01495 227206<\/span>\t\t\t\t\t\t\t\t\t\t\t\t\t\t\t\t\t\t\t\t\t\t\t\t\t\t<span><i class=\"fa-solid fa-envelope\"><\/i>&nbsp;&nbsp;<a href=\"mailto:BM&#073;&#064;caerp&#104;&#105;&#108;ly&#046;g&#111;&#118;&#046;&#117;k\">&#066;MI&#064;c&#097;&#101;&#114;p&#104;&#105;&#108;ly&#046;g&#111;v.&#117;&#107;<\/a><\/span>\t\t\t\t\t\t\t\t\t\t\t\t\t<span><i class=\"fa-solid fa-laptop\"><\/i>&nbsp;&nbsp;<a href=\"https:\/\/www.blackwoodminersinstitute.com\/\" target=\"_blank\">Ewch i&#8217;r wefan<\/a><\/span>\t\t\t\t\t\t\t\t\t\t\t\t<\/div>\n\n\t\t\t\t\t\t\t\t\t\t\t<a href=\"https:\/\/www.visitcaerphilly.com\/cy\/digwyddiadau\/lee-gilberts-lunchtime-concert\/\">Mwy am Lee Gilbert&#8217;s Lunchtime Concert ><\/a>\n\t\t\t\t\t\t\t\t\t\t<\/div>\n\t\t\t\t\t\t\t\t\t<\/div>\n\t\t\t\t\t\t\t\t\t\t\t\t\t\t\t\n\t\t\t\t\t\t\t\t\t\t\t\t\t\t\t\t\t<div class=\"marker\" data-lat=\"51.6694944166\" data-lng=\"-3.19564819336\">\n\t\t\t\t\t\t\t\t\t\t<div class=\"map-content-wrap\">\n\n\t\t\t\t\t\t\t\t\t\t\t\t<div class=\"map-single-title\">Noson Gomedi Sefydliad y Glowyr, Coed Duon<\/div>\n\t\t\t\t\t\t\t\t\t\t\t\t<div class=\"map-single-contacts\">\n\t\t\t\t\t\t\t\t\t\t\t\t\t<span><i class=\"fa-solid fa-location-dot\"><\/i>&nbsp;&nbsp;Sefydliad y Glowyr Coed Duon, Stryd Fawr, Coed Duon NP12 1BB<\/span>\t\t\t\t\t\t\t\t\t\t\t\t\t<span><i class=\"fa-solid fa-phone\"><\/i>&nbsp;&nbsp;01495 227206<\/span>\t\t\t\t\t\t\t\t\t\t\t\t\t\t\t\t\t\t\t\t\t\t\t\t\t\t<span><i class=\"fa-solid fa-envelope\"><\/i>&nbsp;&nbsp;<a href=\"mailto:B&#077;&#073;&#064;&#099;&#097;&#101;&#114;p&#104;&#105;l&#108;y&#046;&#103;ov.u&#107;\">&#066;MI&#064;ca&#101;&#114;ph&#105;&#108;&#108;y&#046;&#103;o&#118;&#046;uk<\/a><\/span>\t\t\t\t\t\t\t\t\t\t\t\t\t<span><i class=\"fa-solid fa-laptop\"><\/i>&nbsp;&nbsp;<a href=\"https:\/\/www.blackwoodminersinstitute.com\/cy\/\" target=\"_blank\">Ewch i&#8217;r wefan<\/a><\/span>\t\t\t\t\t\t\t\t\t\t\t\t<\/div>\n\n\t\t\t\t\t\t\t\t\t\t\t<a href=\"https:\/\/www.visitcaerphilly.com\/cy\/digwyddiadau\/comedy-nights-yn-sefydliad-y-glowyr-coed-duon\/\">Mwy am Noson Gomedi Sefydliad y Glowyr, Coed Duon ><\/a>\n\t\t\t\t\t\t\t\t\t\t<\/div>\n\t\t\t\t\t\t\t\t\t<\/div>\n\t\t\t\t\t\t\t\t\t\t\t\t\t\t\t\n\t\t\t\t\t\t\t\t\t\t\t\t\t\t\t\t\t<div class=\"marker\" data-lat=\"51.6888002\" data-lng=\"-3.2288755\">\n\t\t\t\t\t\t\t\t\t\t<div class=\"map-content-wrap\">\n\n\t\t\t\t\t\t\t\t\t\t\t\t<div class=\"map-single-title\">Ffair Fai Bargod 2026<\/div>\n\t\t\t\t\t\t\t\t\t\t\t\t<div class=\"map-single-contacts\">\n\t\t\t\t\t\t\t\t\t\t\t\t\t<span><i class=\"fa-solid fa-location-dot\"><\/i>&nbsp;&nbsp;Canol tref Bargod CF81 8QT<\/span>\t\t\t\t\t\t\t\t\t\t\t\t\t<span><i class=\"fa-solid fa-phone\"><\/i>&nbsp;&nbsp;01443 866390<\/span>\t\t\t\t\t\t\t\t\t\t\t\t\t\t\t\t\t\t\t\t\t\t\t\t\t\t<span><i class=\"fa-solid fa-envelope\"><\/i>&nbsp;&nbsp;<a href=\"mailto:&#100;&#105;gw&#121;d&#100;ia&#100;&#097;u&#064;&#099;ae&#114;ff&#105;l&#105;&#046;go&#118;.u&#107;\">&#100;&#105;&#103;&#119;y&#100;dia&#100;a&#117;&#064;c&#097;&#101;rf&#102;il&#105;&#046;g&#111;v.uk<\/a><\/span>\t\t\t\t\t\t\t\t\t\t\t\t\t\t\t\t\t\t\t\t\t\t\t\t\t<\/div>\n\n\t\t\t\t\t\t\t\t\t\t\t<a href=\"https:\/\/www.visitcaerphilly.com\/cy\/digwyddiadau\/ffair-fai-bargod-2026\/\">Mwy am Ffair Fai Bargod 2026 ><\/a>\n\t\t\t\t\t\t\t\t\t\t<\/div>\n\t\t\t\t\t\t\t\t\t<\/div>\n\t\t\t\t\t\t\t\t\t\t\t\t\t\t\t\n\t\t\t\t\t\t\t\t\t\t\t\t\t\t\t\t\t<div class=\"marker\" data-lat=\"51.6694944166\" data-lng=\"-3.19564819336\">\n\t\t\t\t\t\t\t\t\t\t<div class=\"map-content-wrap\">\n\n\t\t\t\t\t\t\t\t\t\t\t\t<div class=\"map-single-title\">Pit Party<\/div>\n\t\t\t\t\t\t\t\t\t\t\t\t<div class=\"map-single-contacts\">\n\t\t\t\t\t\t\t\t\t\t\t\t\t<span><i class=\"fa-solid fa-location-dot\"><\/i>&nbsp;&nbsp;Sefydliad y Glowyr, Coed Duon, Y Stryd Fawr NP12 1BB<\/span>\t\t\t\t\t\t\t\t\t\t\t\t\t<span><i class=\"fa-solid fa-phone\"><\/i>&nbsp;&nbsp;01495 227206<\/span>\t\t\t\t\t\t\t\t\t\t\t\t\t\t\t\t\t\t\t\t\t\t\t\t\t\t<span><i class=\"fa-solid fa-envelope\"><\/i>&nbsp;&nbsp;<a href=\"mailto:&#066;MI&#064;c&#097;&#101;r&#112;&#104;i&#108;l&#121;&#046;&#103;ov.&#117;k\">&#066;&#077;I&#064;c&#097;e&#114;phi&#108;&#108;y&#046;&#103;ov.&#117;&#107;<\/a><\/span>\t\t\t\t\t\t\t\t\t\t\t\t\t<span><i class=\"fa-solid fa-laptop\"><\/i>&nbsp;&nbsp;<a href=\"https:\/\/www.blackwoodminersinstitute.com\/\" target=\"_blank\">Ewch i&#8217;r wefan<\/a><\/span>\t\t\t\t\t\t\t\t\t\t\t\t<\/div>\n\n\t\t\t\t\t\t\t\t\t\t\t<a href=\"https:\/\/www.visitcaerphilly.com\/cy\/digwyddiadau\/pit-party\/\">Mwy am Pit Party ><\/a>\n\t\t\t\t\t\t\t\t\t\t<\/div>\n\t\t\t\t\t\t\t\t\t<\/div>\n\t\t\t\t\t\t\t\t\t\t\t\t\t\t\t\n\t\t\t\t\t\t\t\t\t\t\t\t\t\t\t\t\t<div class=\"marker\" data-lat=\"51.5761736706\" data-lng=\"-3.22421163747\">\n\t\t\t\t\t\t\t\t\t\t<div class=\"map-content-wrap\">\n\n\t\t\t\t\t\t\t\t\t\t\t\t<div class=\"map-single-title\">Rasys 10 cilomedr a 2 gilomedr Caerffili Bryn Meadows 2026<\/div>\n\t\t\t\t\t\t\t\t\t\t\t\t<div class=\"map-single-contacts\">\n\t\t\t\t\t\t\t\t\t\t\t\t\t<span><i class=\"fa-solid fa-location-dot\"><\/i>&nbsp;&nbsp;Caerffili CF83 1AB<\/span>\t\t\t\t\t\t\t\t\t\t\t\t\t\t\t\t\t\t\t\t\t\t\t\t\t\t\t\t\t\t\t\t\t\t\t\t\t\t\t<span><i class=\"fa-solid fa-envelope\"><\/i>&nbsp;&nbsp;<a href=\"mailto:&#049;0k&#064;cae&#114;ph&#105;&#108;&#108;y.&#103;o&#118;&#046;&#117;k\">&#049;0k&#064;cae&#114;&#112;&#104;&#105;&#108;ly&#046;&#103;&#111;v.&#117;k<\/a><\/span>\t\t\t\t\t\t\t\t\t\t\t\t\t<span><i class=\"fa-solid fa-laptop\"><\/i>&nbsp;&nbsp;<a href=\"https:\/\/www.caerphilly10k.co.uk\/\" target=\"_blank\">Ewch i&#8217;r wefan<\/a><\/span>\t\t\t\t\t\t\t\t\t\t\t\t<\/div>\n\n\t\t\t\t\t\t\t\t\t\t\t<a href=\"https:\/\/www.visitcaerphilly.com\/cy\/digwyddiadau\/rasys-10-cilomedr-a-2-gilomedr-caerffili-bryn-meadows-2026\/\">Mwy am Rasys 10 cilomedr a 2 gilomedr Caerffili Bryn Meadows 2026 ><\/a>\n\t\t\t\t\t\t\t\t\t\t<\/div>\n\t\t\t\t\t\t\t\t\t<\/div>\n\t\t\t\t\t\t\t\t\t\t\t\t\t\t\t\n\t\t\t\t\t\t\t\t\t\t\t\t\t\t\t\t\t<div class=\"marker\" data-lat=\"51.6694944166\" data-lng=\"-3.19564819336\">\n\t\t\t\t\t\t\t\t\t\t<div class=\"map-content-wrap\">\n\n\t\t\t\t\t\t\t\t\t\t\t\t<div class=\"map-single-title\">One Foot in the Groove<\/div>\n\t\t\t\t\t\t\t\t\t\t\t\t<div class=\"map-single-contacts\">\n\t\t\t\t\t\t\t\t\t\t\t\t\t<span><i class=\"fa-solid fa-location-dot\"><\/i>&nbsp;&nbsp;Sefydliad y Glowyr, Coed Duon, Y Stryd Fawr, Coed Duon NP12 1BB<\/span>\t\t\t\t\t\t\t\t\t\t\t\t\t<span><i class=\"fa-solid fa-phone\"><\/i>&nbsp;&nbsp;01495 227206<\/span>\t\t\t\t\t\t\t\t\t\t\t\t\t\t\t\t\t\t\t\t\t\t\t\t\t\t<span><i class=\"fa-solid fa-envelope\"><\/i>&nbsp;&nbsp;<a href=\"mailto:&#066;M&#073;&#064;&#099;ae&#114;p&#104;i&#108;ly.g&#111;&#118;&#046;uk\">&#066;MI&#064;&#099;&#097;e&#114;&#112;h&#105;&#108;l&#121;&#046;go&#118;.&#117;&#107;<\/a><\/span>\t\t\t\t\t\t\t\t\t\t\t\t\t<span><i class=\"fa-solid fa-laptop\"><\/i>&nbsp;&nbsp;<a href=\"https:\/\/www.blackwoodminersinstitute.com\/\" target=\"_blank\">Ewch i&#8217;r wefan<\/a><\/span>\t\t\t\t\t\t\t\t\t\t\t\t<\/div>\n\n\t\t\t\t\t\t\t\t\t\t\t<a href=\"https:\/\/www.visitcaerphilly.com\/cy\/digwyddiadau\/one-foot-in-the-groove\/\">Mwy am One Foot in the Groove ><\/a>\n\t\t\t\t\t\t\t\t\t\t<\/div>\n\t\t\t\t\t\t\t\t\t<\/div>\n\t\t\t\t\t\t\t\t\t\t\t\t\t\t\t\n\t\t\t\t\t\t\t\t\t\t\t\t\t\t\t\t\t<div class=\"marker\" data-lat=\"51.6694944166\" data-lng=\"-3.19564819336\">\n\t\t\t\t\t\t\t\t\t\t<div class=\"map-content-wrap\">\n\n\t\t\t\t\t\t\t\t\t\t\t\t<div class=\"map-single-title\">Craig Revel Horwood: Revelations<\/div>\n\t\t\t\t\t\t\t\t\t\t\t\t<div class=\"map-single-contacts\">\n\t\t\t\t\t\t\t\t\t\t\t\t\t<span><i class=\"fa-solid fa-location-dot\"><\/i>&nbsp;&nbsp;Sefydliad y Glowyr, Coed Duon, Y Stryd Fawr, Coed Duon NP12 1BB<\/span>\t\t\t\t\t\t\t\t\t\t\t\t\t<span><i class=\"fa-solid fa-phone\"><\/i>&nbsp;&nbsp;01495 227206<\/span>\t\t\t\t\t\t\t\t\t\t\t\t\t\t\t\t\t\t\t\t\t\t\t\t\t\t<span><i class=\"fa-solid fa-envelope\"><\/i>&nbsp;&nbsp;<a href=\"mailto:&#066;MI&#064;cae&#114;&#112;&#104;illy&#046;go&#118;&#046;uk\">BM&#073;&#064;ca&#101;&#114;&#112;&#104;&#105;lly.&#103;ov.&#117;k<\/a><\/span>\t\t\t\t\t\t\t\t\t\t\t\t\t<span><i class=\"fa-solid fa-laptop\"><\/i>&nbsp;&nbsp;<a href=\"https:\/\/www.blackwoodminersinstitute.com\/\" target=\"_blank\">Ewch i&#8217;r wefan<\/a><\/span>\t\t\t\t\t\t\t\t\t\t\t\t<\/div>\n\n\t\t\t\t\t\t\t\t\t\t\t<a href=\"https:\/\/www.visitcaerphilly.com\/cy\/digwyddiadau\/craig-revel-horwood-revelations\/\">Mwy am Craig Revel Horwood: Revelations ><\/a>\n\t\t\t\t\t\t\t\t\t\t<\/div>\n\t\t\t\t\t\t\t\t\t<\/div>\n\t\t\t\t\t\t\t\t\t\t\t\t\t\t\t\n\t\t\t\t\t\t\t\t\t\t\t\t\t\t\t\t\t<div class=\"marker\" data-lat=\"51.6694944166\" data-lng=\"-3.19564819336\">\n\t\t\t\t\t\t\t\t\t\t<div class=\"map-content-wrap\">\n\n\t\t\t\t\t\t\t\t\t\t\t\t<div class=\"map-single-title\">Showgirls &amp; Sharks<\/div>\n\t\t\t\t\t\t\t\t\t\t\t\t<div class=\"map-single-contacts\">\n\t\t\t\t\t\t\t\t\t\t\t\t\t<span><i class=\"fa-solid fa-location-dot\"><\/i>&nbsp;&nbsp;Sefydliad y Glowyr, Coed Duon, Y Stryd Fawr, Coed Duon NP12 1BB<\/span>\t\t\t\t\t\t\t\t\t\t\t\t\t<span><i class=\"fa-solid fa-phone\"><\/i>&nbsp;&nbsp;01495 227206<\/span>\t\t\t\t\t\t\t\t\t\t\t\t\t\t\t\t\t\t\t\t\t\t\t\t\t\t<span><i class=\"fa-solid fa-envelope\"><\/i>&nbsp;&nbsp;<a href=\"mailto:&#066;&#077;&#073;&#064;&#099;a&#101;rp&#104;i&#108;&#108;&#121;.&#103;&#111;&#118;&#046;u&#107;\">&#066;M&#073;&#064;caer&#112;&#104;i&#108;&#108;&#121;.&#103;ov&#046;&#117;&#107;<\/a><\/span>\t\t\t\t\t\t\t\t\t\t\t\t\t<span><i class=\"fa-solid fa-laptop\"><\/i>&nbsp;&nbsp;<a href=\"https:\/\/www.blackwoodminersinstitute.com\/\" target=\"_blank\">Ewch i&#8217;r wefan<\/a><\/span>\t\t\t\t\t\t\t\t\t\t\t\t<\/div>\n\n\t\t\t\t\t\t\t\t\t\t\t<a href=\"https:\/\/www.visitcaerphilly.com\/cy\/digwyddiadau\/showgirls-sharks\/\">Mwy am Showgirls &amp; Sharks ><\/a>\n\t\t\t\t\t\t\t\t\t\t<\/div>\n\t\t\t\t\t\t\t\t\t<\/div>\n\t\t\t\t\t\t\t\t\t\t\t\t\t\t\t\n\t\t\t\t\t\t\t\t\t\t\t\t\t\t\t\t\t<div class=\"marker\" data-lat=\"51.5743991021\" data-lng=\"-3.2203245163\">\n\t\t\t\t\t\t\t\t\t\t<div class=\"map-content-wrap\">\n\n\t\t\t\t\t\t\t\t\t\t\t\t<div class=\"map-single-title\">G\u0175yl Seidr Caerffili<\/div>\n\t\t\t\t\t\t\t\t\t\t\t\t<div class=\"map-single-contacts\">\n\t\t\t\t\t\t\t\t\t\t\t\t\t<span><i class=\"fa-solid fa-location-dot\"><\/i>&nbsp;&nbsp;Ffos Caerffili, Park Lane, Caerffili CF83 1FN<\/span>\t\t\t\t\t\t\t\t\t\t\t\t\t\t\t\t\t\t\t\t\t\t\t\t\t\t\t\t\t\t\t\t\t\t\t\t\t\t\t<span><i class=\"fa-solid fa-envelope\"><\/i>&nbsp;&nbsp;<a href=\"mailto:&#104;&#101;&#108;&#108;o&#064;f&#102;os&#099;&#097;e&#114;f&#102;i&#108;&#105;&#046;com\">&#104;&#101;llo&#064;&#102;fosc&#097;e&#114;f&#102;il&#105;.co&#109;<\/a><\/span>\t\t\t\t\t\t\t\t\t\t\t\t\t<span><i class=\"fa-solid fa-laptop\"><\/i>&nbsp;&nbsp;<a href=\"https:\/\/ffoscaerffili.co.uk\/\" target=\"_blank\">Ewch i&#8217;r wefan<\/a><\/span>\t\t\t\t\t\t\t\t\t\t\t\t<\/div>\n\n\t\t\t\t\t\t\t\t\t\t\t<a href=\"https:\/\/www.visitcaerphilly.com\/cy\/digwyddiadau\/gwyl-seidr-caerffili\/\">Mwy am G\u0175yl Seidr Caerffili ><\/a>\n\t\t\t\t\t\t\t\t\t\t<\/div>\n\t\t\t\t\t\t\t\t\t<\/div>\n\t\t\t\t\t\t\t\t\t\t\t\t\t\t\t\n\t\t\t\t\t\t\t\t\t\t\t\t\t\t\t\t\t<div class=\"marker\" data-lat=\"51.6694944166\" data-lng=\"-3.19564819336\">\n\t\t\t\t\t\t\t\t\t\t<div class=\"map-content-wrap\">\n\n\t\t\t\t\t\t\t\t\t\t\t\t<div class=\"map-single-title\">Noson Werin<\/div>\n\t\t\t\t\t\t\t\t\t\t\t\t<div class=\"map-single-contacts\">\n\t\t\t\t\t\t\t\t\t\t\t\t\t<span><i class=\"fa-solid fa-location-dot\"><\/i>&nbsp;&nbsp;Sefydliad y Glowyr, Coed Duon, Y Stryd Fawr, Coed Duon NP12 1BB<\/span>\t\t\t\t\t\t\t\t\t\t\t\t\t<span><i class=\"fa-solid fa-phone\"><\/i>&nbsp;&nbsp;01495 227206<\/span>\t\t\t\t\t\t\t\t\t\t\t\t\t\t\t\t\t\t\t\t\t\t\t\t\t\t<span><i class=\"fa-solid fa-envelope\"><\/i>&nbsp;&nbsp;<a href=\"mailto:BMI&#064;&#099;ae&#114;phill&#121;&#046;&#103;ov&#046;u&#107;\">B&#077;I&#064;cae&#114;p&#104;il&#108;&#121;&#046;g&#111;&#118;&#046;uk<\/a><\/span>\t\t\t\t\t\t\t\t\t\t\t\t\t<span><i class=\"fa-solid fa-laptop\"><\/i>&nbsp;&nbsp;<a href=\"https:\/\/www.blackwoodminersinstitute.com\/\" target=\"_blank\">Ewch i&#8217;r wefan<\/a><\/span>\t\t\t\t\t\t\t\t\t\t\t\t<\/div>\n\n\t\t\t\t\t\t\t\t\t\t\t<a href=\"https:\/\/www.visitcaerphilly.com\/cy\/digwyddiadau\/noson-werin-yn-sefydliad-y-glowyr-coed-duon\/\">Mwy am Noson Werin ><\/a>\n\t\t\t\t\t\t\t\t\t\t<\/div>\n\t\t\t\t\t\t\t\t\t<\/div>\n\t\t\t\t\t\t\t\t\t\t\t\t\t\t\t\n\t\t\t\t\t\t\t\t\t\t\t\t\t\t\t\t\t<div class=\"marker\" data-lat=\"51.6694944166\" data-lng=\"-3.19564819336\">\n\t\t\t\t\t\t\t\t\t\t<div class=\"map-content-wrap\">\n\n\t\t\t\t\t\t\t\t\t\t\t\t<div class=\"map-single-title\">Welsh Wrestling<\/div>\n\t\t\t\t\t\t\t\t\t\t\t\t<div class=\"map-single-contacts\">\n\t\t\t\t\t\t\t\t\t\t\t\t\t<span><i class=\"fa-solid fa-location-dot\"><\/i>&nbsp;&nbsp;Sefydliad y Glowyr, Coed Duon, Stryd Fawr, Coed Duon NP12 1BB<\/span>\t\t\t\t\t\t\t\t\t\t\t\t\t<span><i class=\"fa-solid fa-phone\"><\/i>&nbsp;&nbsp;01495 227206<\/span>\t\t\t\t\t\t\t\t\t\t\t\t\t\t\t\t\t\t\t\t\t\t\t\t\t\t<span><i class=\"fa-solid fa-envelope\"><\/i>&nbsp;&nbsp;<a href=\"mailto:&#066;M&#073;&#064;c&#097;erph&#105;&#108;ly&#046;&#103;&#111;v&#046;&#117;k\">&#066;MI&#064;&#099;&#097;e&#114;&#112;h&#105;&#108;l&#121;.&#103;o&#118;&#046;&#117;&#107;<\/a><\/span>\t\t\t\t\t\t\t\t\t\t\t\t\t<span><i class=\"fa-solid fa-laptop\"><\/i>&nbsp;&nbsp;<a href=\"https:\/\/www.blackwoodminersinstitute.com\/en\/\" target=\"_blank\">Ewch i&#8217;r wefan<\/a><\/span>\t\t\t\t\t\t\t\t\t\t\t\t<\/div>\n\n\t\t\t\t\t\t\t\t\t\t\t<a href=\"https:\/\/www.blackwoodminersinstitute.com\/cy\/whats-on\/welsh-wrestling\/\">Mwy am Welsh Wrestling ><\/a>\n\t\t\t\t\t\t\t\t\t\t<\/div>\n\t\t\t\t\t\t\t\t\t<\/div>\n\t\t\t\t\t\t\t\t\t\t\t\t\t\t\t\n\t\t\t\t\t\t\t\t\t\t\t\t\t\t\t\t\t<div class=\"marker\" data-lat=\"51.574409104\" data-lng=\"-3.22034597397\">\n\t\t\t\t\t\t\t\t\t\t<div class=\"map-content-wrap\">\n\n\t\t\t\t\t\t\t\t\t\t\t\t<div class=\"map-single-title\">Noson Gwis Ffos Caerffili<\/div>\n\t\t\t\t\t\t\t\t\t\t\t\t<div class=\"map-single-contacts\">\n\t\t\t\t\t\t\t\t\t\t\t\t\t<span><i class=\"fa-solid fa-location-dot\"><\/i>&nbsp;&nbsp;Ffos Caerffili, Park Lane, Caerffili CF83 1FN<\/span>\t\t\t\t\t\t\t\t\t\t\t\t\t\t\t\t\t\t\t\t\t\t\t\t\t\t\t\t\t\t\t\t\t\t\t\t\t\t\t<span><i class=\"fa-solid fa-envelope\"><\/i>&nbsp;&nbsp;<a href=\"mailto:&#104;ell&#111;&#064;f&#102;&#111;s&#099;ae&#114;&#102;f&#105;l&#105;.&#099;&#111;m\">&#104;&#101;l&#108;o&#064;ff&#111;sc&#097;erff&#105;li.&#099;&#111;m<\/a><\/span>\t\t\t\t\t\t\t\t\t\t\t\t\t<span><i class=\"fa-solid fa-laptop\"><\/i>&nbsp;&nbsp;<a href=\"https:\/\/ffoscaerffili.co.uk\/cy\/\" target=\"_blank\">Ewch i&#8217;r wefan<\/a><\/span>\t\t\t\t\t\t\t\t\t\t\t\t<\/div>\n\n\t\t\t\t\t\t\t\t\t\t\t<a href=\"https:\/\/www.visitcaerphilly.com\/cy\/digwyddiadau\/cwis-tafarn\/\">Mwy am Noson Gwis Ffos Caerffili ><\/a>\n\t\t\t\t\t\t\t\t\t\t<\/div>\n\t\t\t\t\t\t\t\t\t<\/div>\n\t\t\t\t\t\t\t\t\t\t\t\t\t\t\t\n\t\t\t\t\t\t\t\t\t\t\t\t\t\t\t\t\t<div class=\"marker\" data-lat=\"51.5773429062\" data-lng=\"-3.21521759033\">\n\t\t\t\t\t\t\t\t\t\t<div class=\"map-content-wrap\">\n\n\t\t\t\t\t\t\t\t\t\t\t\t<div class=\"map-single-title\">Lle&#8217;r Farchnad Caerffili<\/div>\n\t\t\t\t\t\t\t\t\t\t\t\t<div class=\"map-single-contacts\">\n\t\t\t\t\t\t\t\t\t\t\t\t\t<span><i class=\"fa-solid fa-location-dot\"><\/i>&nbsp;&nbsp;Morrisons, Caerffili CF83 1XP<\/span>\t\t\t\t\t\t\t\t\t\t\t\t\t<span><i class=\"fa-solid fa-phone\"><\/i>&nbsp;&nbsp;029 2086 4221<\/span>\t\t\t\t\t\t\t\t\t\t\t\t\t\t\t\t\t\t\t\t\t\t\t\t\t\t<span><i class=\"fa-solid fa-envelope\"><\/i>&nbsp;&nbsp;<a href=\"mailto:&#099;as&#116;lec&#111;&#117;&#114;tc&#114;&#097;&#102;&#116;f&#097;&#105;r&#064;y&#097;hoo.co&#109;\">castle&#099;&#111;u&#114;tcr&#097;f&#116;&#102;&#097;i&#114;&#064;&#121;aho&#111;.&#099;&#111;m<\/a><\/span>\t\t\t\t\t\t\t\t\t\t\t\t\t\t\t\t\t\t\t\t\t\t\t\t\t<\/div>\n\n\t\t\t\t\t\t\t\t\t\t\t<a href=\"https:\/\/www.visitcaerphilly.com\/cy\/digwyddiadau\/castle-court-and-craft-food-market\/\">Mwy am Lle&#8217;r Farchnad Caerffili ><\/a>\n\t\t\t\t\t\t\t\t\t\t<\/div>\n\t\t\t\t\t\t\t\t\t<\/div>\n\t\t\t\t\t\t\t\t\t\t\t\t\t\t\t\n\t\t\t\t\t\t\t\t\t\t\t\t\t\t\t\t\t<div class=\"marker\" data-lat=\"51.6694944166\" data-lng=\"-3.19564819336\">\n\t\t\t\t\t\t\t\t\t\t<div class=\"map-content-wrap\">\n\n\t\t\t\t\t\t\t\t\t\t\t\t<div class=\"map-single-title\">90s Live<\/div>\n\t\t\t\t\t\t\t\t\t\t\t\t<div class=\"map-single-contacts\">\n\t\t\t\t\t\t\t\t\t\t\t\t\t<span><i class=\"fa-solid fa-location-dot\"><\/i>&nbsp;&nbsp;Sefydliad y Glowyr, Coed Duon, Y Stryd Fawr, Coed Duon NP12 1BB<\/span>\t\t\t\t\t\t\t\t\t\t\t\t\t<span><i class=\"fa-solid fa-phone\"><\/i>&nbsp;&nbsp;01495 227206<\/span>\t\t\t\t\t\t\t\t\t\t\t\t\t\t\t\t\t\t\t\t\t\t\t\t\t\t<span><i class=\"fa-solid fa-envelope\"><\/i>&nbsp;&nbsp;<a href=\"mailto:&#066;M&#073;&#064;&#099;ae&#114;p&#104;&#105;l&#108;&#121;.&#103;&#111;v.u&#107;\">B&#077;I&#064;c&#097;&#101;rph&#105;&#108;ly&#046;go&#118;.&#117;&#107;<\/a><\/span>\t\t\t\t\t\t\t\t\t\t\t\t\t<span><i class=\"fa-solid fa-laptop\"><\/i>&nbsp;&nbsp;<a href=\"https:\/\/www.blackwoodminersinstitute.com\/\" target=\"_blank\">Ewch i&#8217;r wefan<\/a><\/span>\t\t\t\t\t\t\t\t\t\t\t\t<\/div>\n\n\t\t\t\t\t\t\t\t\t\t\t<a href=\"https:\/\/www.visitcaerphilly.com\/cy\/digwyddiadau\/90s-live\/\">Mwy am 90s Live ><\/a>\n\t\t\t\t\t\t\t\t\t\t<\/div>\n\t\t\t\t\t\t\t\t\t<\/div>\n\t\t\t\t\t\t\t\t\t\t\t\t\t\t\t\n\t\t\t\t\t\t\t\t\t\t\t\t\t\t\t\t\t<div class=\"marker\" data-lat=\"51.6694944166\" data-lng=\"-3.19564819336\">\n\t\t\t\t\t\t\t\t\t\t<div class=\"map-content-wrap\">\n\n\t\t\t\t\t\t\t\t\t\t\t\t<div class=\"map-single-title\">Meet Fred<\/div>\n\t\t\t\t\t\t\t\t\t\t\t\t<div class=\"map-single-contacts\">\n\t\t\t\t\t\t\t\t\t\t\t\t\t<span><i class=\"fa-solid fa-location-dot\"><\/i>&nbsp;&nbsp;Sefydliad y Glowyr, Coed Duon, Y Stryd Fawr, Coed Duon NP12 1BB<\/span>\t\t\t\t\t\t\t\t\t\t\t\t\t<span><i class=\"fa-solid fa-phone\"><\/i>&nbsp;&nbsp;01495 227206<\/span>\t\t\t\t\t\t\t\t\t\t\t\t\t\t\t\t\t\t\t\t\t\t\t\t\t\t<span><i class=\"fa-solid fa-envelope\"><\/i>&nbsp;&nbsp;<a href=\"mailto:&#066;MI&#064;&#099;&#097;er&#112;&#104;i&#108;ly.&#103;&#111;&#118;&#046;&#117;k\">BMI&#064;c&#097;e&#114;&#112;hill&#121;&#046;g&#111;v&#046;&#117;&#107;<\/a><\/span>\t\t\t\t\t\t\t\t\t\t\t\t\t<span><i class=\"fa-solid fa-laptop\"><\/i>&nbsp;&nbsp;<a href=\"https:\/\/www.blackwoodminersinstitute.com\/\" target=\"_blank\">Ewch i&#8217;r wefan<\/a><\/span>\t\t\t\t\t\t\t\t\t\t\t\t<\/div>\n\n\t\t\t\t\t\t\t\t\t\t\t<a href=\"https:\/\/www.visitcaerphilly.com\/cy\/digwyddiadau\/meet-fred\/\">Mwy am Meet Fred ><\/a>\n\t\t\t\t\t\t\t\t\t\t<\/div>\n\t\t\t\t\t\t\t\t\t<\/div>\n\t\t\t\t\t\t\t\t\t\t\t\t\t\t\t\n\t\t\t\t\t\t\t\t\t\t\t\t\t\t\t\t\t<div class=\"marker\" data-lat=\"51.6694944166\" data-lng=\"-3.19564819336\">\n\t\t\t\t\t\t\t\t\t\t<div class=\"map-content-wrap\">\n\n\t\t\t\t\t\t\t\t\t\t\t\t<div class=\"map-single-title\">Pianoforte<\/div>\n\t\t\t\t\t\t\t\t\t\t\t\t<div class=\"map-single-contacts\">\n\t\t\t\t\t\t\t\t\t\t\t\t\t<span><i class=\"fa-solid fa-location-dot\"><\/i>&nbsp;&nbsp;Sefydliad y Glowyr, Coed Duon, Y Stryd Fawr, Coed Duon NP12 1BB<\/span>\t\t\t\t\t\t\t\t\t\t\t\t\t<span><i class=\"fa-solid fa-phone\"><\/i>&nbsp;&nbsp;01495 227206<\/span>\t\t\t\t\t\t\t\t\t\t\t\t\t\t\t\t\t\t\t\t\t\t\t\t\t\t<span><i class=\"fa-solid fa-envelope\"><\/i>&nbsp;&nbsp;<a href=\"mailto:BMI&#064;c&#097;e&#114;phil&#108;&#121;&#046;&#103;ov&#046;&#117;&#107;\">BM&#073;&#064;c&#097;&#101;r&#112;h&#105;l&#108;&#121;.g&#111;&#118;.&#117;k<\/a><\/span>\t\t\t\t\t\t\t\t\t\t\t\t\t<span><i class=\"fa-solid fa-laptop\"><\/i>&nbsp;&nbsp;<a href=\"https:\/\/www.blackwoodminersinstitute.com\/\" target=\"_blank\">Ewch i&#8217;r wefan<\/a><\/span>\t\t\t\t\t\t\t\t\t\t\t\t<\/div>\n\n\t\t\t\t\t\t\t\t\t\t\t<a href=\"https:\/\/www.visitcaerphilly.com\/cy\/digwyddiadau\/pianoforte\/\">Mwy am Pianoforte ><\/a>\n\t\t\t\t\t\t\t\t\t\t<\/div>\n\t\t\t\t\t\t\t\t\t<\/div>\n\t\t\t\t\t\t\t\t\t\t\t\t\t\t\t\n\t\t\t\t\t\t\t\t\t\t\t\t\t\t\t\t\t<div class=\"marker\" data-lat=\"51.6694944166\" data-lng=\"-3.19564819336\">\n\t\t\t\t\t\t\t\t\t\t<div class=\"map-content-wrap\">\n\n\t\t\t\t\t\t\t\t\t\t\t\t<div class=\"map-single-title\">Emilio Santoro as Elvis<\/div>\n\t\t\t\t\t\t\t\t\t\t\t\t<div class=\"map-single-contacts\">\n\t\t\t\t\t\t\t\t\t\t\t\t\t<span><i class=\"fa-solid fa-location-dot\"><\/i>&nbsp;&nbsp;Sefydliad y Glowyr, Coed Duon, Y Stryd Fawr, Coed Duon NP12 1BB<\/span>\t\t\t\t\t\t\t\t\t\t\t\t\t<span><i class=\"fa-solid fa-phone\"><\/i>&nbsp;&nbsp;01495 227206<\/span>\t\t\t\t\t\t\t\t\t\t\t\t\t\t\t\t\t\t\t\t\t\t\t\t\t\t<span><i class=\"fa-solid fa-envelope\"><\/i>&nbsp;&nbsp;<a href=\"mailto:B&#077;I&#064;&#099;&#097;&#101;&#114;&#112;&#104;&#105;&#108;&#108;y&#046;gov.&#117;&#107;\">BMI&#064;c&#097;&#101;&#114;p&#104;&#105;&#108;l&#121;&#046;&#103;o&#118;.&#117;k<\/a><\/span>\t\t\t\t\t\t\t\t\t\t\t\t\t<span><i class=\"fa-solid fa-laptop\"><\/i>&nbsp;&nbsp;<a href=\"https:\/\/www.blackwoodminersinstitute.com\/\" target=\"_blank\">Ewch i&#8217;r wefan<\/a><\/span>\t\t\t\t\t\t\t\t\t\t\t\t<\/div>\n\n\t\t\t\t\t\t\t\t\t\t\t<a href=\"https:\/\/www.visitcaerphilly.com\/cy\/digwyddiadau\/emilio-santoro-as-elvis-yn-sefydliad-y-glowyr-coed-duon\/\">Mwy am Emilio Santoro as Elvis ><\/a>\n\t\t\t\t\t\t\t\t\t\t<\/div>\n\t\t\t\t\t\t\t\t\t<\/div>\n\t\t\t\t\t\t\t\t\t\t\t\t\t\t\t\n\t\t\t\t\t\t\t\t\t\t\t\t\t\t\t\t\t<div class=\"marker\" data-lat=\"51.6074234507\" data-lng=\"-3.09977531433\">\n\t\t\t\t\t\t\t\t\t\t<div class=\"map-content-wrap\">\n\n\t\t\t\t\t\t\t\t\t\t\t\t<div class=\"map-single-title\">G\u0175yl Fwyd Traeth Rhisga<\/div>\n\t\t\t\t\t\t\t\t\t\t\t\t<div class=\"map-single-contacts\">\n\t\t\t\t\t\t\t\t\t\t\t\t\t<span><i class=\"fa-solid fa-location-dot\"><\/i>&nbsp;&nbsp;Parc Tredegar, canol tref Rhisga NP11 6BW<\/span>\t\t\t\t\t\t\t\t\t\t\t\t\t<span><i class=\"fa-solid fa-phone\"><\/i>&nbsp;&nbsp;01443 866390<\/span>\t\t\t\t\t\t\t\t\t\t\t\t\t\t\t\t\t\t\t\t\t\t\t\t\t\t<span><i class=\"fa-solid fa-envelope\"><\/i>&nbsp;&nbsp;<a href=\"mailto:d&#105;&#103;&#119;yd&#100;&#105;a&#100;a&#117;&#064;&#099;&#097;e&#114;f&#102;&#105;&#108;&#105;.&#103;&#111;v.&#117;&#107;\">dig&#119;&#121;&#100;&#100;i&#097;d&#097;u&#064;&#099;a&#101;rff&#105;&#108;i.g&#111;v.u&#107;<\/a><\/span>\t\t\t\t\t\t\t\t\t\t\t\t\t\t\t\t\t\t\t\t\t\t\t\t\t<\/div>\n\n\t\t\t\t\t\t\t\t\t\t\t<a href=\"https:\/\/www.visitcaerphilly.com\/cy\/digwyddiadau\/gwyl-fwyd-traeth-rhisga\/\">Mwy am G\u0175yl Fwyd Traeth Rhisga ><\/a>\n\t\t\t\t\t\t\t\t\t\t<\/div>\n\t\t\t\t\t\t\t\t\t<\/div>\n\t\t\t\t\t\t\t\t\t\t\t\t\t\t\t\n\t\t\t\t\t\t\t\t\t\t\t\t\t\t\t\t\t<div class=\"marker\" data-lat=\"51.6694944166\" data-lng=\"-3.19564819336\">\n\t\t\t\t\t\t\t\t\t\t<div class=\"map-content-wrap\">\n\n\t\t\t\t\t\t\t\t\t\t\t\t<div class=\"map-single-title\">White Lies<\/div>\n\t\t\t\t\t\t\t\t\t\t\t\t<div class=\"map-single-contacts\">\n\t\t\t\t\t\t\t\t\t\t\t\t\t<span><i class=\"fa-solid fa-location-dot\"><\/i>&nbsp;&nbsp;Sefydliad y Glowyr, Coed Duon, Y Stryd Fawr, Coed Duon NP12 1BB<\/span>\t\t\t\t\t\t\t\t\t\t\t\t\t<span><i class=\"fa-solid fa-phone\"><\/i>&nbsp;&nbsp;01495 227206<\/span>\t\t\t\t\t\t\t\t\t\t\t\t\t\t\t\t\t\t\t\t\t\t\t\t\t\t<span><i class=\"fa-solid fa-envelope\"><\/i>&nbsp;&nbsp;<a href=\"mailto:&#066;&#077;&#073;&#064;&#099;a&#101;r&#112;h&#105;&#108;&#108;&#121;.&#103;&#111;&#118;.&#117;&#107;\">BMI&#064;&#099;&#097;erp&#104;&#105;&#108;&#108;y&#046;gov&#046;&#117;k<\/a><\/span>\t\t\t\t\t\t\t\t\t\t\t\t\t<span><i class=\"fa-solid fa-laptop\"><\/i>&nbsp;&nbsp;<a href=\"https:\/\/www.blackwoodminersinstitute.com\/\" target=\"_blank\">Ewch i&#8217;r wefan<\/a><\/span>\t\t\t\t\t\t\t\t\t\t\t\t<\/div>\n\n\t\t\t\t\t\t\t\t\t\t\t<a href=\"https:\/\/www.visitcaerphilly.com\/cy\/digwyddiadau\/white-lies\/\">Mwy am White Lies ><\/a>\n\t\t\t\t\t\t\t\t\t\t<\/div>\n\t\t\t\t\t\t\t\t\t<\/div>\n\t\t\t\t\t\t\t\t\t\t\t\t\t\t\t\n\t\t\t\t\t\t\t\t\t\t\t\t\t\t\t\t\t<div class=\"marker\" data-lat=\"51.5760960634\" data-lng=\"-3.22026014328\">\n\t\t\t\t\t\t\t\t\t\t<div class=\"map-content-wrap\">\n\n\t\t\t\t\t\t\t\t\t\t\t\t<div class=\"map-single-title\">Diwrnod i&#8217;r Brenin ar Sul y Tadau<\/div>\n\t\t\t\t\t\t\t\t\t\t\t\t<div class=\"map-single-contacts\">\n\t\t\t\t\t\t\t\t\t\t\t\t\t<span><i class=\"fa-solid fa-location-dot\"><\/i>&nbsp;&nbsp;Castell Caerffili, Castle Street, Caerffili CF83 1JD<\/span>\t\t\t\t\t\t\t\t\t\t\t\t\t<span><i class=\"fa-solid fa-phone\"><\/i>&nbsp;&nbsp;03000 252239<\/span>\t\t\t\t\t\t\t\t\t\t\t\t\t\t\t\t\t\t\t\t\t\t\t\t\t\t<span><i class=\"fa-solid fa-envelope\"><\/i>&nbsp;&nbsp;<a href=\"mailto:&#067;&#097;erp&#104;i&#108;&#108;&#121;Ca&#115;&#116;&#108;&#101;&#064;llyw.c&#121;&#109;&#114;&#117;\">&#067;&#097;&#101;&#114;&#112;h&#105;l&#108;&#121;&#067;&#097;st&#108;&#101;&#064;l&#108;yw&#046;c&#121;&#109;&#114;&#117;<\/a><\/span>\t\t\t\t\t\t\t\t\t\t\t\t\t<span><i class=\"fa-solid fa-laptop\"><\/i>&nbsp;&nbsp;<a href=\"https:\/\/cadw.llyw.cymru\/ymweld\/lleoedd-i-ymweld\/castell-caerffili\" target=\"_blank\">Ewch i&#8217;r wefan<\/a><\/span>\t\t\t\t\t\t\t\t\t\t\t\t<\/div>\n\n\t\t\t\t\t\t\t\t\t\t\t<a href=\"https:\/\/www.visitcaerphilly.com\/cy\/digwyddiadau\/diwrnod-ir-brenin-ar-sul-y-tadau\/\">Mwy am Diwrnod i&#8217;r Brenin ar Sul y Tadau ><\/a>\n\t\t\t\t\t\t\t\t\t\t<\/div>\n\t\t\t\t\t\t\t\t\t<\/div>\n\t\t\t\t\t\t\t\t\t\t\t\t\t\t\t\n\t\t\t\t\t\t\t\t\t\t\t\t\t\t\t\t\t<div class=\"marker\" data-lat=\"51.6694944166\" data-lng=\"-3.19564819336\">\n\t\t\t\t\t\t\t\t\t\t<div class=\"map-content-wrap\">\n\n\t\t\t\t\t\t\t\t\t\t\t\t<div class=\"map-single-title\">Lipstick on Your Collar<\/div>\n\t\t\t\t\t\t\t\t\t\t\t\t<div class=\"map-single-contacts\">\n\t\t\t\t\t\t\t\t\t\t\t\t\t<span><i class=\"fa-solid fa-location-dot\"><\/i>&nbsp;&nbsp;Sefydliad y Glowyr Coed Duon, Stryd Fawr, Coed Duon NP12 1BB<\/span>\t\t\t\t\t\t\t\t\t\t\t\t\t<span><i class=\"fa-solid fa-phone\"><\/i>&nbsp;&nbsp;01495 227206<\/span>\t\t\t\t\t\t\t\t\t\t\t\t\t\t\t\t\t\t\t\t\t\t\t\t\t\t<span><i class=\"fa-solid fa-envelope\"><\/i>&nbsp;&nbsp;<a href=\"mailto:&#066;&#077;&#073;&#064;&#099;&#097;e&#114;p&#104;&#105;&#108;&#108;&#121;.&#103;ov&#046;&#117;k\">&#066;&#077;I&#064;c&#097;&#101;r&#112;&#104;&#105;&#108;ly&#046;&#103;ov&#046;&#117;&#107;<\/a><\/span>\t\t\t\t\t\t\t\t\t\t\t\t\t<span><i class=\"fa-solid fa-laptop\"><\/i>&nbsp;&nbsp;<a href=\"https:\/\/www.blackwoodminersinstitute.com\/\" target=\"_blank\">Ewch i&#8217;r wefan<\/a><\/span>\t\t\t\t\t\t\t\t\t\t\t\t<\/div>\n\n\t\t\t\t\t\t\t\t\t\t\t<a href=\"https:\/\/www.visitcaerphilly.com\/cy\/digwyddiadau\/lipstick-on-your-collar-yn-sefydliad-y-glowyr-coed-duon\/\">Mwy am Lipstick on Your Collar ><\/a>\n\t\t\t\t\t\t\t\t\t\t<\/div>\n\t\t\t\t\t\t\t\t\t<\/div>\n\t\t\t\t\t\t\t\t\t\t\t\t\t\t\t\n\t\t\t\t\t\t\t\t\t\t\t\t\t\t\t\t\t<div class=\"marker\" data-lat=\"51.5744875\" data-lng=\"-3.2177373\">\n\t\t\t\t\t\t\t\t\t\t<div class=\"map-content-wrap\">\n\n\t\t\t\t\t\t\t\t\t\t\t\t<div class=\"map-single-title\">Pride Caerffili 2026<\/div>\n\t\t\t\t\t\t\t\t\t\t\t\t<div class=\"map-single-contacts\">\n\t\t\t\t\t\t\t\t\t\t\t\t\t<span><i class=\"fa-solid fa-location-dot\"><\/i>&nbsp;&nbsp;Canol tref Caerffili CF83 1JL<\/span>\t\t\t\t\t\t\t\t\t\t\t\t\t<span><i class=\"fa-solid fa-phone\"><\/i>&nbsp;&nbsp;01443 864404 \/ 01443 864353<\/span>\t\t\t\t\t\t\t\t\t\t\t\t\t\t\t\t\t\t\t\t\t\t\t\t\t\t<span><i class=\"fa-solid fa-envelope\"><\/i>&nbsp;&nbsp;<a href=\"mailto:c&#121;&#100;r&#097;ddo&#108;deb&#064;&#099;a&#101;&#114;&#102;&#102;i&#108;&#105;.&#103;o&#118;.u&#107;\">&#099;ydr&#097;&#100;d&#111;l&#100;&#101;&#098;&#064;ca&#101;rffi&#108;&#105;&#046;g&#111;v&#046;uk<\/a><\/span>\t\t\t\t\t\t\t\t\t\t\t\t\t\t\t\t\t\t\t\t\t\t\t\t\t<\/div>\n\n\t\t\t\t\t\t\t\t\t\t\t<a href=\"https:\/\/www.visitcaerphilly.com\/cy\/digwyddiadau\/pride-caerffili-2026\/\">Mwy am Pride Caerffili 2026 ><\/a>\n\t\t\t\t\t\t\t\t\t\t<\/div>\n\t\t\t\t\t\t\t\t\t<\/div>\n\t\t\t\t\t\t\t\t\t\t\t\t\t\t\t\n\t\t\t\t\t\t\t\t\t\t\t\t\t\t\t\t\t<div class=\"marker\" data-lat=\"51.6888002\" data-lng=\"-3.2288755\">\n\t\t\t\t\t\t\t\t\t\t<div class=\"map-content-wrap\">\n\n\t\t\t\t\t\t\t\t\t\t\t\t<div class=\"map-single-title\">G\u0175yl Gerddoriaeth yr Haf Bargod 2026<\/div>\n\t\t\t\t\t\t\t\t\t\t\t\t<div class=\"map-single-contacts\">\n\t\t\t\t\t\t\t\t\t\t\t\t\t<span><i class=\"fa-solid fa-location-dot\"><\/i>&nbsp;&nbsp;Canol tref Bargod CF81 8QT<\/span>\t\t\t\t\t\t\t\t\t\t\t\t\t<span><i class=\"fa-solid fa-phone\"><\/i>&nbsp;&nbsp;01443 866390<\/span>\t\t\t\t\t\t\t\t\t\t\t\t\t\t\t\t\t\t\t\t\t\t\t\t\t\t<span><i class=\"fa-solid fa-envelope\"><\/i>&nbsp;&nbsp;<a href=\"mailto:&#100;i&#103;&#119;yd&#100;iad&#097;u&#064;ca&#101;rff&#105;&#108;i.g&#111;v.&#117;&#107;\">&#100;&#105;gw&#121;&#100;d&#105;&#097;d&#097;&#117;&#064;&#099;a&#101;r&#102;f&#105;&#108;&#105;.&#103;o&#118;&#046;u&#107;<\/a><\/span>\t\t\t\t\t\t\t\t\t\t\t\t\t\t\t\t\t\t\t\t\t\t\t\t\t<\/div>\n\n\t\t\t\t\t\t\t\t\t\t\t<a href=\"https:\/\/www.visitcaerphilly.com\/cy\/digwyddiadau\/gwyl-gerddoriaeth-yr-haf-bargod-2026\/\">Mwy am G\u0175yl Gerddoriaeth yr Haf Bargod 2026 ><\/a>\n\t\t\t\t\t\t\t\t\t\t<\/div>\n\t\t\t\t\t\t\t\t\t<\/div>\n\t\t\t\t\t\t\t\t\t\t\t\t\t\t\t\n\t\t\t\t\t\t\t\t\t\t\t\t\t\t\t\t\t<div class=\"marker\" data-lat=\"51.6666874\" data-lng=\"-3.1951209\">\n\t\t\t\t\t\t\t\t\t\t<div class=\"map-content-wrap\">\n\n\t\t\t\t\t\t\t\t\t\t\t\t<div class=\"map-single-title\">Parti Traeth Coed Duon 2026<\/div>\n\t\t\t\t\t\t\t\t\t\t\t\t<div class=\"map-single-contacts\">\n\t\t\t\t\t\t\t\t\t\t\t\t\t<span><i class=\"fa-solid fa-location-dot\"><\/i>&nbsp;&nbsp;Canol tref Coed Duon NP12 1AB<\/span>\t\t\t\t\t\t\t\t\t\t\t\t\t<span><i class=\"fa-solid fa-phone\"><\/i>&nbsp;&nbsp;01443 866390<\/span>\t\t\t\t\t\t\t\t\t\t\t\t\t\t\t\t\t\t\t\t\t\t\t\t\t\t<span><i class=\"fa-solid fa-envelope\"><\/i>&nbsp;&nbsp;<a href=\"mailto:di&#103;&#119;&#121;&#100;di&#097;d&#097;&#117;&#064;&#099;&#097;erffi&#105;.&#103;o&#118;.&#117;&#107;\">&#100;i&#103;&#119;yd&#100;i&#097;&#100;&#097;&#117;&#064;&#099;ae&#114;f&#102;&#105;i.g&#111;&#118;&#046;uk<\/a><\/span>\t\t\t\t\t\t\t\t\t\t\t\t\t\t\t\t\t\t\t\t\t\t\t\t\t<\/div>\n\n\t\t\t\t\t\t\t\t\t\t\t<a href=\"https:\/\/www.visitcaerphilly.com\/cy\/digwyddiadau\/parti-traeth-coed-duon-2026\/\">Mwy am Parti Traeth Coed Duon 2026 ><\/a>\n\t\t\t\t\t\t\t\t\t\t<\/div>\n\t\t\t\t\t\t\t\t\t<\/div>\n\t\t\t\t\t\t\t\t\t\t\t\t\t\t\t\n\t\t\t\t\t\t\t\t\t\t\t\t\t\t\t\t\t<div class=\"marker\" data-lat=\"51.5744875\" data-lng=\"-3.2177373\">\n\t\t\t\t\t\t\t\t\t\t<div class=\"map-content-wrap\">\n\n\t\t\t\t\t\t\t\t\t\t\t\t<div class=\"map-single-title\">G\u0175yl Caws Caerffili 2026<\/div>\n\t\t\t\t\t\t\t\t\t\t\t\t<div class=\"map-single-contacts\">\n\t\t\t\t\t\t\t\t\t\t\t\t\t<span><i class=\"fa-solid fa-location-dot\"><\/i>&nbsp;&nbsp;Canol tref Caerffili CF83 1JL<\/span>\t\t\t\t\t\t\t\t\t\t\t\t\t<span><i class=\"fa-solid fa-phone\"><\/i>&nbsp;&nbsp;01443 866390<\/span>\t\t\t\t\t\t\t\t\t\t\t\t\t\t\t\t\t\t\t\t\t\t\t\t\t\t<span><i class=\"fa-solid fa-envelope\"><\/i>&nbsp;&nbsp;<a href=\"mailto:&#100;&#105;gwy&#100;d&#105;a&#100;au&#064;c&#097;&#101;&#114;&#102;f&#105;&#108;&#105;.gov&#046;&#117;&#107;\">&#100;&#105;&#103;&#119;y&#100;&#100;&#105;ad&#097;&#117;&#064;cae&#114;f&#102;i&#108;i.&#103;&#111;v.&#117;&#107;<\/a><\/span>\t\t\t\t\t\t\t\t\t\t\t\t\t\t\t\t\t\t\t\t\t\t\t\t\t<\/div>\n\n\t\t\t\t\t\t\t\t\t\t\t<a href=\"https:\/\/www.visitcaerphilly.com\/cy\/digwyddiadau\/gwyl-caws-caerffili-2026\/\">Mwy am G\u0175yl Caws Caerffili 2026 ><\/a>\n\t\t\t\t\t\t\t\t\t\t<\/div>\n\t\t\t\t\t\t\t\t\t<\/div>\n\t\t\t\t\t\t\t\t\t\t\t\t\t\t\t\n\t\t\t\t\t\t\t\t\t\t\t\t\t\t\t\t\t<div class=\"marker\" data-lat=\"51.6694944166\" data-lng=\"-3.19564819336\">\n\t\t\t\t\t\t\t\t\t\t<div class=\"map-content-wrap\">\n\n\t\t\t\t\t\t\t\t\t\t\t\t<div class=\"map-single-title\">Thank ABBA for the Music<\/div>\n\t\t\t\t\t\t\t\t\t\t\t\t<div class=\"map-single-contacts\">\n\t\t\t\t\t\t\t\t\t\t\t\t\t<span><i class=\"fa-solid fa-location-dot\"><\/i>&nbsp;&nbsp;Sefydliad y Glowyr, Coed Duon, Stryd Fawr, NP12 1BB<\/span>\t\t\t\t\t\t\t\t\t\t\t\t\t<span><i class=\"fa-solid fa-phone\"><\/i>&nbsp;&nbsp;01495 227206<\/span>\t\t\t\t\t\t\t\t\t\t\t\t\t\t\t\t\t\t\t\t\t\t\t\t\t\t<span><i class=\"fa-solid fa-envelope\"><\/i>&nbsp;&nbsp;<a href=\"mailto:BMI&#064;&#099;&#097;&#101;rp&#104;il&#108;&#121;.gov.&#117;&#107;\">&#066;MI&#064;cae&#114;p&#104;i&#108;&#108;&#121;&#046;&#103;&#111;&#118;.&#117;&#107;<\/a><\/span>\t\t\t\t\t\t\t\t\t\t\t\t\t<span><i class=\"fa-solid fa-laptop\"><\/i>&nbsp;&nbsp;<a href=\"https:\/\/www.blackwoodminersinstitute.com\/\" target=\"_blank\">Ewch i&#8217;r wefan<\/a><\/span>\t\t\t\t\t\t\t\t\t\t\t\t<\/div>\n\n\t\t\t\t\t\t\t\t\t\t\t<a href=\"https:\/\/www.visitcaerphilly.com\/cy\/digwyddiadau\/thank-abba-for-the-music\/\">Mwy am Thank ABBA for the Music ><\/a>\n\t\t\t\t\t\t\t\t\t\t<\/div>\n\t\t\t\t\t\t\t\t\t<\/div>\n\t\t\t\t\t\t\t\t\t\t\t\t\t\t\t\n\t\t\t\t\t\t\t\t\t\t\t\t\t\t\t\t\t<div class=\"marker\" data-lat=\"51.6888002\" data-lng=\"-3.2288755\">\n\t\t\t\t\t\t\t\t\t\t<div class=\"map-content-wrap\">\n\n\t\t\t\t\t\t\t\t\t\t\t\t<div class=\"map-single-title\">Ffair y Gaeaf, Bargod 2026<\/div>\n\t\t\t\t\t\t\t\t\t\t\t\t<div class=\"map-single-contacts\">\n\t\t\t\t\t\t\t\t\t\t\t\t\t<span><i class=\"fa-solid fa-location-dot\"><\/i>&nbsp;&nbsp;Canol tref Bargod CF81 8QT<\/span>\t\t\t\t\t\t\t\t\t\t\t\t\t<span><i class=\"fa-solid fa-phone\"><\/i>&nbsp;&nbsp;01443 866390<\/span>\t\t\t\t\t\t\t\t\t\t\t\t\t\t\t\t\t\t\t\t\t\t\t\t\t\t<span><i class=\"fa-solid fa-envelope\"><\/i>&nbsp;&nbsp;<a href=\"mailto:d&#105;&#103;&#119;&#121;dd&#105;ad&#097;&#117;&#064;cae&#114;&#102;&#102;&#105;li&#046;&#103;ov.u&#107;\">d&#105;gw&#121;&#100;&#100;i&#097;&#100;&#097;u&#064;cae&#114;&#102;fi&#108;i&#046;go&#118;.&#117;&#107;<\/a><\/span>\t\t\t\t\t\t\t\t\t\t\t\t\t\t\t\t\t\t\t\t\t\t\t\t\t<\/div>\n\n\t\t\t\t\t\t\t\t\t\t\t<a href=\"https:\/\/www.visitcaerphilly.com\/cy\/digwyddiadau\/ffair-y-gaeaf-bargod-2026\/\">Mwy am Ffair y Gaeaf, Bargod 2026 ><\/a>\n\t\t\t\t\t\t\t\t\t\t<\/div>\n\t\t\t\t\t\t\t\t\t<\/div>\n\t\t\t\t\t\t\t\t\t\t\t\t\t\t\t\n\t\t\t\t\t\t\t\t\t\t\t\t\t\t\t\t\t<div class=\"marker\" data-lat=\"51.5744875\" data-lng=\"-3.2177373\">\n\t\t\t\t\t\t\t\t\t\t<div class=\"map-content-wrap\">\n\n\t\t\t\t\t\t\t\t\t\t\t\t<div class=\"map-single-title\">Ffair Nadolig Fach Caerffili 2026 (sy\u2019n cynnwys Cynnau Goleuadau Nadolig Caerffili, Gorymdaith Llusernau Afon y Goleuni ac Arddangosfa T\u00e2n Gwyllt)<\/div>\n\t\t\t\t\t\t\t\t\t\t\t\t<div class=\"map-single-contacts\">\n\t\t\t\t\t\t\t\t\t\t\t\t\t<span><i class=\"fa-solid fa-location-dot\"><\/i>&nbsp;&nbsp;Canol tref Caerffili CF83 1JL<\/span>\t\t\t\t\t\t\t\t\t\t\t\t\t<span><i class=\"fa-solid fa-phone\"><\/i>&nbsp;&nbsp;01443 866390<\/span>\t\t\t\t\t\t\t\t\t\t\t\t\t\t\t\t\t\t\t\t\t\t\t\t\t\t<span><i class=\"fa-solid fa-envelope\"><\/i>&nbsp;&nbsp;<a href=\"mailto:&#100;&#105;&#103;wy&#100;&#100;ia&#100;&#097;u&#064;&#099;&#097;erf&#102;&#105;&#108;i.&#103;&#111;&#118;.uk\">&#100;&#105;&#103;wyd&#100;&#105;adau&#064;c&#097;&#101;&#114;&#102;&#102;&#105;li&#046;go&#118;&#046;u&#107;<\/a><\/span>\t\t\t\t\t\t\t\t\t\t\t\t\t\t\t\t\t\t\t\t\t\t\t\t\t<\/div>\n\n\t\t\t\t\t\t\t\t\t\t\t<a href=\"https:\/\/www.visitcaerphilly.com\/cy\/digwyddiadau\/ffair-nadolig-fach-caerffili-2026-syn-cynnwys-cynnau-goleuadau-nadolig-caerffili-gorymdaith-llusernau-afon-y-goleuni-ac-arddangosfa-tan-gwyllt\/\">Mwy am Ffair Nadolig Fach Caerffili 2026 (sy\u2019n cynnwys Cynnau Goleuadau Nadolig Caerffili, Gorymdaith Llusernau Afon y Goleuni ac Arddangosfa T\u00e2n Gwyllt) ><\/a>\n\t\t\t\t\t\t\t\t\t\t<\/div>\n\t\t\t\t\t\t\t\t\t<\/div>\n\t\t\t\t\t\t\t\t\t\t\t\t\t\t\t\n\t\t\t\t\t\t\t\t\t\t\t\t\t\t\t\t\t<div class=\"marker\" data-lat=\"51.5744875\" data-lng=\"-3.2177373\">\n\t\t\t\t\t\t\t\t\t\t<div class=\"map-content-wrap\">\n\n\t\t\t\t\t\t\t\t\t\t\t\t<div class=\"map-single-title\">Marchnad Nadolig Caerffili 2026<\/div>\n\t\t\t\t\t\t\t\t\t\t\t\t<div class=\"map-single-contacts\">\n\t\t\t\t\t\t\t\t\t\t\t\t\t<span><i class=\"fa-solid fa-location-dot\"><\/i>&nbsp;&nbsp;Canol tref Caerffili CF83 1JL<\/span>\t\t\t\t\t\t\t\t\t\t\t\t\t<span><i class=\"fa-solid fa-phone\"><\/i>&nbsp;&nbsp;01443 866390<\/span>\t\t\t\t\t\t\t\t\t\t\t\t\t\t\t\t\t\t\t\t\t\t\t\t\t\t<span><i class=\"fa-solid fa-envelope\"><\/i>&nbsp;&nbsp;<a href=\"mailto:&#100;&#105;g&#119;y&#100;&#100;i&#097;&#100;&#097;u&#064;c&#097;erffil&#105;&#046;&#103;o&#118;.&#117;k\">d&#105;&#103;wydd&#105;ad&#097;u&#064;&#099;a&#101;rf&#102;&#105;l&#105;.gov&#046;&#117;&#107;<\/a><\/span>\t\t\t\t\t\t\t\t\t\t\t\t\t\t\t\t\t\t\t\t\t\t\t\t\t<\/div>\n\n\t\t\t\t\t\t\t\t\t\t\t<a href=\"https:\/\/www.visitcaerphilly.com\/cy\/digwyddiadau\/marchnad-nadolig-caerffili-2026\/\">Mwy am Marchnad Nadolig Caerffili 2026 ><\/a>\n\t\t\t\t\t\t\t\t\t\t<\/div>\n\t\t\t\t\t\t\t\t\t<\/div>\n\t\t\t\t\t\t\t\t\t\t\t\t\t\t\t\n\t\t\t\t\t\t\t\t\t\t\t\t\t\t\t\t\t<div class=\"marker\" data-lat=\"51.6694944166\" data-lng=\"-3.19564819336\">\n\t\t\t\t\t\t\t\t\t\t<div class=\"map-content-wrap\">\n\n\t\t\t\t\t\t\t\t\t\t\t\t<div class=\"map-single-title\">The Take That Experience<\/div>\n\t\t\t\t\t\t\t\t\t\t\t\t<div class=\"map-single-contacts\">\n\t\t\t\t\t\t\t\t\t\t\t\t\t<span><i class=\"fa-solid fa-location-dot\"><\/i>&nbsp;&nbsp;Sefydliad y Glowyr, Coed Duon, Stryd Fawr, Coed Duon NP12 1BB<\/span>\t\t\t\t\t\t\t\t\t\t\t\t\t<span><i class=\"fa-solid fa-phone\"><\/i>&nbsp;&nbsp;01495 227206<\/span>\t\t\t\t\t\t\t\t\t\t\t\t\t\t\t\t\t\t\t\t\t\t\t\t\t\t<span><i class=\"fa-solid fa-envelope\"><\/i>&nbsp;&nbsp;<a href=\"mailto:BMI&#064;&#099;a&#101;&#114;&#112;&#104;&#105;&#108;&#108;&#121;.g&#111;&#118;&#046;u&#107;\">&#066;MI&#064;&#099;&#097;erphil&#108;&#121;&#046;gov&#046;u&#107;<\/a><\/span>\t\t\t\t\t\t\t\t\t\t\t\t\t<span><i class=\"fa-solid fa-laptop\"><\/i>&nbsp;&nbsp;<a href=\"https:\/\/www.blackwoodminersinstitute.com\/\" target=\"_blank\">Ewch i&#8217;r wefan<\/a><\/span>\t\t\t\t\t\t\t\t\t\t\t\t<\/div>\n\n\t\t\t\t\t\t\t\t\t\t\t<a href=\"https:\/\/www.visitcaerphilly.com\/cy\/digwyddiadau\/the-take-that-experience\/\">Mwy am The Take That Experience ><\/a>\n\t\t\t\t\t\t\t\t\t\t<\/div>\n\t\t\t\t\t\t\t\t\t<\/div>\n\t\t\t\t\t\t\t\t\t\t\t\t\t\t\t\n\t\t\t\t\t\t\t\t\t\t\t\t\t\t\t\t\t<div class=\"marker\" data-lat=\"51.6666874\" data-lng=\"-3.1951209\">\n\t\t\t\t\t\t\t\t\t\t<div class=\"map-content-wrap\">\n\n\t\t\t\t\t\t\t\t\t\t\t\t<div class=\"map-single-title\">Marchnad Nadolig Coed Duon 2026<\/div>\n\t\t\t\t\t\t\t\t\t\t\t\t<div class=\"map-single-contacts\">\n\t\t\t\t\t\t\t\t\t\t\t\t\t<span><i class=\"fa-solid fa-location-dot\"><\/i>&nbsp;&nbsp;Canol tref Coed Duon NP12 1AB<\/span>\t\t\t\t\t\t\t\t\t\t\t\t\t<span><i class=\"fa-solid fa-phone\"><\/i>&nbsp;&nbsp;01443 866390<\/span>\t\t\t\t\t\t\t\t\t\t\t\t\t\t\t\t\t\t\t\t\t\t\t\t\t\t<span><i class=\"fa-solid fa-envelope\"><\/i>&nbsp;&nbsp;<a href=\"mailto:di&#103;wy&#100;dia&#100;&#097;&#117;&#064;&#099;&#097;e&#114;&#102;&#102;&#105;&#108;i&#046;g&#111;v.uk\">digw&#121;d&#100;i&#097;&#100;au&#064;&#099;ae&#114;f&#102;il&#105;.&#103;o&#118;.&#117;&#107;<\/a><\/span>\t\t\t\t\t\t\t\t\t\t\t\t\t\t\t\t\t\t\t\t\t\t\t\t\t<\/div>\n\n\t\t\t\t\t\t\t\t\t\t\t<a href=\"https:\/\/www.visitcaerphilly.com\/cy\/digwyddiadau\/marchnad-nadolig-coed-duon-2026\/\">Mwy am Marchnad Nadolig Coed Duon 2026 ><\/a>\n\t\t\t\t\t\t\t\t\t\t<\/div>\n\t\t\t\t\t\t\t\t\t<\/div>\n\t\t\t\t\t\t\t\t\t\t\t\t\t\t\t\n\t\t\t\t\t\t\t\t\t\t\t\t\t\t\t\t\t<div class=\"marker\" data-lat=\"51.6421292\" data-lng=\"-3.2361253\">\n\t\t\t\t\t\t\t\t\t\t<div class=\"map-content-wrap\">\n\n\t\t\t\t\t\t\t\t\t\t\t\t<div class=\"map-single-title\">Marchnad Nadolig Ystrad Mynach 2026<\/div>\n\t\t\t\t\t\t\t\t\t\t\t\t<div class=\"map-single-contacts\">\n\t\t\t\t\t\t\t\t\t\t\t\t\t<span><i class=\"fa-solid fa-location-dot\"><\/i>&nbsp;&nbsp;Canol tref Ystrad Mynach CF82 7AB<\/span>\t\t\t\t\t\t\t\t\t\t\t\t\t<span><i class=\"fa-solid fa-phone\"><\/i>&nbsp;&nbsp;01443 866390<\/span>\t\t\t\t\t\t\t\t\t\t\t\t\t\t\t\t\t\t\t\t\t\t\t\t\t\t<span><i class=\"fa-solid fa-envelope\"><\/i>&nbsp;&nbsp;<a href=\"mailto:di&#103;wyddiadau&#064;ca&#101;&#114;&#102;&#102;i&#108;i.&#103;ov.&#117;&#107;\">digwy&#100;d&#105;&#097;&#100;&#097;u&#064;&#099;aer&#102;&#102;ili&#046;g&#111;&#118;&#046;u&#107;<\/a><\/span>\t\t\t\t\t\t\t\t\t\t\t\t\t\t\t\t\t\t\t\t\t\t\t\t\t<\/div>\n\n\t\t\t\t\t\t\t\t\t\t\t<a href=\"https:\/\/www.visitcaerphilly.com\/cy\/digwyddiadau\/ffair-y-gaeaf-ystrad-mynach-2026\/\">Mwy am Marchnad Nadolig Ystrad Mynach 2026 ><\/a>\n\t\t\t\t\t\t\t\t\t\t<\/div>\n\t\t\t\t\t\t\t\t\t<\/div>\n\t\t\t\t\t\t\t\t\t\t\t\t\t\t\t\t\t\t\t\t\t<\/div>\n\t\t\t\t\t<\/div>\t\t\t\t\t\n\t\t\t\t<\/div>\n\t\t\t<\/div>\n\n\t\t\t\t\t\t\t\n\t\t<\/section>\n\t<\/div>\n\n\n\n\n\n\t<div class=\"wrapper\">\n\t\t<section id=\"\" class=\"block featured-content-block\">\n\t\t\t<div class=\"block-title\">\n\t\t\t\t<div class=\"block-title-items\">\n\t\t\t\t\t\t\t\t\t\t\t<i class=\"fa-solid fa-stars\" aria-hidden=\"true\"><\/i>\n\t\t\t\t\t\t\t\t\t\t<h2>Darganfod Rhagor<\/h2>\n\t\t\t\t<\/div>\n\t\t\t<\/div>\n\n\t\t\t<div class=\"featured-content-wrap\">\t\t\n                \n                    <article class=\"featured-content-card\">\n                        <a href=\"https:\/\/www.visitcaerphilly.com\/cy\/rhestrau\/castle-gate-indian-restaurant\/\">\n                            <div class=\"featured-content-image\">\n                                                                    <img decoding=\"async\" src=\"https:\/\/www.visitcaerphilly.com\/wp-content\/uploads\/2020\/01\/Castle-Gate-New-Image.png\" alt=\"\" \/>\n                                                            <\/div>\n\n                            <div class=\"post-feed-feature-overlay\"><\/div>\n\n                            <div class=\"featured-content-content\">\n\n                                <h3>Castle Gate Indian Kitchen &#038; Bar<\/h3>\n                                <div class=\"featured-content-types\"><a href=\"https:\/\/www.visitcaerphilly.com\/cy\/math\/bwyty\/\" rel=\"tag\">Bwyty<\/a><\/div>\n                                \n\t\t\t\t\t\t\t\t\t\t\t\t\t\t\t\t\t<div class=\"featured-content-location\">\n                                    \t<i class=\"fa-solid fa-location-dot\" aria-hidden=\"true\"><\/i>\n                                     \t5 Cae Meillion, Caerphilly CF83 1SN\t\t\t\t\t\t\t\t\t<\/div>\n\t\t\t\t\t\t\t\t                            <\/div>\n                        <\/a>\n                    <\/article>\n                \n                    <article class=\"featured-content-card\">\n                        <a href=\"https:\/\/www.visitcaerphilly.com\/cy\/rhestrau\/risca-pine-centre\/\">\n                            <div class=\"featured-content-image\">\n                                                                    <img decoding=\"async\" src=\"https:\/\/www.visitcaerphilly.com\/wp-content\/uploads\/2025\/10\/VZTA-Risca-162.jpg\" alt=\"\" \/>\n                                                            <\/div>\n\n                            <div class=\"post-feed-feature-overlay\"><\/div>\n\n                            <div class=\"featured-content-content\">\n\n                                <h3>Risca Pine Centre<\/h3>\n                                <div class=\"featured-content-types\"><a href=\"https:\/\/www.visitcaerphilly.com\/cy\/math\/gweithgareddau\/\" rel=\"tag\">Atyniadau a Gweithgareddau<\/a>, <a href=\"https:\/\/www.visitcaerphilly.com\/cy\/math\/siopa-a-manwerthu\/\" rel=\"tag\">Siopa a Manwerthu<\/a><\/div>\n                                \n\t\t\t\t\t\t\t\t\t\t\t\t\t\t\t\t\t<div class=\"featured-content-location\">\n                                    \t<i class=\"fa-solid fa-location-dot\" aria-hidden=\"true\"><\/i>\n                                     \t24 Tredegar Street, Rhisga NP11 6BU\t\t\t\t\t\t\t\t\t<\/div>\n\t\t\t\t\t\t\t\t                            <\/div>\n                        <\/a>\n                    <\/article>\n                \n                    <article class=\"featured-content-card\">\n                        <a href=\"https:\/\/www.visitcaerphilly.com\/cy\/rhestrau\/bedwas-workmens-hall\/\">\n                            <div class=\"featured-content-image\">\n                                                                    <img decoding=\"async\" src=\"https:\/\/www.visitcaerphilly.com\/wp-content\/uploads\/2019\/07\/Bedwas-Workmens-Hall-New-3.jpg\" alt=\"\" \/>\n                                                            <\/div>\n\n                            <div class=\"post-feed-feature-overlay\"><\/div>\n\n                            <div class=\"featured-content-content\">\n\n                                <h3>Neuadd Gweithwyr Bedwas<\/h3>\n                                <div class=\"featured-content-types\"><a href=\"https:\/\/www.visitcaerphilly.com\/cy\/math\/gweithgareddau\/\" rel=\"tag\">Atyniadau a Gweithgareddau<\/a>, <a href=\"https:\/\/www.visitcaerphilly.com\/cy\/math\/celfyddydau-a-diwylliant\/\" rel=\"tag\">Celfyddydau a Diwylliant<\/a><\/div>\n                                \n\t\t\t\t\t\t\t\t\t\t\t\t\t\t\t\t\t<div class=\"featured-content-location\">\n                                    \t<i class=\"fa-solid fa-location-dot\" aria-hidden=\"true\"><\/i>\n                                     \tBedwas Workmen&#8217;s Hall, Old Newport Road, Bedwas, Caerphilly CF83 8BJ\t\t\t\t\t\t\t\t\t<\/div>\n\t\t\t\t\t\t\t\t                            <\/div>\n                        <\/a>\n                    <\/article>\n                \n                    <article class=\"featured-content-card\">\n                        <a href=\"https:\/\/www.visitcaerphilly.com\/cy\/rhestrau\/y-galeri\/\">\n                            <div class=\"featured-content-image\">\n                                                                    <img decoding=\"async\" src=\"https:\/\/www.visitcaerphilly.com\/wp-content\/uploads\/2018\/06\/IMG_3871.jpeg\" alt=\"\" \/>\n                                                            <\/div>\n\n                            <div class=\"post-feed-feature-overlay\"><\/div>\n\n                            <div class=\"featured-content-content\">\n\n                                <h3>Y Galeri<\/h3>\n                                <div class=\"featured-content-types\"><a href=\"https:\/\/www.visitcaerphilly.com\/cy\/math\/gweithgareddau\/\" rel=\"tag\">Atyniadau a Gweithgareddau<\/a>, <a href=\"https:\/\/www.visitcaerphilly.com\/cy\/math\/celfyddydau-a-diwylliant\/\" rel=\"tag\">Celfyddydau a Diwylliant<\/a>, <a href=\"https:\/\/www.visitcaerphilly.com\/cy\/math\/siopa-a-manwerthu\/\" rel=\"tag\">Siopa a Manwerthu<\/a><\/div>\n                                \n\t\t\t\t\t\t\t\t\t\t\t\t\t\t\t\t\t<div class=\"featured-content-location\">\n                                    \t<i class=\"fa-solid fa-location-dot\" aria-hidden=\"true\"><\/i>\n                                     \tThe Twyn, Caerffili CF83 1JL\t\t\t\t\t\t\t\t\t<\/div>\n\t\t\t\t\t\t\t\t                            <\/div>\n                        <\/a>\n                    <\/article>\n                \t\t\t\t\n\t\t\t\t\t\t\t\t\n\t\t\t\t\t\t\t\t\t\n\t\t\t\t\t<article class=\"featured-see-more\">\n                        <a href=\"https:\/\/www.visitcaerphilly.com\/cy\/rhestrau\/\">\n                            <div class=\"post-feed-feature-overlay-blank\"><\/div>\n\t\t\t\t\t\t\t<h3>Gweld y cyfan Busnesau Dan Sylw<\/h3>\n                        <\/a>\n                    <\/article>\n\t\t\t\t\t\t\t<\/div>\n\t\t<\/section>\n\t<\/div>\n\n\n","protected":false},"featured_media":16376,"template":"","meta":{"_acf_changed":true,"inline_featured_image":false,"_links_to":"","_links_to_target":""},"event_category":[981,960],"tc_location":[957,956],"class_list":["post-16377","events","type-events","status-publish","hentry","event_category-cerddoriaeth","event_category-perfformiadau-byw","tc_location-coed-duon","tc_location-sefydliad-y-glowyr-coed-duon"],"acf":[],"yoast_head":"<!-- This site is optimized with the Yoast SEO plugin v27.5 - https:\/\/yoast.com\/product\/yoast-seo-wordpress\/ -->\n<title>Digwyddiadau<\/title>\n<meta name=\"robots\" content=\"index, follow, max-snippet:-1, max-image-preview:large, max-video-preview:-1\" \/>\n<link rel=\"canonical\" href=\"https:\/\/www.visitcaerphilly.com\/cy\/digwyddiadau\/the-sound-of-music-youth-edition\/\" \/>\n<meta property=\"og:locale\" content=\"cy_GB\" \/>\n<meta property=\"og:type\" content=\"article\" \/>\n<meta property=\"og:title\" content=\"Digwyddiadau\" \/>\n<meta property=\"og:url\" content=\"https:\/\/www.visitcaerphilly.com\/cy\/digwyddiadau\/the-sound-of-music-youth-edition\/\" \/>\n<meta property=\"og:site_name\" content=\"Visit Caerphilly\" \/>\n<meta property=\"article:modified_time\" content=\"2026-03-13T14:52:29+00:00\" \/>\n<meta property=\"og:image\" content=\"https:\/\/www.visitcaerphilly.com\/wp-content\/uploads\/2026\/03\/The-Sound-of-Music-Youth-Edition-Blackwood-Miners-Institute.jpg\" \/>\n\t<meta property=\"og:image:width\" content=\"1422\" \/>\n\t<meta property=\"og:image:height\" content=\"504\" \/>\n\t<meta property=\"og:image:type\" content=\"image\/jpeg\" \/>\n<meta name=\"twitter:card\" content=\"summary_large_image\" \/>\n<meta name=\"twitter:label1\" content=\"Est. reading time\" \/>\n\t<meta name=\"twitter:data1\" content=\"1 minute\" \/>\n<script type=\"application\/ld+json\" class=\"yoast-schema-graph\">{\"@context\":\"https:\\\/\\\/schema.org\",\"@graph\":[{\"@type\":\"WebPage\",\"@id\":\"https:\\\/\\\/www.visitcaerphilly.com\\\/cy\\\/digwyddiadau\\\/the-sound-of-music-youth-edition\\\/\",\"url\":\"https:\\\/\\\/www.visitcaerphilly.com\\\/cy\\\/digwyddiadau\\\/the-sound-of-music-youth-edition\\\/\",\"name\":\"Digwyddiadau\",\"isPartOf\":{\"@id\":\"https:\\\/\\\/www.visitcaerphilly.com\\\/en\\\/#website\"},\"primaryImageOfPage\":{\"@id\":\"https:\\\/\\\/www.visitcaerphilly.com\\\/cy\\\/digwyddiadau\\\/the-sound-of-music-youth-edition\\\/#primaryimage\"},\"image\":{\"@id\":\"https:\\\/\\\/www.visitcaerphilly.com\\\/cy\\\/digwyddiadau\\\/the-sound-of-music-youth-edition\\\/#primaryimage\"},\"thumbnailUrl\":\"https:\\\/\\\/www.visitcaerphilly.com\\\/wp-content\\\/uploads\\\/2026\\\/03\\\/The-Sound-of-Music-Youth-Edition-Blackwood-Miners-Institute.jpg\",\"datePublished\":\"2026-03-13T14:49:13+00:00\",\"dateModified\":\"2026-03-13T14:52:29+00:00\",\"breadcrumb\":{\"@id\":\"https:\\\/\\\/www.visitcaerphilly.com\\\/cy\\\/digwyddiadau\\\/the-sound-of-music-youth-edition\\\/#breadcrumb\"},\"inLanguage\":\"cy-GB\",\"potentialAction\":[{\"@type\":\"ReadAction\",\"target\":[\"https:\\\/\\\/www.visitcaerphilly.com\\\/cy\\\/digwyddiadau\\\/the-sound-of-music-youth-edition\\\/\"]}]},{\"@type\":\"ImageObject\",\"inLanguage\":\"cy-GB\",\"@id\":\"https:\\\/\\\/www.visitcaerphilly.com\\\/cy\\\/digwyddiadau\\\/the-sound-of-music-youth-edition\\\/#primaryimage\",\"url\":\"https:\\\/\\\/www.visitcaerphilly.com\\\/wp-content\\\/uploads\\\/2026\\\/03\\\/The-Sound-of-Music-Youth-Edition-Blackwood-Miners-Institute.jpg\",\"contentUrl\":\"https:\\\/\\\/www.visitcaerphilly.com\\\/wp-content\\\/uploads\\\/2026\\\/03\\\/The-Sound-of-Music-Youth-Edition-Blackwood-Miners-Institute.jpg\",\"width\":1422,\"height\":504},{\"@type\":\"BreadcrumbList\",\"@id\":\"https:\\\/\\\/www.visitcaerphilly.com\\\/cy\\\/digwyddiadau\\\/the-sound-of-music-youth-edition\\\/#breadcrumb\",\"itemListElement\":[{\"@type\":\"ListItem\",\"position\":1,\"name\":\"Hafan\",\"item\":\"https:\\\/\\\/www.visitcaerphilly.com\\\/cy\\\/\"},{\"@type\":\"ListItem\",\"position\":2,\"name\":\"Events\",\"item\":\"https:\\\/\\\/www.visitcaerphilly.com\\\/en\\\/events\\\/\"},{\"@type\":\"ListItem\",\"position\":3,\"name\":\"Perfformiadau byw\",\"item\":\"https:\\\/\\\/www.visitcaerphilly.com\\\/cy\\\/categori-digwyddiad\\\/perfformiadau-byw\\\/\"},{\"@type\":\"ListItem\",\"position\":4,\"name\":\"The Sound of Music &#8211; Youth Edition\"}]},{\"@type\":\"WebSite\",\"@id\":\"https:\\\/\\\/www.visitcaerphilly.com\\\/en\\\/#website\",\"url\":\"https:\\\/\\\/www.visitcaerphilly.com\\\/en\\\/\",\"name\":\"Visit Caerphilly\",\"description\":\"Visit Caerphilly\",\"potentialAction\":[{\"@type\":\"SearchAction\",\"target\":{\"@type\":\"EntryPoint\",\"urlTemplate\":\"https:\\\/\\\/www.visitcaerphilly.com\\\/en\\\/?s={search_term_string}\"},\"query-input\":{\"@type\":\"PropertyValueSpecification\",\"valueRequired\":true,\"valueName\":\"search_term_string\"}}],\"inLanguage\":\"cy-GB\"}]}<\/script>\n<!-- \/ Yoast SEO plugin. -->","yoast_head_json":{"title":"Digwyddiadau","robots":{"index":"index","follow":"follow","max-snippet":"max-snippet:-1","max-image-preview":"max-image-preview:large","max-video-preview":"max-video-preview:-1"},"canonical":"https:\/\/www.visitcaerphilly.com\/cy\/digwyddiadau\/the-sound-of-music-youth-edition\/","og_locale":"cy_GB","og_type":"article","og_title":"Digwyddiadau","og_url":"https:\/\/www.visitcaerphilly.com\/cy\/digwyddiadau\/the-sound-of-music-youth-edition\/","og_site_name":"Visit Caerphilly","article_modified_time":"2026-03-13T14:52:29+00:00","og_image":[{"width":1422,"height":504,"url":"https:\/\/www.visitcaerphilly.com\/wp-content\/uploads\/2026\/03\/The-Sound-of-Music-Youth-Edition-Blackwood-Miners-Institute.jpg","type":"image\/jpeg"}],"twitter_card":"summary_large_image","twitter_misc":{"Est. reading time":"1 minute"},"schema":{"@context":"https:\/\/schema.org","@graph":[{"@type":"WebPage","@id":"https:\/\/www.visitcaerphilly.com\/cy\/digwyddiadau\/the-sound-of-music-youth-edition\/","url":"https:\/\/www.visitcaerphilly.com\/cy\/digwyddiadau\/the-sound-of-music-youth-edition\/","name":"Digwyddiadau","isPartOf":{"@id":"https:\/\/www.visitcaerphilly.com\/en\/#website"},"primaryImageOfPage":{"@id":"https:\/\/www.visitcaerphilly.com\/cy\/digwyddiadau\/the-sound-of-music-youth-edition\/#primaryimage"},"image":{"@id":"https:\/\/www.visitcaerphilly.com\/cy\/digwyddiadau\/the-sound-of-music-youth-edition\/#primaryimage"},"thumbnailUrl":"https:\/\/www.visitcaerphilly.com\/wp-content\/uploads\/2026\/03\/The-Sound-of-Music-Youth-Edition-Blackwood-Miners-Institute.jpg","datePublished":"2026-03-13T14:49:13+00:00","dateModified":"2026-03-13T14:52:29+00:00","breadcrumb":{"@id":"https:\/\/www.visitcaerphilly.com\/cy\/digwyddiadau\/the-sound-of-music-youth-edition\/#breadcrumb"},"inLanguage":"cy-GB","potentialAction":[{"@type":"ReadAction","target":["https:\/\/www.visitcaerphilly.com\/cy\/digwyddiadau\/the-sound-of-music-youth-edition\/"]}]},{"@type":"ImageObject","inLanguage":"cy-GB","@id":"https:\/\/www.visitcaerphilly.com\/cy\/digwyddiadau\/the-sound-of-music-youth-edition\/#primaryimage","url":"https:\/\/www.visitcaerphilly.com\/wp-content\/uploads\/2026\/03\/The-Sound-of-Music-Youth-Edition-Blackwood-Miners-Institute.jpg","contentUrl":"https:\/\/www.visitcaerphilly.com\/wp-content\/uploads\/2026\/03\/The-Sound-of-Music-Youth-Edition-Blackwood-Miners-Institute.jpg","width":1422,"height":504},{"@type":"BreadcrumbList","@id":"https:\/\/www.visitcaerphilly.com\/cy\/digwyddiadau\/the-sound-of-music-youth-edition\/#breadcrumb","itemListElement":[{"@type":"ListItem","position":1,"name":"Hafan","item":"https:\/\/www.visitcaerphilly.com\/cy\/"},{"@type":"ListItem","position":2,"name":"Events","item":"https:\/\/www.visitcaerphilly.com\/en\/events\/"},{"@type":"ListItem","position":3,"name":"Perfformiadau byw","item":"https:\/\/www.visitcaerphilly.com\/cy\/categori-digwyddiad\/perfformiadau-byw\/"},{"@type":"ListItem","position":4,"name":"The Sound of Music &#8211; Youth Edition"}]},{"@type":"WebSite","@id":"https:\/\/www.visitcaerphilly.com\/en\/#website","url":"https:\/\/www.visitcaerphilly.com\/en\/","name":"Visit Caerphilly","description":"Visit Caerphilly","potentialAction":[{"@type":"SearchAction","target":{"@type":"EntryPoint","urlTemplate":"https:\/\/www.visitcaerphilly.com\/en\/?s={search_term_string}"},"query-input":{"@type":"PropertyValueSpecification","valueRequired":true,"valueName":"search_term_string"}}],"inLanguage":"cy-GB"}]}},"_links":{"self":[{"href":"https:\/\/www.visitcaerphilly.com\/cy\/wp-json\/wp\/v2\/events\/16377","targetHints":{"allow":["GET"]}}],"collection":[{"href":"https:\/\/www.visitcaerphilly.com\/cy\/wp-json\/wp\/v2\/events"}],"about":[{"href":"https:\/\/www.visitcaerphilly.com\/cy\/wp-json\/wp\/v2\/types\/events"}],"wp:featuredmedia":[{"embeddable":true,"href":"https:\/\/www.visitcaerphilly.com\/cy\/wp-json\/wp\/v2\/media\/16376"}],"wp:attachment":[{"href":"https:\/\/www.visitcaerphilly.com\/cy\/wp-json\/wp\/v2\/media?parent=16377"}],"wp:term":[{"taxonomy":"event_category","embeddable":true,"href":"https:\/\/www.visitcaerphilly.com\/cy\/wp-json\/wp\/v2\/event_category?post=16377"},{"taxonomy":"tc_location","embeddable":true,"href":"https:\/\/www.visitcaerphilly.com\/cy\/wp-json\/wp\/v2\/tc_location?post=16377"}],"curies":[{"name":"wp","href":"https:\/\/api.w.org\/{rel}","templated":true}]}}